{"id":54,"date":"2023-05-08T10:32:54","date_gmt":"2023-05-08T08:32:54","guid":{"rendered":"https:\/\/www.osfs.eu\/salesianum-rosental\/?page_id=54"},"modified":"2024-01-17T22:41:09","modified_gmt":"2024-01-17T21:41:09","slug":"neuigkeiten","status":"publish","type":"page","link":"https:\/\/www.osfs.eu\/salesianum-rosental\/neuigkeiten\/","title":{"rendered":"Neuigkeiten"},"content":{"rendered":"\t\t<div data-elementor-type=\"wp-page\" data-elementor-id=\"54\" class=\"elementor elementor-54\" data-elementor-post-type=\"page\">\n\t\t\t\t<div class=\"elementor-element elementor-element-20cf1b7 e-flex e-con-boxed e-con e-parent\" data-id=\"20cf1b7\" data-element_type=\"container\" data-e-type=\"container\">\n\t\t\t\t\t<div class=\"e-con-inner\">\n\t\t<div class=\"elementor-element elementor-element-99d5e8b e-con-full e-flex e-con e-parent\" data-id=\"99d5e8b\" data-element_type=\"container\" data-e-type=\"container\">\n\t\t\t\t<div class=\"elementor-element elementor-element-03f9302 elementor-grid-1 elementor-grid-tablet-2 elementor-grid-mobile-1 elementor-widget elementor-widget-loop-grid\" data-id=\"03f9302\" data-element_type=\"widget\" data-e-type=\"widget\" data-settings=\"{&quot;template_id&quot;:&quot;139&quot;,&quot;columns&quot;:&quot;1&quot;,&quot;alternate_template&quot;:&quot;yes&quot;,&quot;_skin&quot;:&quot;post&quot;,&quot;columns_tablet&quot;:&quot;2&quot;,&quot;columns_mobile&quot;:&quot;1&quot;,&quot;edit_handle_selector&quot;:&quot;[data-elementor-type=\\&quot;loop-item\\&quot;]&quot;,&quot;row_gap&quot;:{&quot;unit&quot;:&quot;px&quot;,&quot;size&quot;:&quot;&quot;,&quot;sizes&quot;:[]},&quot;row_gap_tablet&quot;:{&quot;unit&quot;:&quot;px&quot;,&quot;size&quot;:&quot;&quot;,&quot;sizes&quot;:[]},&quot;row_gap_mobile&quot;:{&quot;unit&quot;:&quot;px&quot;,&quot;size&quot;:&quot;&quot;,&quot;sizes&quot;:[]}}\" data-widget_type=\"loop-grid.post\">\n\t\t\t\t<div class=\"elementor-widget-container\">\n\t\t\t\t\t\t\t<div class=\"elementor-loop-container elementor-grid\" role=\"list\">\n\t\t<style id=\"loop-139\">.elementor-139 .elementor-element.elementor-element-be2252f{--display:flex;--gap:7px 7px;--row-gap:7px;--column-gap:7px;--padding-top:0px;--padding-bottom:0px;--padding-left:0px;--padding-right:0px;}.elementor-139 .elementor-element.elementor-element-9751562 img{border-style:solid;border-width:1px 1px 1px 1px;border-color:var( --e-global-color-text );}.elementor-139 .elementor-element.elementor-element-9751562 > .elementor-widget-container{margin:0px 0px 0px 0px;padding:8px 8px 8px 8px;border-style:solid;border-width:1px 1px 1px 1px;border-color:#E1E1E1;border-radius:0px 0px 0px 0px;}.elementor-139 .elementor-element.elementor-element-9751562.elementor-element{--align-self:flex-start;}.elementor-139 .elementor-element.elementor-element-95bd519 .elementor-icon-list-icon{width:14px;}.elementor-139 .elementor-element.elementor-element-95bd519 .elementor-icon-list-icon i{font-size:14px;}.elementor-139 .elementor-element.elementor-element-95bd519 .elementor-icon-list-icon svg{--e-icon-list-icon-size:14px;}.elementor-139 .elementor-element.elementor-element-95bd519 .elementor-icon-list-text, .elementor-139 .elementor-element.elementor-element-95bd519 .elementor-icon-list-text a{color:#A3A3A3;}.elementor-139 .elementor-element.elementor-element-95bd519 .elementor-icon-list-item{font-size:var( --e-global-typography-a2bb420-font-size );font-weight:var( --e-global-typography-a2bb420-font-weight );text-transform:var( --e-global-typography-a2bb420-text-transform );line-height:var( --e-global-typography-a2bb420-line-height );letter-spacing:var( --e-global-typography-a2bb420-letter-spacing );word-spacing:var( --e-global-typography-a2bb420-word-spacing );}.elementor-139 .elementor-element.elementor-element-250ce02 .elementor-heading-title{font-family:\"Arial\", Sans-serif;font-size:0.87rem;font-weight:600;color:#555555;}.elementor-139 .elementor-element.elementor-element-b719ef9 .elementor-widget-container{font-family:\"Arial\", Sans-serif;font-size:0.81rem;color:#555555;}@media(max-width:1024px){.elementor-139 .elementor-element.elementor-element-95bd519 .elementor-icon-list-item{font-size:var( --e-global-typography-a2bb420-font-size );line-height:var( --e-global-typography-a2bb420-line-height );letter-spacing:var( --e-global-typography-a2bb420-letter-spacing );word-spacing:var( --e-global-typography-a2bb420-word-spacing );}}@media(max-width:767px){.elementor-139 .elementor-element.elementor-element-95bd519 .elementor-icon-list-item{font-size:var( --e-global-typography-a2bb420-font-size );line-height:var( --e-global-typography-a2bb420-line-height );letter-spacing:var( --e-global-typography-a2bb420-letter-spacing );word-spacing:var( --e-global-typography-a2bb420-word-spacing );}}<\/style>\t\t<div data-elementor-type=\"loop-item\" data-elementor-id=\"139\" class=\"elementor elementor-139 e-loop-item e-loop-item-2344 post-2344 post type-post status-publish format-standard has-post-thumbnail hentry category-allgemein\" data-elementor-post-type=\"elementor_library\" data-custom-edit-handle=\"1\">\n\t\t\t<a class=\"elementor-element elementor-element-be2252f e-flex e-con-boxed e-con e-parent\" data-id=\"be2252f\" data-element_type=\"container\" data-e-type=\"container\" href=\"https:\/\/www.osfs.eu\/salesianum-rosental\/osternacht-im-salesianum\/\">\n\t\t\t\t\t<div class=\"e-con-inner\">\n\t\t\t\t<div class=\"elementor-element elementor-element-9751562 elementor-widget elementor-widget-theme-post-featured-image elementor-widget-image\" data-id=\"9751562\" data-element_type=\"widget\" data-e-type=\"widget\" data-widget_type=\"theme-post-featured-image.default\">\n\t\t\t\t<div class=\"elementor-widget-container\">\n\t\t\t\t\t\t\t\t\t\t\t\t\t\t\t<img fetchpriority=\"high\" decoding=\"async\" width=\"2016\" height=\"1134\" src=\"https:\/\/www.osfs.eu\/salesianum-rosental\/wp-content\/uploads\/sites\/8\/2026\/04\/rosental_osternacht_2026-04-04_04.jpeg\" class=\"attachment-full size-full wp-image-2348\" alt=\"\" srcset=\"https:\/\/www.osfs.eu\/salesianum-rosental\/wp-content\/uploads\/sites\/8\/2026\/04\/rosental_osternacht_2026-04-04_04.jpeg 2016w, https:\/\/www.osfs.eu\/salesianum-rosental\/wp-content\/uploads\/sites\/8\/2026\/04\/rosental_osternacht_2026-04-04_04-300x169.jpeg 300w, https:\/\/www.osfs.eu\/salesianum-rosental\/wp-content\/uploads\/sites\/8\/2026\/04\/rosental_osternacht_2026-04-04_04-1024x576.jpeg 1024w, https:\/\/www.osfs.eu\/salesianum-rosental\/wp-content\/uploads\/sites\/8\/2026\/04\/rosental_osternacht_2026-04-04_04-768x432.jpeg 768w, https:\/\/www.osfs.eu\/salesianum-rosental\/wp-content\/uploads\/sites\/8\/2026\/04\/rosental_osternacht_2026-04-04_04-1536x864.jpeg 1536w\" sizes=\"(max-width: 2016px) 100vw, 2016px\" \/>\t\t\t\t\t\t\t\t\t\t\t\t\t\t\t<\/div>\n\t\t\t\t<\/div>\n\t\t\t\t<div data-dce-text-color=\"#A3A3A3\" class=\"elementor-element elementor-element-95bd519 elementor-widget elementor-widget-post-info\" data-id=\"95bd519\" data-element_type=\"widget\" data-e-type=\"widget\" data-widget_type=\"post-info.default\">\n\t\t\t\t<div class=\"elementor-widget-container\">\n\t\t\t\t\t\t\t<ul class=\"elementor-inline-items elementor-icon-list-items elementor-post-info\">\n\t\t\t\t\t\t\t\t<li class=\"elementor-icon-list-item elementor-repeater-item-3f53913 elementor-inline-item\" itemprop=\"datePublished\">\n\t\t\t\t\t\t\t\t\t\t\t\t\t<span class=\"elementor-icon-list-text elementor-post-info__item elementor-post-info__item--type-date\">\n\t\t\t\t\t\t\t\t\t\t<time>April 4, 2026<\/time>\t\t\t\t\t<\/span>\n\t\t\t\t\t\t\t\t<\/li>\n\t\t\t\t<\/ul>\n\t\t\t\t\t\t<\/div>\n\t\t\t\t<\/div>\n\t\t\t\t<div data-dce-title-color=\"#555555\" class=\"elementor-element elementor-element-250ce02 elementor-widget elementor-widget-theme-post-title elementor-page-title elementor-widget-heading\" data-id=\"250ce02\" data-element_type=\"widget\" data-e-type=\"widget\" data-widget_type=\"theme-post-title.default\">\n\t\t\t\t<div class=\"elementor-widget-container\">\n\t\t\t\t\t<h3 class=\"elementor-heading-title elementor-size-default\">Osternacht im Salesianum<\/h3>\t\t\t\t<\/div>\n\t\t\t\t<\/div>\n\t\t\t\t<div data-dce-title-color=\"#555555\" class=\"elementor-element elementor-element-b719ef9 elementor-widget elementor-widget-theme-post-excerpt\" data-id=\"b719ef9\" data-element_type=\"widget\" data-e-type=\"widget\" data-widget_type=\"theme-post-excerpt.default\">\n\t\t\t\t<div class=\"elementor-widget-container\">\n\t\t\t\t\tDie feierliche Osternacht im Salesianum wurde am 4. April 2026 von der Gruppe \"Cantabile\" musikalisch gestaltet. Zelebrant war Pater Josef Prinz OSFS.\t\t\t\t<\/div>\n\t\t\t\t<\/div>\n\t\t\t\t\t<\/div>\n\t\t\t\t<\/a>\n\t\t\t\t<\/div>\n\t\t\t\t<\/div>\n\t\t\n\t\t\t\t\t\t<\/div>\n\t\t\t\t<\/div>\n\t\t\t\t<\/div>\n\t\t\t\t\t<\/div>\n\t\t\t\t<\/div>\n\t\t<div class=\"elementor-element elementor-element-a61991e e-flex e-con-boxed e-con e-parent\" data-id=\"a61991e\" data-element_type=\"container\" data-e-type=\"container\">\n\t\t\t\t\t<div class=\"e-con-inner\">\n\t\t\t\t<div class=\"elementor-element elementor-element-fd611ff elementor-grid-3 elementor-grid-tablet-2 elementor-grid-mobile-1 elementor-widget elementor-widget-loop-grid\" data-id=\"fd611ff\" data-element_type=\"widget\" data-e-type=\"widget\" data-settings=\"{&quot;template_id&quot;:&quot;693&quot;,&quot;pagination_type&quot;:&quot;load_more_infinite_scroll&quot;,&quot;_skin&quot;:&quot;post&quot;,&quot;columns&quot;:&quot;3&quot;,&quot;columns_tablet&quot;:&quot;2&quot;,&quot;columns_mobile&quot;:&quot;1&quot;,&quot;edit_handle_selector&quot;:&quot;[data-elementor-type=\\&quot;loop-item\\&quot;]&quot;,&quot;load_more_spinner&quot;:{&quot;value&quot;:&quot;fas fa-spinner&quot;,&quot;library&quot;:&quot;fa-solid&quot;},&quot;row_gap&quot;:{&quot;unit&quot;:&quot;px&quot;,&quot;size&quot;:&quot;&quot;,&quot;sizes&quot;:[]},&quot;row_gap_tablet&quot;:{&quot;unit&quot;:&quot;px&quot;,&quot;size&quot;:&quot;&quot;,&quot;sizes&quot;:[]},&quot;row_gap_mobile&quot;:{&quot;unit&quot;:&quot;px&quot;,&quot;size&quot;:&quot;&quot;,&quot;sizes&quot;:[]}}\" data-widget_type=\"loop-grid.post\">\n\t\t\t\t<div class=\"elementor-widget-container\">\n\t\t\t\t\t\t\t<div class=\"elementor-loop-container elementor-grid\" role=\"list\">\n\t\t<style id=\"loop-693\">.elementor-693 .elementor-element.elementor-element-79d8d6d{--display:flex;--min-height:0px;--gap:7px 7px;--row-gap:7px;--column-gap:7px;--padding-top:0px;--padding-bottom:0px;--padding-left:0px;--padding-right:0px;--e-con-transform-transition-duration:300ms;}.elementor-693 .elementor-element.elementor-element-79d8d6d.e-con:hover{--e-con-transform-translateY:-5px;}.elementor-693 .elementor-element.elementor-element-c5cdfba img{border-style:solid;border-width:1px 1px 1px 1px;border-color:var( --e-global-color-text );}.elementor-693 .elementor-element.elementor-element-c5cdfba > .elementor-widget-container{margin:0px 0px 0px 0px;padding:8px 8px 8px 8px;border-style:solid;border-width:1px 1px 1px 1px;border-color:#E1E1E1;border-radius:0px 0px 0px 0px;}.elementor-693 .elementor-element.elementor-element-c5cdfba.elementor-element{--align-self:flex-start;}.elementor-693 .elementor-element.elementor-element-906bdc5 .elementor-icon-list-icon{width:14px;}.elementor-693 .elementor-element.elementor-element-906bdc5 .elementor-icon-list-icon i{font-size:14px;}.elementor-693 .elementor-element.elementor-element-906bdc5 .elementor-icon-list-icon svg{--e-icon-list-icon-size:14px;}.elementor-693 .elementor-element.elementor-element-906bdc5 .elementor-icon-list-text, .elementor-693 .elementor-element.elementor-element-906bdc5 .elementor-icon-list-text a{color:#A3A3A3;}.elementor-693 .elementor-element.elementor-element-906bdc5 .elementor-icon-list-item{font-size:var( --e-global-typography-a2bb420-font-size );font-weight:var( --e-global-typography-a2bb420-font-weight );text-transform:var( --e-global-typography-a2bb420-text-transform );line-height:var( --e-global-typography-a2bb420-line-height );letter-spacing:var( --e-global-typography-a2bb420-letter-spacing );word-spacing:var( --e-global-typography-a2bb420-word-spacing );}.elementor-693 .elementor-element.elementor-element-be7483d .elementor-heading-title{font-family:\"Arial\", Sans-serif;font-size:0.87rem;font-weight:600;color:#555555;}.elementor-693 .elementor-element.elementor-element-4e6252c .elementor-widget-container{font-family:\"Arial\", Sans-serif;font-size:13px;color:#555555;}.elementor-693 .elementor-element.elementor-element-9a25a56{font-size:0.81rem;font-weight:400;}.elementor-693 .elementor-element.elementor-element-02fd939{font-size:0.81rem;font-weight:400;}@media(max-width:1024px){.elementor-693 .elementor-element.elementor-element-906bdc5 .elementor-icon-list-item{font-size:var( --e-global-typography-a2bb420-font-size );line-height:var( --e-global-typography-a2bb420-line-height );letter-spacing:var( --e-global-typography-a2bb420-letter-spacing );word-spacing:var( --e-global-typography-a2bb420-word-spacing );}}@media(max-width:767px){.elementor-693 .elementor-element.elementor-element-906bdc5 .elementor-icon-list-item{font-size:var( --e-global-typography-a2bb420-font-size );line-height:var( --e-global-typography-a2bb420-line-height );letter-spacing:var( --e-global-typography-a2bb420-letter-spacing );word-spacing:var( --e-global-typography-a2bb420-word-spacing );}}<\/style>\t\t<div data-elementor-type=\"loop-item\" data-elementor-id=\"693\" class=\"elementor elementor-693 e-loop-item e-loop-item-2316 post-2316 post type-post status-publish format-standard has-post-thumbnail hentry category-allgemein\" data-elementor-post-type=\"elementor_library\" data-custom-edit-handle=\"1\">\n\t\t\t<a class=\"elementor-element elementor-element-79d8d6d e-transform e-flex e-con-boxed elementor-invisible e-con e-parent\" data-id=\"79d8d6d\" data-element_type=\"container\" data-e-type=\"container\" data-settings=\"{&quot;animation&quot;:&quot;fadeIn&quot;,&quot;_transform_translateY_effect_hover&quot;:{&quot;unit&quot;:&quot;px&quot;,&quot;size&quot;:&quot;-5&quot;,&quot;sizes&quot;:[]},&quot;_transform_translateX_effect_hover&quot;:{&quot;unit&quot;:&quot;px&quot;,&quot;size&quot;:&quot;&quot;,&quot;sizes&quot;:[]},&quot;_transform_translateX_effect_hover_tablet&quot;:{&quot;unit&quot;:&quot;px&quot;,&quot;size&quot;:&quot;&quot;,&quot;sizes&quot;:[]},&quot;_transform_translateX_effect_hover_mobile&quot;:{&quot;unit&quot;:&quot;px&quot;,&quot;size&quot;:&quot;&quot;,&quot;sizes&quot;:[]},&quot;_transform_translateY_effect_hover_tablet&quot;:{&quot;unit&quot;:&quot;px&quot;,&quot;size&quot;:&quot;&quot;,&quot;sizes&quot;:[]},&quot;_transform_translateY_effect_hover_mobile&quot;:{&quot;unit&quot;:&quot;px&quot;,&quot;size&quot;:&quot;&quot;,&quot;sizes&quot;:[]}}\" href=\"https:\/\/www.osfs.eu\/salesianum-rosental\/beerdigung-von-p-reinhold-schmitt-osfs\/\">\n\t\t\t\t\t<div class=\"e-con-inner\">\n\t\t\t\t<div class=\"elementor-element elementor-element-c5cdfba elementor-widget elementor-widget-theme-post-featured-image elementor-widget-image\" data-id=\"c5cdfba\" data-element_type=\"widget\" data-e-type=\"widget\" data-widget_type=\"theme-post-featured-image.default\">\n\t\t\t\t<div class=\"elementor-widget-container\">\n\t\t\t\t\t\t\t\t\t\t\t\t\t\t\t<img decoding=\"async\" width=\"1600\" height=\"899\" src=\"https:\/\/www.osfs.eu\/salesianum-rosental\/wp-content\/uploads\/sites\/8\/2026\/02\/rosental_beerdigung-p-reinhold-schmitt_2026-02-05_31.jpeg\" class=\"attachment-2048x2048 size-2048x2048 wp-image-2330\" alt=\"\" srcset=\"https:\/\/www.osfs.eu\/salesianum-rosental\/wp-content\/uploads\/sites\/8\/2026\/02\/rosental_beerdigung-p-reinhold-schmitt_2026-02-05_31.jpeg 1600w, https:\/\/www.osfs.eu\/salesianum-rosental\/wp-content\/uploads\/sites\/8\/2026\/02\/rosental_beerdigung-p-reinhold-schmitt_2026-02-05_31-300x169.jpeg 300w, https:\/\/www.osfs.eu\/salesianum-rosental\/wp-content\/uploads\/sites\/8\/2026\/02\/rosental_beerdigung-p-reinhold-schmitt_2026-02-05_31-1024x575.jpeg 1024w, https:\/\/www.osfs.eu\/salesianum-rosental\/wp-content\/uploads\/sites\/8\/2026\/02\/rosental_beerdigung-p-reinhold-schmitt_2026-02-05_31-768x432.jpeg 768w, https:\/\/www.osfs.eu\/salesianum-rosental\/wp-content\/uploads\/sites\/8\/2026\/02\/rosental_beerdigung-p-reinhold-schmitt_2026-02-05_31-1536x863.jpeg 1536w\" sizes=\"(max-width: 1600px) 100vw, 1600px\" \/>\t\t\t\t\t\t\t\t\t\t\t\t\t\t\t<\/div>\n\t\t\t\t<\/div>\n\t\t\t\t<div data-dce-text-color=\"#A3A3A3\" class=\"elementor-element elementor-element-906bdc5 elementor-widget elementor-widget-post-info\" data-id=\"906bdc5\" data-element_type=\"widget\" data-e-type=\"widget\" data-widget_type=\"post-info.default\">\n\t\t\t\t<div class=\"elementor-widget-container\">\n\t\t\t\t\t\t\t<ul class=\"elementor-inline-items elementor-icon-list-items elementor-post-info\">\n\t\t\t\t\t\t\t\t<li class=\"elementor-icon-list-item elementor-repeater-item-3f53913 elementor-inline-item\" itemprop=\"datePublished\">\n\t\t\t\t\t\t\t\t\t\t\t\t\t<span class=\"elementor-icon-list-text elementor-post-info__item elementor-post-info__item--type-date\">\n\t\t\t\t\t\t\t\t\t\t<time>Februar 5, 2026<\/time>\t\t\t\t\t<\/span>\n\t\t\t\t\t\t\t\t<\/li>\n\t\t\t\t<\/ul>\n\t\t\t\t\t\t<\/div>\n\t\t\t\t<\/div>\n\t\t\t\t<div data-dce-title-color=\"#555555\" class=\"elementor-element elementor-element-be7483d elementor-widget elementor-widget-theme-post-title elementor-page-title elementor-widget-heading\" data-id=\"be7483d\" data-element_type=\"widget\" data-e-type=\"widget\" data-widget_type=\"theme-post-title.default\">\n\t\t\t\t<div class=\"elementor-widget-container\">\n\t\t\t\t\t<h3 class=\"elementor-heading-title elementor-size-default\">Beerdigung von P. Reinhold Schmitt OSFS<\/h3>\t\t\t\t<\/div>\n\t\t\t\t<\/div>\n\t\t\t\t<div data-dce-title-color=\"#555555\" class=\"elementor-element elementor-element-4e6252c elementor-widget elementor-widget-theme-post-excerpt\" data-id=\"4e6252c\" data-element_type=\"widget\" data-e-type=\"widget\" data-widget_type=\"theme-post-excerpt.default\">\n\t\t\t\t<div class=\"elementor-widget-container\">\n\t\t\t\t\tAm Donnerstag, 22. Januar 2026, verstarb unser Mitbruder Pater Reinhold Schmitt. Die Beerdigung fand am Donnerstag, 5. Februar 2026 statt.\t\t\t\t<\/div>\n\t\t\t\t<\/div>\n\t\t\t\t\t<\/div>\n\t\t\t\t<\/a>\n\t\t\t\t<\/div>\n\t\t\t\t<div data-elementor-type=\"loop-item\" data-elementor-id=\"693\" class=\"elementor elementor-693 e-loop-item e-loop-item-2287 post-2287 post type-post status-publish format-standard has-post-thumbnail hentry category-allgemein\" data-elementor-post-type=\"elementor_library\" data-custom-edit-handle=\"1\">\n\t\t\t<a class=\"elementor-element elementor-element-79d8d6d e-transform e-flex e-con-boxed elementor-invisible e-con e-parent\" data-id=\"79d8d6d\" data-element_type=\"container\" data-e-type=\"container\" data-settings=\"{&quot;animation&quot;:&quot;fadeIn&quot;,&quot;_transform_translateY_effect_hover&quot;:{&quot;unit&quot;:&quot;px&quot;,&quot;size&quot;:&quot;-5&quot;,&quot;sizes&quot;:[]},&quot;_transform_translateX_effect_hover&quot;:{&quot;unit&quot;:&quot;px&quot;,&quot;size&quot;:&quot;&quot;,&quot;sizes&quot;:[]},&quot;_transform_translateX_effect_hover_tablet&quot;:{&quot;unit&quot;:&quot;px&quot;,&quot;size&quot;:&quot;&quot;,&quot;sizes&quot;:[]},&quot;_transform_translateX_effect_hover_mobile&quot;:{&quot;unit&quot;:&quot;px&quot;,&quot;size&quot;:&quot;&quot;,&quot;sizes&quot;:[]},&quot;_transform_translateY_effect_hover_tablet&quot;:{&quot;unit&quot;:&quot;px&quot;,&quot;size&quot;:&quot;&quot;,&quot;sizes&quot;:[]},&quot;_transform_translateY_effect_hover_mobile&quot;:{&quot;unit&quot;:&quot;px&quot;,&quot;size&quot;:&quot;&quot;,&quot;sizes&quot;:[]}}\" href=\"https:\/\/www.osfs.eu\/salesianum-rosental\/fest-des-heiligen-franz-von-sales\/\">\n\t\t\t\t\t<div class=\"e-con-inner\">\n\t\t\t\t<div class=\"elementor-element elementor-element-c5cdfba elementor-widget elementor-widget-theme-post-featured-image elementor-widget-image\" data-id=\"c5cdfba\" data-element_type=\"widget\" data-e-type=\"widget\" data-widget_type=\"theme-post-featured-image.default\">\n\t\t\t\t<div class=\"elementor-widget-container\">\n\t\t\t\t\t\t\t\t\t\t\t\t\t\t\t<img decoding=\"async\" width=\"1600\" height=\"899\" src=\"https:\/\/www.osfs.eu\/salesianum-rosental\/wp-content\/uploads\/sites\/8\/2026\/01\/rosental_franzvonsalesfest_2026-01-25_10.jpeg\" class=\"attachment-2048x2048 size-2048x2048 wp-image-2298\" alt=\"\" srcset=\"https:\/\/www.osfs.eu\/salesianum-rosental\/wp-content\/uploads\/sites\/8\/2026\/01\/rosental_franzvonsalesfest_2026-01-25_10.jpeg 1600w, https:\/\/www.osfs.eu\/salesianum-rosental\/wp-content\/uploads\/sites\/8\/2026\/01\/rosental_franzvonsalesfest_2026-01-25_10-300x169.jpeg 300w, https:\/\/www.osfs.eu\/salesianum-rosental\/wp-content\/uploads\/sites\/8\/2026\/01\/rosental_franzvonsalesfest_2026-01-25_10-1024x575.jpeg 1024w, https:\/\/www.osfs.eu\/salesianum-rosental\/wp-content\/uploads\/sites\/8\/2026\/01\/rosental_franzvonsalesfest_2026-01-25_10-768x432.jpeg 768w, https:\/\/www.osfs.eu\/salesianum-rosental\/wp-content\/uploads\/sites\/8\/2026\/01\/rosental_franzvonsalesfest_2026-01-25_10-1536x863.jpeg 1536w\" sizes=\"(max-width: 1600px) 100vw, 1600px\" \/>\t\t\t\t\t\t\t\t\t\t\t\t\t\t\t<\/div>\n\t\t\t\t<\/div>\n\t\t\t\t<div data-dce-text-color=\"#A3A3A3\" class=\"elementor-element elementor-element-906bdc5 elementor-widget elementor-widget-post-info\" data-id=\"906bdc5\" data-element_type=\"widget\" data-e-type=\"widget\" data-widget_type=\"post-info.default\">\n\t\t\t\t<div class=\"elementor-widget-container\">\n\t\t\t\t\t\t\t<ul class=\"elementor-inline-items elementor-icon-list-items elementor-post-info\">\n\t\t\t\t\t\t\t\t<li class=\"elementor-icon-list-item elementor-repeater-item-3f53913 elementor-inline-item\" itemprop=\"datePublished\">\n\t\t\t\t\t\t\t\t\t\t\t\t\t<span class=\"elementor-icon-list-text elementor-post-info__item elementor-post-info__item--type-date\">\n\t\t\t\t\t\t\t\t\t\t<time>Januar 25, 2026<\/time>\t\t\t\t\t<\/span>\n\t\t\t\t\t\t\t\t<\/li>\n\t\t\t\t<\/ul>\n\t\t\t\t\t\t<\/div>\n\t\t\t\t<\/div>\n\t\t\t\t<div data-dce-title-color=\"#555555\" class=\"elementor-element elementor-element-be7483d elementor-widget elementor-widget-theme-post-title elementor-page-title elementor-widget-heading\" data-id=\"be7483d\" data-element_type=\"widget\" data-e-type=\"widget\" data-widget_type=\"theme-post-title.default\">\n\t\t\t\t<div class=\"elementor-widget-container\">\n\t\t\t\t\t<h3 class=\"elementor-heading-title elementor-size-default\">Fest des heiligen Franz von Sales<\/h3>\t\t\t\t<\/div>\n\t\t\t\t<\/div>\n\t\t\t\t<div data-dce-title-color=\"#555555\" class=\"elementor-element elementor-element-4e6252c elementor-widget elementor-widget-theme-post-excerpt\" data-id=\"4e6252c\" data-element_type=\"widget\" data-e-type=\"widget\" data-widget_type=\"theme-post-excerpt.default\">\n\t\t\t\t<div class=\"elementor-widget-container\">\n\t\t\t\t\tAm Sonntag, 25. Januar 2026, wurde im Salesianum das Fest des Ordenspatrons Franz von Sales mit Domkapitular Michael Harrer und dem Chor Mittendrin gefeiert.\t\t\t\t<\/div>\n\t\t\t\t<\/div>\n\t\t\t\t\t<\/div>\n\t\t\t\t<\/a>\n\t\t\t\t<\/div>\n\t\t\t\t<div data-elementor-type=\"loop-item\" data-elementor-id=\"693\" class=\"elementor elementor-693 e-loop-item e-loop-item-2260 post-2260 post type-post status-publish format-standard has-post-thumbnail hentry category-allgemein\" data-elementor-post-type=\"elementor_library\" data-custom-edit-handle=\"1\">\n\t\t\t<a class=\"elementor-element elementor-element-79d8d6d e-transform e-flex e-con-boxed elementor-invisible e-con e-parent\" data-id=\"79d8d6d\" data-element_type=\"container\" data-e-type=\"container\" data-settings=\"{&quot;animation&quot;:&quot;fadeIn&quot;,&quot;_transform_translateY_effect_hover&quot;:{&quot;unit&quot;:&quot;px&quot;,&quot;size&quot;:&quot;-5&quot;,&quot;sizes&quot;:[]},&quot;_transform_translateX_effect_hover&quot;:{&quot;unit&quot;:&quot;px&quot;,&quot;size&quot;:&quot;&quot;,&quot;sizes&quot;:[]},&quot;_transform_translateX_effect_hover_tablet&quot;:{&quot;unit&quot;:&quot;px&quot;,&quot;size&quot;:&quot;&quot;,&quot;sizes&quot;:[]},&quot;_transform_translateX_effect_hover_mobile&quot;:{&quot;unit&quot;:&quot;px&quot;,&quot;size&quot;:&quot;&quot;,&quot;sizes&quot;:[]},&quot;_transform_translateY_effect_hover_tablet&quot;:{&quot;unit&quot;:&quot;px&quot;,&quot;size&quot;:&quot;&quot;,&quot;sizes&quot;:[]},&quot;_transform_translateY_effect_hover_mobile&quot;:{&quot;unit&quot;:&quot;px&quot;,&quot;size&quot;:&quot;&quot;,&quot;sizes&quot;:[]}}\" href=\"https:\/\/www.osfs.eu\/salesianum-rosental\/sternsingerinnen-und-cantabile\/\">\n\t\t\t\t\t<div class=\"e-con-inner\">\n\t\t\t\t<div class=\"elementor-element elementor-element-c5cdfba elementor-widget elementor-widget-theme-post-featured-image elementor-widget-image\" data-id=\"c5cdfba\" data-element_type=\"widget\" data-e-type=\"widget\" data-widget_type=\"theme-post-featured-image.default\">\n\t\t\t\t<div class=\"elementor-widget-container\">\n\t\t\t\t\t\t\t\t\t\t\t\t\t\t\t<img loading=\"lazy\" decoding=\"async\" width=\"1600\" height=\"900\" src=\"https:\/\/www.osfs.eu\/salesianum-rosental\/wp-content\/uploads\/sites\/8\/2026\/01\/rosental_sternsingermesse_2026-01-06_16.jpeg\" class=\"attachment-2048x2048 size-2048x2048 wp-image-2276\" alt=\"\" srcset=\"https:\/\/www.osfs.eu\/salesianum-rosental\/wp-content\/uploads\/sites\/8\/2026\/01\/rosental_sternsingermesse_2026-01-06_16.jpeg 1600w, https:\/\/www.osfs.eu\/salesianum-rosental\/wp-content\/uploads\/sites\/8\/2026\/01\/rosental_sternsingermesse_2026-01-06_16-300x169.jpeg 300w, https:\/\/www.osfs.eu\/salesianum-rosental\/wp-content\/uploads\/sites\/8\/2026\/01\/rosental_sternsingermesse_2026-01-06_16-1024x576.jpeg 1024w, https:\/\/www.osfs.eu\/salesianum-rosental\/wp-content\/uploads\/sites\/8\/2026\/01\/rosental_sternsingermesse_2026-01-06_16-768x432.jpeg 768w, https:\/\/www.osfs.eu\/salesianum-rosental\/wp-content\/uploads\/sites\/8\/2026\/01\/rosental_sternsingermesse_2026-01-06_16-1536x864.jpeg 1536w\" sizes=\"(max-width: 1600px) 100vw, 1600px\" \/>\t\t\t\t\t\t\t\t\t\t\t\t\t\t\t<\/div>\n\t\t\t\t<\/div>\n\t\t\t\t<div data-dce-text-color=\"#A3A3A3\" class=\"elementor-element elementor-element-906bdc5 elementor-widget elementor-widget-post-info\" data-id=\"906bdc5\" data-element_type=\"widget\" data-e-type=\"widget\" data-widget_type=\"post-info.default\">\n\t\t\t\t<div class=\"elementor-widget-container\">\n\t\t\t\t\t\t\t<ul class=\"elementor-inline-items elementor-icon-list-items elementor-post-info\">\n\t\t\t\t\t\t\t\t<li class=\"elementor-icon-list-item elementor-repeater-item-3f53913 elementor-inline-item\" itemprop=\"datePublished\">\n\t\t\t\t\t\t\t\t\t\t\t\t\t<span class=\"elementor-icon-list-text elementor-post-info__item elementor-post-info__item--type-date\">\n\t\t\t\t\t\t\t\t\t\t<time>Januar 6, 2026<\/time>\t\t\t\t\t<\/span>\n\t\t\t\t\t\t\t\t<\/li>\n\t\t\t\t<\/ul>\n\t\t\t\t\t\t<\/div>\n\t\t\t\t<\/div>\n\t\t\t\t<div data-dce-title-color=\"#555555\" class=\"elementor-element elementor-element-be7483d elementor-widget elementor-widget-theme-post-title elementor-page-title elementor-widget-heading\" data-id=\"be7483d\" data-element_type=\"widget\" data-e-type=\"widget\" data-widget_type=\"theme-post-title.default\">\n\t\t\t\t<div class=\"elementor-widget-container\">\n\t\t\t\t\t<h3 class=\"elementor-heading-title elementor-size-default\">Sternsinger:innen und Cantabile<\/h3>\t\t\t\t<\/div>\n\t\t\t\t<\/div>\n\t\t\t\t<div data-dce-title-color=\"#555555\" class=\"elementor-element elementor-element-4e6252c elementor-widget elementor-widget-theme-post-excerpt\" data-id=\"4e6252c\" data-element_type=\"widget\" data-e-type=\"widget\" data-widget_type=\"theme-post-excerpt.default\">\n\t\t\t\t<div class=\"elementor-widget-container\">\n\t\t\t\t\tDie Heilige Messe am Fest Erscheinung des Herrn, Dienstag, 6. Januar 2026, stand ganz im Zeichen der Sternsinger:innen. Die musikalische Gestaltung \u00fcbernahm die Gruppe Cantabile.\t\t\t\t<\/div>\n\t\t\t\t<\/div>\n\t\t\t\t\t<\/div>\n\t\t\t\t<\/a>\n\t\t\t\t<\/div>\n\t\t\t\t<div data-elementor-type=\"loop-item\" data-elementor-id=\"693\" class=\"elementor elementor-693 e-loop-item e-loop-item-2249 post-2249 post type-post status-publish format-standard has-post-thumbnail hentry category-allgemein\" data-elementor-post-type=\"elementor_library\" data-custom-edit-handle=\"1\">\n\t\t\t<a class=\"elementor-element elementor-element-79d8d6d e-transform e-flex e-con-boxed elementor-invisible e-con e-parent\" data-id=\"79d8d6d\" data-element_type=\"container\" data-e-type=\"container\" data-settings=\"{&quot;animation&quot;:&quot;fadeIn&quot;,&quot;_transform_translateY_effect_hover&quot;:{&quot;unit&quot;:&quot;px&quot;,&quot;size&quot;:&quot;-5&quot;,&quot;sizes&quot;:[]},&quot;_transform_translateX_effect_hover&quot;:{&quot;unit&quot;:&quot;px&quot;,&quot;size&quot;:&quot;&quot;,&quot;sizes&quot;:[]},&quot;_transform_translateX_effect_hover_tablet&quot;:{&quot;unit&quot;:&quot;px&quot;,&quot;size&quot;:&quot;&quot;,&quot;sizes&quot;:[]},&quot;_transform_translateX_effect_hover_mobile&quot;:{&quot;unit&quot;:&quot;px&quot;,&quot;size&quot;:&quot;&quot;,&quot;sizes&quot;:[]},&quot;_transform_translateY_effect_hover_tablet&quot;:{&quot;unit&quot;:&quot;px&quot;,&quot;size&quot;:&quot;&quot;,&quot;sizes&quot;:[]},&quot;_transform_translateY_effect_hover_mobile&quot;:{&quot;unit&quot;:&quot;px&quot;,&quot;size&quot;:&quot;&quot;,&quot;sizes&quot;:[]}}\" href=\"https:\/\/www.osfs.eu\/salesianum-rosental\/weihnachten-im-rosental\/\">\n\t\t\t\t\t<div class=\"e-con-inner\">\n\t\t\t\t<div class=\"elementor-element elementor-element-c5cdfba elementor-widget elementor-widget-theme-post-featured-image elementor-widget-image\" data-id=\"c5cdfba\" data-element_type=\"widget\" data-e-type=\"widget\" data-widget_type=\"theme-post-featured-image.default\">\n\t\t\t\t<div class=\"elementor-widget-container\">\n\t\t\t\t\t\t\t\t\t\t\t\t\t\t\t<img loading=\"lazy\" decoding=\"async\" width=\"2016\" height=\"1134\" src=\"https:\/\/www.osfs.eu\/salesianum-rosental\/wp-content\/uploads\/sites\/8\/2025\/12\/rosental_weihnachtsfest_2025-12-25_03.jpeg\" class=\"attachment-2048x2048 size-2048x2048 wp-image-2252\" alt=\"\" srcset=\"https:\/\/www.osfs.eu\/salesianum-rosental\/wp-content\/uploads\/sites\/8\/2025\/12\/rosental_weihnachtsfest_2025-12-25_03.jpeg 2016w, https:\/\/www.osfs.eu\/salesianum-rosental\/wp-content\/uploads\/sites\/8\/2025\/12\/rosental_weihnachtsfest_2025-12-25_03-300x169.jpeg 300w, https:\/\/www.osfs.eu\/salesianum-rosental\/wp-content\/uploads\/sites\/8\/2025\/12\/rosental_weihnachtsfest_2025-12-25_03-1024x576.jpeg 1024w, https:\/\/www.osfs.eu\/salesianum-rosental\/wp-content\/uploads\/sites\/8\/2025\/12\/rosental_weihnachtsfest_2025-12-25_03-768x432.jpeg 768w, https:\/\/www.osfs.eu\/salesianum-rosental\/wp-content\/uploads\/sites\/8\/2025\/12\/rosental_weihnachtsfest_2025-12-25_03-1536x864.jpeg 1536w\" sizes=\"(max-width: 2016px) 100vw, 2016px\" \/>\t\t\t\t\t\t\t\t\t\t\t\t\t\t\t<\/div>\n\t\t\t\t<\/div>\n\t\t\t\t<div data-dce-text-color=\"#A3A3A3\" class=\"elementor-element elementor-element-906bdc5 elementor-widget elementor-widget-post-info\" data-id=\"906bdc5\" data-element_type=\"widget\" data-e-type=\"widget\" data-widget_type=\"post-info.default\">\n\t\t\t\t<div class=\"elementor-widget-container\">\n\t\t\t\t\t\t\t<ul class=\"elementor-inline-items elementor-icon-list-items elementor-post-info\">\n\t\t\t\t\t\t\t\t<li class=\"elementor-icon-list-item elementor-repeater-item-3f53913 elementor-inline-item\" itemprop=\"datePublished\">\n\t\t\t\t\t\t\t\t\t\t\t\t\t<span class=\"elementor-icon-list-text elementor-post-info__item elementor-post-info__item--type-date\">\n\t\t\t\t\t\t\t\t\t\t<time>Dezember 25, 2025<\/time>\t\t\t\t\t<\/span>\n\t\t\t\t\t\t\t\t<\/li>\n\t\t\t\t<\/ul>\n\t\t\t\t\t\t<\/div>\n\t\t\t\t<\/div>\n\t\t\t\t<div data-dce-title-color=\"#555555\" class=\"elementor-element elementor-element-be7483d elementor-widget elementor-widget-theme-post-title elementor-page-title elementor-widget-heading\" data-id=\"be7483d\" data-element_type=\"widget\" data-e-type=\"widget\" data-widget_type=\"theme-post-title.default\">\n\t\t\t\t<div class=\"elementor-widget-container\">\n\t\t\t\t\t<h3 class=\"elementor-heading-title elementor-size-default\">Weihnachten im Rosental<\/h3>\t\t\t\t<\/div>\n\t\t\t\t<\/div>\n\t\t\t\t<div data-dce-title-color=\"#555555\" class=\"elementor-element elementor-element-4e6252c elementor-widget elementor-widget-theme-post-excerpt\" data-id=\"4e6252c\" data-element_type=\"widget\" data-e-type=\"widget\" data-widget_type=\"theme-post-excerpt.default\">\n\t\t\t\t<div class=\"elementor-widget-container\">\n\t\t\t\t\tMit einer feierlichen Heiligen Messe wurde im Salesianum Rosental der erste Weihnachtsfeiertag am 25. Dezember 2025 gefeiert.\t\t\t\t<\/div>\n\t\t\t\t<\/div>\n\t\t\t\t\t<\/div>\n\t\t\t\t<\/a>\n\t\t\t\t<\/div>\n\t\t\t\t<div data-elementor-type=\"loop-item\" data-elementor-id=\"693\" class=\"elementor elementor-693 e-loop-item e-loop-item-2233 post-2233 post type-post status-publish format-standard has-post-thumbnail hentry category-allgemein\" data-elementor-post-type=\"elementor_library\" data-custom-edit-handle=\"1\">\n\t\t\t<a class=\"elementor-element elementor-element-79d8d6d e-transform e-flex e-con-boxed elementor-invisible e-con e-parent\" data-id=\"79d8d6d\" data-element_type=\"container\" data-e-type=\"container\" data-settings=\"{&quot;animation&quot;:&quot;fadeIn&quot;,&quot;_transform_translateY_effect_hover&quot;:{&quot;unit&quot;:&quot;px&quot;,&quot;size&quot;:&quot;-5&quot;,&quot;sizes&quot;:[]},&quot;_transform_translateX_effect_hover&quot;:{&quot;unit&quot;:&quot;px&quot;,&quot;size&quot;:&quot;&quot;,&quot;sizes&quot;:[]},&quot;_transform_translateX_effect_hover_tablet&quot;:{&quot;unit&quot;:&quot;px&quot;,&quot;size&quot;:&quot;&quot;,&quot;sizes&quot;:[]},&quot;_transform_translateX_effect_hover_mobile&quot;:{&quot;unit&quot;:&quot;px&quot;,&quot;size&quot;:&quot;&quot;,&quot;sizes&quot;:[]},&quot;_transform_translateY_effect_hover_tablet&quot;:{&quot;unit&quot;:&quot;px&quot;,&quot;size&quot;:&quot;&quot;,&quot;sizes&quot;:[]},&quot;_transform_translateY_effect_hover_mobile&quot;:{&quot;unit&quot;:&quot;px&quot;,&quot;size&quot;:&quot;&quot;,&quot;sizes&quot;:[]}}\" href=\"https:\/\/www.osfs.eu\/salesianum-rosental\/vierter-adventsonntag-mit-cantabile\/\">\n\t\t\t\t\t<div class=\"e-con-inner\">\n\t\t\t\t<div class=\"elementor-element elementor-element-c5cdfba elementor-widget elementor-widget-theme-post-featured-image elementor-widget-image\" data-id=\"c5cdfba\" data-element_type=\"widget\" data-e-type=\"widget\" data-widget_type=\"theme-post-featured-image.default\">\n\t\t\t\t<div class=\"elementor-widget-container\">\n\t\t\t\t\t\t\t\t\t\t\t\t\t\t\t<img loading=\"lazy\" decoding=\"async\" width=\"1600\" height=\"900\" src=\"https:\/\/www.osfs.eu\/salesianum-rosental\/wp-content\/uploads\/sites\/8\/2025\/12\/rosental_vierteradvent_2025-12-21_02.jpeg\" class=\"attachment-2048x2048 size-2048x2048 wp-image-2244\" alt=\"\" srcset=\"https:\/\/www.osfs.eu\/salesianum-rosental\/wp-content\/uploads\/sites\/8\/2025\/12\/rosental_vierteradvent_2025-12-21_02.jpeg 1600w, https:\/\/www.osfs.eu\/salesianum-rosental\/wp-content\/uploads\/sites\/8\/2025\/12\/rosental_vierteradvent_2025-12-21_02-300x169.jpeg 300w, https:\/\/www.osfs.eu\/salesianum-rosental\/wp-content\/uploads\/sites\/8\/2025\/12\/rosental_vierteradvent_2025-12-21_02-1024x576.jpeg 1024w, https:\/\/www.osfs.eu\/salesianum-rosental\/wp-content\/uploads\/sites\/8\/2025\/12\/rosental_vierteradvent_2025-12-21_02-768x432.jpeg 768w, https:\/\/www.osfs.eu\/salesianum-rosental\/wp-content\/uploads\/sites\/8\/2025\/12\/rosental_vierteradvent_2025-12-21_02-1536x864.jpeg 1536w\" sizes=\"(max-width: 1600px) 100vw, 1600px\" \/>\t\t\t\t\t\t\t\t\t\t\t\t\t\t\t<\/div>\n\t\t\t\t<\/div>\n\t\t\t\t<div data-dce-text-color=\"#A3A3A3\" class=\"elementor-element elementor-element-906bdc5 elementor-widget elementor-widget-post-info\" data-id=\"906bdc5\" data-element_type=\"widget\" data-e-type=\"widget\" data-widget_type=\"post-info.default\">\n\t\t\t\t<div class=\"elementor-widget-container\">\n\t\t\t\t\t\t\t<ul class=\"elementor-inline-items elementor-icon-list-items elementor-post-info\">\n\t\t\t\t\t\t\t\t<li class=\"elementor-icon-list-item elementor-repeater-item-3f53913 elementor-inline-item\" itemprop=\"datePublished\">\n\t\t\t\t\t\t\t\t\t\t\t\t\t<span class=\"elementor-icon-list-text elementor-post-info__item elementor-post-info__item--type-date\">\n\t\t\t\t\t\t\t\t\t\t<time>Dezember 21, 2025<\/time>\t\t\t\t\t<\/span>\n\t\t\t\t\t\t\t\t<\/li>\n\t\t\t\t<\/ul>\n\t\t\t\t\t\t<\/div>\n\t\t\t\t<\/div>\n\t\t\t\t<div data-dce-title-color=\"#555555\" class=\"elementor-element elementor-element-be7483d elementor-widget elementor-widget-theme-post-title elementor-page-title elementor-widget-heading\" data-id=\"be7483d\" data-element_type=\"widget\" data-e-type=\"widget\" data-widget_type=\"theme-post-title.default\">\n\t\t\t\t<div class=\"elementor-widget-container\">\n\t\t\t\t\t<h3 class=\"elementor-heading-title elementor-size-default\">Vierter Adventsonntag mit Cantabile<\/h3>\t\t\t\t<\/div>\n\t\t\t\t<\/div>\n\t\t\t\t<div data-dce-title-color=\"#555555\" class=\"elementor-element elementor-element-4e6252c elementor-widget elementor-widget-theme-post-excerpt\" data-id=\"4e6252c\" data-element_type=\"widget\" data-e-type=\"widget\" data-widget_type=\"theme-post-excerpt.default\">\n\t\t\t\t<div class=\"elementor-widget-container\">\n\t\t\t\t\tDie Heilige Messe am 4. Adventsonntag, 21. Dezember 2025, wurde musikalisch von der Musikgruppe Cantabile unter der Leitung von Helmut Enzenberger gestaltet.\t\t\t\t<\/div>\n\t\t\t\t<\/div>\n\t\t\t\t\t<\/div>\n\t\t\t\t<\/a>\n\t\t\t\t<\/div>\n\t\t\t\t<div data-elementor-type=\"loop-item\" data-elementor-id=\"693\" class=\"elementor elementor-693 e-loop-item e-loop-item-2222 post-2222 post type-post status-publish format-standard has-post-thumbnail hentry category-allgemein\" data-elementor-post-type=\"elementor_library\" data-custom-edit-handle=\"1\">\n\t\t\t<a class=\"elementor-element elementor-element-79d8d6d e-transform e-flex e-con-boxed elementor-invisible e-con e-parent\" data-id=\"79d8d6d\" data-element_type=\"container\" data-e-type=\"container\" data-settings=\"{&quot;animation&quot;:&quot;fadeIn&quot;,&quot;_transform_translateY_effect_hover&quot;:{&quot;unit&quot;:&quot;px&quot;,&quot;size&quot;:&quot;-5&quot;,&quot;sizes&quot;:[]},&quot;_transform_translateX_effect_hover&quot;:{&quot;unit&quot;:&quot;px&quot;,&quot;size&quot;:&quot;&quot;,&quot;sizes&quot;:[]},&quot;_transform_translateX_effect_hover_tablet&quot;:{&quot;unit&quot;:&quot;px&quot;,&quot;size&quot;:&quot;&quot;,&quot;sizes&quot;:[]},&quot;_transform_translateX_effect_hover_mobile&quot;:{&quot;unit&quot;:&quot;px&quot;,&quot;size&quot;:&quot;&quot;,&quot;sizes&quot;:[]},&quot;_transform_translateY_effect_hover_tablet&quot;:{&quot;unit&quot;:&quot;px&quot;,&quot;size&quot;:&quot;&quot;,&quot;sizes&quot;:[]},&quot;_transform_translateY_effect_hover_mobile&quot;:{&quot;unit&quot;:&quot;px&quot;,&quot;size&quot;:&quot;&quot;,&quot;sizes&quot;:[]}}\" href=\"https:\/\/www.osfs.eu\/salesianum-rosental\/zweiter-adventsonntag\/\">\n\t\t\t\t\t<div class=\"e-con-inner\">\n\t\t\t\t<div class=\"elementor-element elementor-element-c5cdfba elementor-widget elementor-widget-theme-post-featured-image elementor-widget-image\" data-id=\"c5cdfba\" data-element_type=\"widget\" data-e-type=\"widget\" data-widget_type=\"theme-post-featured-image.default\">\n\t\t\t\t<div class=\"elementor-widget-container\">\n\t\t\t\t\t\t\t\t\t\t\t\t\t\t\t<img loading=\"lazy\" decoding=\"async\" width=\"1600\" height=\"900\" src=\"https:\/\/www.osfs.eu\/salesianum-rosental\/wp-content\/uploads\/sites\/8\/2025\/12\/rosental_zweiter-adventsonntag_2025-12-07_04.jpg\" class=\"attachment-2048x2048 size-2048x2048 wp-image-2230\" alt=\"\" srcset=\"https:\/\/www.osfs.eu\/salesianum-rosental\/wp-content\/uploads\/sites\/8\/2025\/12\/rosental_zweiter-adventsonntag_2025-12-07_04.jpg 1600w, https:\/\/www.osfs.eu\/salesianum-rosental\/wp-content\/uploads\/sites\/8\/2025\/12\/rosental_zweiter-adventsonntag_2025-12-07_04-300x169.jpg 300w, https:\/\/www.osfs.eu\/salesianum-rosental\/wp-content\/uploads\/sites\/8\/2025\/12\/rosental_zweiter-adventsonntag_2025-12-07_04-1024x576.jpg 1024w, https:\/\/www.osfs.eu\/salesianum-rosental\/wp-content\/uploads\/sites\/8\/2025\/12\/rosental_zweiter-adventsonntag_2025-12-07_04-768x432.jpg 768w, https:\/\/www.osfs.eu\/salesianum-rosental\/wp-content\/uploads\/sites\/8\/2025\/12\/rosental_zweiter-adventsonntag_2025-12-07_04-1536x864.jpg 1536w\" sizes=\"(max-width: 1600px) 100vw, 1600px\" \/>\t\t\t\t\t\t\t\t\t\t\t\t\t\t\t<\/div>\n\t\t\t\t<\/div>\n\t\t\t\t<div data-dce-text-color=\"#A3A3A3\" class=\"elementor-element elementor-element-906bdc5 elementor-widget elementor-widget-post-info\" data-id=\"906bdc5\" data-element_type=\"widget\" data-e-type=\"widget\" data-widget_type=\"post-info.default\">\n\t\t\t\t<div class=\"elementor-widget-container\">\n\t\t\t\t\t\t\t<ul class=\"elementor-inline-items elementor-icon-list-items elementor-post-info\">\n\t\t\t\t\t\t\t\t<li class=\"elementor-icon-list-item elementor-repeater-item-3f53913 elementor-inline-item\" itemprop=\"datePublished\">\n\t\t\t\t\t\t\t\t\t\t\t\t\t<span class=\"elementor-icon-list-text elementor-post-info__item elementor-post-info__item--type-date\">\n\t\t\t\t\t\t\t\t\t\t<time>Dezember 7, 2025<\/time>\t\t\t\t\t<\/span>\n\t\t\t\t\t\t\t\t<\/li>\n\t\t\t\t<\/ul>\n\t\t\t\t\t\t<\/div>\n\t\t\t\t<\/div>\n\t\t\t\t<div data-dce-title-color=\"#555555\" class=\"elementor-element elementor-element-be7483d elementor-widget elementor-widget-theme-post-title elementor-page-title elementor-widget-heading\" data-id=\"be7483d\" data-element_type=\"widget\" data-e-type=\"widget\" data-widget_type=\"theme-post-title.default\">\n\t\t\t\t<div class=\"elementor-widget-container\">\n\t\t\t\t\t<h3 class=\"elementor-heading-title elementor-size-default\">Zweiter Adventsonntag<\/h3>\t\t\t\t<\/div>\n\t\t\t\t<\/div>\n\t\t\t\t<div data-dce-title-color=\"#555555\" class=\"elementor-element elementor-element-4e6252c elementor-widget elementor-widget-theme-post-excerpt\" data-id=\"4e6252c\" data-element_type=\"widget\" data-e-type=\"widget\" data-widget_type=\"theme-post-excerpt.default\">\n\t\t\t\t<div class=\"elementor-widget-container\">\n\t\t\t\t\tDie Heilige Messe am Zweiten Adventsonntag, 7. Dezember 2025, wurde sehr sch\u00f6n von der Gruppe EI-Gsunger musikalisch gestaltet.\t\t\t\t<\/div>\n\t\t\t\t<\/div>\n\t\t\t\t\t<\/div>\n\t\t\t\t<\/a>\n\t\t\t\t<\/div>\n\t\t\t\t<div data-elementor-type=\"loop-item\" data-elementor-id=\"693\" class=\"elementor elementor-693 e-loop-item e-loop-item-2206 post-2206 post type-post status-publish format-standard has-post-thumbnail hentry category-allgemein\" data-elementor-post-type=\"elementor_library\" data-custom-edit-handle=\"1\">\n\t\t\t<a class=\"elementor-element elementor-element-79d8d6d e-transform e-flex e-con-boxed elementor-invisible e-con e-parent\" data-id=\"79d8d6d\" data-element_type=\"container\" data-e-type=\"container\" data-settings=\"{&quot;animation&quot;:&quot;fadeIn&quot;,&quot;_transform_translateY_effect_hover&quot;:{&quot;unit&quot;:&quot;px&quot;,&quot;size&quot;:&quot;-5&quot;,&quot;sizes&quot;:[]},&quot;_transform_translateX_effect_hover&quot;:{&quot;unit&quot;:&quot;px&quot;,&quot;size&quot;:&quot;&quot;,&quot;sizes&quot;:[]},&quot;_transform_translateX_effect_hover_tablet&quot;:{&quot;unit&quot;:&quot;px&quot;,&quot;size&quot;:&quot;&quot;,&quot;sizes&quot;:[]},&quot;_transform_translateX_effect_hover_mobile&quot;:{&quot;unit&quot;:&quot;px&quot;,&quot;size&quot;:&quot;&quot;,&quot;sizes&quot;:[]},&quot;_transform_translateY_effect_hover_tablet&quot;:{&quot;unit&quot;:&quot;px&quot;,&quot;size&quot;:&quot;&quot;,&quot;sizes&quot;:[]},&quot;_transform_translateY_effect_hover_mobile&quot;:{&quot;unit&quot;:&quot;px&quot;,&quot;size&quot;:&quot;&quot;,&quot;sizes&quot;:[]}}\" href=\"https:\/\/www.osfs.eu\/salesianum-rosental\/erster-adventsonntag-2\/\">\n\t\t\t\t\t<div class=\"e-con-inner\">\n\t\t\t\t<div class=\"elementor-element elementor-element-c5cdfba elementor-widget elementor-widget-theme-post-featured-image elementor-widget-image\" data-id=\"c5cdfba\" data-element_type=\"widget\" data-e-type=\"widget\" data-widget_type=\"theme-post-featured-image.default\">\n\t\t\t\t<div class=\"elementor-widget-container\">\n\t\t\t\t\t\t\t\t\t\t\t\t\t\t\t<img loading=\"lazy\" decoding=\"async\" width=\"1600\" height=\"900\" src=\"https:\/\/www.osfs.eu\/salesianum-rosental\/wp-content\/uploads\/sites\/8\/2025\/11\/rosental_ersteradventsonntag_2025-11-30_09.jpg\" class=\"attachment-2048x2048 size-2048x2048 wp-image-2212\" alt=\"\" srcset=\"https:\/\/www.osfs.eu\/salesianum-rosental\/wp-content\/uploads\/sites\/8\/2025\/11\/rosental_ersteradventsonntag_2025-11-30_09.jpg 1600w, https:\/\/www.osfs.eu\/salesianum-rosental\/wp-content\/uploads\/sites\/8\/2025\/11\/rosental_ersteradventsonntag_2025-11-30_09-300x169.jpg 300w, https:\/\/www.osfs.eu\/salesianum-rosental\/wp-content\/uploads\/sites\/8\/2025\/11\/rosental_ersteradventsonntag_2025-11-30_09-1024x576.jpg 1024w, https:\/\/www.osfs.eu\/salesianum-rosental\/wp-content\/uploads\/sites\/8\/2025\/11\/rosental_ersteradventsonntag_2025-11-30_09-768x432.jpg 768w, https:\/\/www.osfs.eu\/salesianum-rosental\/wp-content\/uploads\/sites\/8\/2025\/11\/rosental_ersteradventsonntag_2025-11-30_09-1536x864.jpg 1536w\" sizes=\"(max-width: 1600px) 100vw, 1600px\" \/>\t\t\t\t\t\t\t\t\t\t\t\t\t\t\t<\/div>\n\t\t\t\t<\/div>\n\t\t\t\t<div data-dce-text-color=\"#A3A3A3\" class=\"elementor-element elementor-element-906bdc5 elementor-widget elementor-widget-post-info\" data-id=\"906bdc5\" data-element_type=\"widget\" data-e-type=\"widget\" data-widget_type=\"post-info.default\">\n\t\t\t\t<div class=\"elementor-widget-container\">\n\t\t\t\t\t\t\t<ul class=\"elementor-inline-items elementor-icon-list-items elementor-post-info\">\n\t\t\t\t\t\t\t\t<li class=\"elementor-icon-list-item elementor-repeater-item-3f53913 elementor-inline-item\" itemprop=\"datePublished\">\n\t\t\t\t\t\t\t\t\t\t\t\t\t<span class=\"elementor-icon-list-text elementor-post-info__item elementor-post-info__item--type-date\">\n\t\t\t\t\t\t\t\t\t\t<time>November 30, 2025<\/time>\t\t\t\t\t<\/span>\n\t\t\t\t\t\t\t\t<\/li>\n\t\t\t\t<\/ul>\n\t\t\t\t\t\t<\/div>\n\t\t\t\t<\/div>\n\t\t\t\t<div data-dce-title-color=\"#555555\" class=\"elementor-element elementor-element-be7483d elementor-widget elementor-widget-theme-post-title elementor-page-title elementor-widget-heading\" data-id=\"be7483d\" data-element_type=\"widget\" data-e-type=\"widget\" data-widget_type=\"theme-post-title.default\">\n\t\t\t\t<div class=\"elementor-widget-container\">\n\t\t\t\t\t<h3 class=\"elementor-heading-title elementor-size-default\">Erster Adventsonntag<\/h3>\t\t\t\t<\/div>\n\t\t\t\t<\/div>\n\t\t\t\t<div data-dce-title-color=\"#555555\" class=\"elementor-element elementor-element-4e6252c elementor-widget elementor-widget-theme-post-excerpt\" data-id=\"4e6252c\" data-element_type=\"widget\" data-e-type=\"widget\" data-widget_type=\"theme-post-excerpt.default\">\n\t\t\t\t<div class=\"elementor-widget-container\">\n\t\t\t\t\tAm Ersten Adventsonntag, 30. November 2025, fand eine wundersch\u00f6ne Heilige Messe mit Pater Josef Prinz OSFS statt, musikalisch und inhaltlich vom \"Team\" gestaltet.\t\t\t\t<\/div>\n\t\t\t\t<\/div>\n\t\t\t\t\t<\/div>\n\t\t\t\t<\/a>\n\t\t\t\t<\/div>\n\t\t\t\t<div data-elementor-type=\"loop-item\" data-elementor-id=\"693\" class=\"elementor elementor-693 e-loop-item e-loop-item-2189 post-2189 post type-post status-publish format-standard has-post-thumbnail hentry category-allgemein\" data-elementor-post-type=\"elementor_library\" data-custom-edit-handle=\"1\">\n\t\t\t<a class=\"elementor-element elementor-element-79d8d6d e-transform e-flex e-con-boxed elementor-invisible e-con e-parent\" data-id=\"79d8d6d\" data-element_type=\"container\" data-e-type=\"container\" data-settings=\"{&quot;animation&quot;:&quot;fadeIn&quot;,&quot;_transform_translateY_effect_hover&quot;:{&quot;unit&quot;:&quot;px&quot;,&quot;size&quot;:&quot;-5&quot;,&quot;sizes&quot;:[]},&quot;_transform_translateX_effect_hover&quot;:{&quot;unit&quot;:&quot;px&quot;,&quot;size&quot;:&quot;&quot;,&quot;sizes&quot;:[]},&quot;_transform_translateX_effect_hover_tablet&quot;:{&quot;unit&quot;:&quot;px&quot;,&quot;size&quot;:&quot;&quot;,&quot;sizes&quot;:[]},&quot;_transform_translateX_effect_hover_mobile&quot;:{&quot;unit&quot;:&quot;px&quot;,&quot;size&quot;:&quot;&quot;,&quot;sizes&quot;:[]},&quot;_transform_translateY_effect_hover_tablet&quot;:{&quot;unit&quot;:&quot;px&quot;,&quot;size&quot;:&quot;&quot;,&quot;sizes&quot;:[]},&quot;_transform_translateY_effect_hover_mobile&quot;:{&quot;unit&quot;:&quot;px&quot;,&quot;size&quot;:&quot;&quot;,&quot;sizes&quot;:[]}}\" href=\"https:\/\/www.osfs.eu\/salesianum-rosental\/erntedankfest-im-rosental\/\">\n\t\t\t\t\t<div class=\"e-con-inner\">\n\t\t\t\t<div class=\"elementor-element elementor-element-c5cdfba elementor-widget elementor-widget-theme-post-featured-image elementor-widget-image\" data-id=\"c5cdfba\" data-element_type=\"widget\" data-e-type=\"widget\" data-widget_type=\"theme-post-featured-image.default\">\n\t\t\t\t<div class=\"elementor-widget-container\">\n\t\t\t\t\t\t\t\t\t\t\t\t\t\t\t<img loading=\"lazy\" decoding=\"async\" width=\"2048\" height=\"1536\" src=\"https:\/\/www.osfs.eu\/salesianum-rosental\/wp-content\/uploads\/sites\/8\/2025\/10\/rosental_erntedank_2025-10-05_05.jpg\" class=\"attachment-2048x2048 size-2048x2048 wp-image-2197\" alt=\"\" srcset=\"https:\/\/www.osfs.eu\/salesianum-rosental\/wp-content\/uploads\/sites\/8\/2025\/10\/rosental_erntedank_2025-10-05_05.jpg 2048w, https:\/\/www.osfs.eu\/salesianum-rosental\/wp-content\/uploads\/sites\/8\/2025\/10\/rosental_erntedank_2025-10-05_05-300x225.jpg 300w, https:\/\/www.osfs.eu\/salesianum-rosental\/wp-content\/uploads\/sites\/8\/2025\/10\/rosental_erntedank_2025-10-05_05-1024x768.jpg 1024w, https:\/\/www.osfs.eu\/salesianum-rosental\/wp-content\/uploads\/sites\/8\/2025\/10\/rosental_erntedank_2025-10-05_05-768x576.jpg 768w, https:\/\/www.osfs.eu\/salesianum-rosental\/wp-content\/uploads\/sites\/8\/2025\/10\/rosental_erntedank_2025-10-05_05-1536x1152.jpg 1536w\" sizes=\"(max-width: 2048px) 100vw, 2048px\" \/>\t\t\t\t\t\t\t\t\t\t\t\t\t\t\t<\/div>\n\t\t\t\t<\/div>\n\t\t\t\t<div data-dce-text-color=\"#A3A3A3\" class=\"elementor-element elementor-element-906bdc5 elementor-widget elementor-widget-post-info\" data-id=\"906bdc5\" data-element_type=\"widget\" data-e-type=\"widget\" data-widget_type=\"post-info.default\">\n\t\t\t\t<div class=\"elementor-widget-container\">\n\t\t\t\t\t\t\t<ul class=\"elementor-inline-items elementor-icon-list-items elementor-post-info\">\n\t\t\t\t\t\t\t\t<li class=\"elementor-icon-list-item elementor-repeater-item-3f53913 elementor-inline-item\" itemprop=\"datePublished\">\n\t\t\t\t\t\t\t\t\t\t\t\t\t<span class=\"elementor-icon-list-text elementor-post-info__item elementor-post-info__item--type-date\">\n\t\t\t\t\t\t\t\t\t\t<time>Oktober 5, 2025<\/time>\t\t\t\t\t<\/span>\n\t\t\t\t\t\t\t\t<\/li>\n\t\t\t\t<\/ul>\n\t\t\t\t\t\t<\/div>\n\t\t\t\t<\/div>\n\t\t\t\t<div data-dce-title-color=\"#555555\" class=\"elementor-element elementor-element-be7483d elementor-widget elementor-widget-theme-post-title elementor-page-title elementor-widget-heading\" data-id=\"be7483d\" data-element_type=\"widget\" data-e-type=\"widget\" data-widget_type=\"theme-post-title.default\">\n\t\t\t\t<div class=\"elementor-widget-container\">\n\t\t\t\t\t<h3 class=\"elementor-heading-title elementor-size-default\">Erntedankfest im Rosental<\/h3>\t\t\t\t<\/div>\n\t\t\t\t<\/div>\n\t\t\t\t<div data-dce-title-color=\"#555555\" class=\"elementor-element elementor-element-4e6252c elementor-widget elementor-widget-theme-post-excerpt\" data-id=\"4e6252c\" data-element_type=\"widget\" data-e-type=\"widget\" data-widget_type=\"theme-post-excerpt.default\">\n\t\t\t\t<div class=\"elementor-widget-container\">\n\t\t\t\t\tAm Sonntag, 5. Oktober 2025, feierten wir im Salesianum Rosental zusammen mit der Kinderkirche und mit Pater Josef Prinz OSFS das Erntedankfest.\t\t\t\t<\/div>\n\t\t\t\t<\/div>\n\t\t\t\t\t<\/div>\n\t\t\t\t<\/a>\n\t\t\t\t<\/div>\n\t\t\t\t<div data-elementor-type=\"loop-item\" data-elementor-id=\"693\" class=\"elementor elementor-693 e-loop-item e-loop-item-2170 post-2170 post type-post status-publish format-standard has-post-thumbnail hentry category-allgemein\" data-elementor-post-type=\"elementor_library\" data-custom-edit-handle=\"1\">\n\t\t\t<a class=\"elementor-element elementor-element-79d8d6d e-transform e-flex e-con-boxed elementor-invisible e-con e-parent\" data-id=\"79d8d6d\" data-element_type=\"container\" data-e-type=\"container\" data-settings=\"{&quot;animation&quot;:&quot;fadeIn&quot;,&quot;_transform_translateY_effect_hover&quot;:{&quot;unit&quot;:&quot;px&quot;,&quot;size&quot;:&quot;-5&quot;,&quot;sizes&quot;:[]},&quot;_transform_translateX_effect_hover&quot;:{&quot;unit&quot;:&quot;px&quot;,&quot;size&quot;:&quot;&quot;,&quot;sizes&quot;:[]},&quot;_transform_translateX_effect_hover_tablet&quot;:{&quot;unit&quot;:&quot;px&quot;,&quot;size&quot;:&quot;&quot;,&quot;sizes&quot;:[]},&quot;_transform_translateX_effect_hover_mobile&quot;:{&quot;unit&quot;:&quot;px&quot;,&quot;size&quot;:&quot;&quot;,&quot;sizes&quot;:[]},&quot;_transform_translateY_effect_hover_tablet&quot;:{&quot;unit&quot;:&quot;px&quot;,&quot;size&quot;:&quot;&quot;,&quot;sizes&quot;:[]},&quot;_transform_translateY_effect_hover_mobile&quot;:{&quot;unit&quot;:&quot;px&quot;,&quot;size&quot;:&quot;&quot;,&quot;sizes&quot;:[]}}\" href=\"https:\/\/www.osfs.eu\/salesianum-rosental\/maria-himmelfahrt-mit-kraeutersegnung\/\">\n\t\t\t\t\t<div class=\"e-con-inner\">\n\t\t\t\t<div class=\"elementor-element elementor-element-c5cdfba elementor-widget elementor-widget-theme-post-featured-image elementor-widget-image\" data-id=\"c5cdfba\" data-element_type=\"widget\" data-e-type=\"widget\" data-widget_type=\"theme-post-featured-image.default\">\n\t\t\t\t<div class=\"elementor-widget-container\">\n\t\t\t\t\t\t\t\t\t\t\t\t\t\t\t<img loading=\"lazy\" decoding=\"async\" width=\"2048\" height=\"1536\" src=\"https:\/\/www.osfs.eu\/salesianum-rosental\/wp-content\/uploads\/sites\/8\/2025\/08\/rosental_mariahimmelfahrt_2025-08-15_08.jpg\" class=\"attachment-2048x2048 size-2048x2048 wp-image-2179\" alt=\"\" srcset=\"https:\/\/www.osfs.eu\/salesianum-rosental\/wp-content\/uploads\/sites\/8\/2025\/08\/rosental_mariahimmelfahrt_2025-08-15_08.jpg 2048w, https:\/\/www.osfs.eu\/salesianum-rosental\/wp-content\/uploads\/sites\/8\/2025\/08\/rosental_mariahimmelfahrt_2025-08-15_08-300x225.jpg 300w, https:\/\/www.osfs.eu\/salesianum-rosental\/wp-content\/uploads\/sites\/8\/2025\/08\/rosental_mariahimmelfahrt_2025-08-15_08-1024x768.jpg 1024w, https:\/\/www.osfs.eu\/salesianum-rosental\/wp-content\/uploads\/sites\/8\/2025\/08\/rosental_mariahimmelfahrt_2025-08-15_08-768x576.jpg 768w, https:\/\/www.osfs.eu\/salesianum-rosental\/wp-content\/uploads\/sites\/8\/2025\/08\/rosental_mariahimmelfahrt_2025-08-15_08-1536x1152.jpg 1536w\" sizes=\"(max-width: 2048px) 100vw, 2048px\" \/>\t\t\t\t\t\t\t\t\t\t\t\t\t\t\t<\/div>\n\t\t\t\t<\/div>\n\t\t\t\t<div data-dce-text-color=\"#A3A3A3\" class=\"elementor-element elementor-element-906bdc5 elementor-widget elementor-widget-post-info\" data-id=\"906bdc5\" data-element_type=\"widget\" data-e-type=\"widget\" data-widget_type=\"post-info.default\">\n\t\t\t\t<div class=\"elementor-widget-container\">\n\t\t\t\t\t\t\t<ul class=\"elementor-inline-items elementor-icon-list-items elementor-post-info\">\n\t\t\t\t\t\t\t\t<li class=\"elementor-icon-list-item elementor-repeater-item-3f53913 elementor-inline-item\" itemprop=\"datePublished\">\n\t\t\t\t\t\t\t\t\t\t\t\t\t<span class=\"elementor-icon-list-text elementor-post-info__item elementor-post-info__item--type-date\">\n\t\t\t\t\t\t\t\t\t\t<time>August 15, 2025<\/time>\t\t\t\t\t<\/span>\n\t\t\t\t\t\t\t\t<\/li>\n\t\t\t\t<\/ul>\n\t\t\t\t\t\t<\/div>\n\t\t\t\t<\/div>\n\t\t\t\t<div data-dce-title-color=\"#555555\" class=\"elementor-element elementor-element-be7483d elementor-widget elementor-widget-theme-post-title elementor-page-title elementor-widget-heading\" data-id=\"be7483d\" data-element_type=\"widget\" data-e-type=\"widget\" data-widget_type=\"theme-post-title.default\">\n\t\t\t\t<div class=\"elementor-widget-container\">\n\t\t\t\t\t<h3 class=\"elementor-heading-title elementor-size-default\">Maria Himmelfahrt mit Kr\u00e4utersegnung<\/h3>\t\t\t\t<\/div>\n\t\t\t\t<\/div>\n\t\t\t\t<div data-dce-title-color=\"#555555\" class=\"elementor-element elementor-element-4e6252c elementor-widget elementor-widget-theme-post-excerpt\" data-id=\"4e6252c\" data-element_type=\"widget\" data-e-type=\"widget\" data-widget_type=\"theme-post-excerpt.default\">\n\t\t\t\t<div class=\"elementor-widget-container\">\n\t\t\t\t\tAm Fest Maria Himmelfahrt, 15. August, ist es Tradition, Kr\u00e4uter zu segnen und an die Menschen zu verteilen. Gerade um diese Zeit entfalten n\u00e4mlich viele Kr\u00e4uter ihre heilsame Kraft am intensivsten.\t\t\t\t<\/div>\n\t\t\t\t<\/div>\n\t\t\t\t\t<\/div>\n\t\t\t\t<\/a>\n\t\t\t\t<\/div>\n\t\t\t\t<div data-elementor-type=\"loop-item\" data-elementor-id=\"693\" class=\"elementor elementor-693 e-loop-item e-loop-item-2156 post-2156 post type-post status-publish format-standard has-post-thumbnail hentry category-allgemein\" data-elementor-post-type=\"elementor_library\" data-custom-edit-handle=\"1\">\n\t\t\t<a class=\"elementor-element elementor-element-79d8d6d e-transform e-flex e-con-boxed elementor-invisible e-con e-parent\" data-id=\"79d8d6d\" data-element_type=\"container\" data-e-type=\"container\" data-settings=\"{&quot;animation&quot;:&quot;fadeIn&quot;,&quot;_transform_translateY_effect_hover&quot;:{&quot;unit&quot;:&quot;px&quot;,&quot;size&quot;:&quot;-5&quot;,&quot;sizes&quot;:[]},&quot;_transform_translateX_effect_hover&quot;:{&quot;unit&quot;:&quot;px&quot;,&quot;size&quot;:&quot;&quot;,&quot;sizes&quot;:[]},&quot;_transform_translateX_effect_hover_tablet&quot;:{&quot;unit&quot;:&quot;px&quot;,&quot;size&quot;:&quot;&quot;,&quot;sizes&quot;:[]},&quot;_transform_translateX_effect_hover_mobile&quot;:{&quot;unit&quot;:&quot;px&quot;,&quot;size&quot;:&quot;&quot;,&quot;sizes&quot;:[]},&quot;_transform_translateY_effect_hover_tablet&quot;:{&quot;unit&quot;:&quot;px&quot;,&quot;size&quot;:&quot;&quot;,&quot;sizes&quot;:[]},&quot;_transform_translateY_effect_hover_mobile&quot;:{&quot;unit&quot;:&quot;px&quot;,&quot;size&quot;:&quot;&quot;,&quot;sizes&quot;:[]}}\" href=\"https:\/\/www.osfs.eu\/salesianum-rosental\/kinderkirche-im-salesianum\/\">\n\t\t\t\t\t<div class=\"e-con-inner\">\n\t\t\t\t<div class=\"elementor-element elementor-element-c5cdfba elementor-widget elementor-widget-theme-post-featured-image elementor-widget-image\" data-id=\"c5cdfba\" data-element_type=\"widget\" data-e-type=\"widget\" data-widget_type=\"theme-post-featured-image.default\">\n\t\t\t\t<div class=\"elementor-widget-container\">\n\t\t\t\t\t\t\t\t\t\t\t\t\t\t\t<img loading=\"lazy\" decoding=\"async\" width=\"1600\" height=\"900\" src=\"https:\/\/www.osfs.eu\/salesianum-rosental\/wp-content\/uploads\/sites\/8\/2025\/07\/rosental_kinderkirche_2025-07-06_06.jpg\" class=\"attachment-2048x2048 size-2048x2048 wp-image-2161\" alt=\"\" srcset=\"https:\/\/www.osfs.eu\/salesianum-rosental\/wp-content\/uploads\/sites\/8\/2025\/07\/rosental_kinderkirche_2025-07-06_06.jpg 1600w, https:\/\/www.osfs.eu\/salesianum-rosental\/wp-content\/uploads\/sites\/8\/2025\/07\/rosental_kinderkirche_2025-07-06_06-300x169.jpg 300w, https:\/\/www.osfs.eu\/salesianum-rosental\/wp-content\/uploads\/sites\/8\/2025\/07\/rosental_kinderkirche_2025-07-06_06-1024x576.jpg 1024w, https:\/\/www.osfs.eu\/salesianum-rosental\/wp-content\/uploads\/sites\/8\/2025\/07\/rosental_kinderkirche_2025-07-06_06-768x432.jpg 768w, https:\/\/www.osfs.eu\/salesianum-rosental\/wp-content\/uploads\/sites\/8\/2025\/07\/rosental_kinderkirche_2025-07-06_06-1536x864.jpg 1536w\" sizes=\"(max-width: 1600px) 100vw, 1600px\" \/>\t\t\t\t\t\t\t\t\t\t\t\t\t\t\t<\/div>\n\t\t\t\t<\/div>\n\t\t\t\t<div data-dce-text-color=\"#A3A3A3\" class=\"elementor-element elementor-element-906bdc5 elementor-widget elementor-widget-post-info\" data-id=\"906bdc5\" data-element_type=\"widget\" data-e-type=\"widget\" data-widget_type=\"post-info.default\">\n\t\t\t\t<div class=\"elementor-widget-container\">\n\t\t\t\t\t\t\t<ul class=\"elementor-inline-items elementor-icon-list-items elementor-post-info\">\n\t\t\t\t\t\t\t\t<li class=\"elementor-icon-list-item elementor-repeater-item-3f53913 elementor-inline-item\" itemprop=\"datePublished\">\n\t\t\t\t\t\t\t\t\t\t\t\t\t<span class=\"elementor-icon-list-text elementor-post-info__item elementor-post-info__item--type-date\">\n\t\t\t\t\t\t\t\t\t\t<time>Juli 6, 2025<\/time>\t\t\t\t\t<\/span>\n\t\t\t\t\t\t\t\t<\/li>\n\t\t\t\t<\/ul>\n\t\t\t\t\t\t<\/div>\n\t\t\t\t<\/div>\n\t\t\t\t<div data-dce-title-color=\"#555555\" class=\"elementor-element elementor-element-be7483d elementor-widget elementor-widget-theme-post-title elementor-page-title elementor-widget-heading\" data-id=\"be7483d\" data-element_type=\"widget\" data-e-type=\"widget\" data-widget_type=\"theme-post-title.default\">\n\t\t\t\t<div class=\"elementor-widget-container\">\n\t\t\t\t\t<h3 class=\"elementor-heading-title elementor-size-default\">Kinderkirche im Salesianum<\/h3>\t\t\t\t<\/div>\n\t\t\t\t<\/div>\n\t\t\t\t<div data-dce-title-color=\"#555555\" class=\"elementor-element elementor-element-4e6252c elementor-widget elementor-widget-theme-post-excerpt\" data-id=\"4e6252c\" data-element_type=\"widget\" data-e-type=\"widget\" data-widget_type=\"theme-post-excerpt.default\">\n\t\t\t\t<div class=\"elementor-widget-container\">\n\t\t\t\t\tAm Sonntag, 6. Juli 2025, wurde die Heilige Messe wieder von der Kinderkirche begleitet. Das Thema lautete: \"So sch\u00f6n ist die Welt\".\t\t\t\t<\/div>\n\t\t\t\t<\/div>\n\t\t\t\t\t<\/div>\n\t\t\t\t<\/a>\n\t\t\t\t<\/div>\n\t\t\t\t<div data-elementor-type=\"loop-item\" data-elementor-id=\"693\" class=\"elementor elementor-693 e-loop-item e-loop-item-2120 post-2120 post type-post status-publish format-standard has-post-thumbnail hentry category-allgemein\" data-elementor-post-type=\"elementor_library\" data-custom-edit-handle=\"1\">\n\t\t\t<a class=\"elementor-element elementor-element-79d8d6d e-transform e-flex e-con-boxed elementor-invisible e-con e-parent\" data-id=\"79d8d6d\" data-element_type=\"container\" data-e-type=\"container\" data-settings=\"{&quot;animation&quot;:&quot;fadeIn&quot;,&quot;_transform_translateY_effect_hover&quot;:{&quot;unit&quot;:&quot;px&quot;,&quot;size&quot;:&quot;-5&quot;,&quot;sizes&quot;:[]},&quot;_transform_translateX_effect_hover&quot;:{&quot;unit&quot;:&quot;px&quot;,&quot;size&quot;:&quot;&quot;,&quot;sizes&quot;:[]},&quot;_transform_translateX_effect_hover_tablet&quot;:{&quot;unit&quot;:&quot;px&quot;,&quot;size&quot;:&quot;&quot;,&quot;sizes&quot;:[]},&quot;_transform_translateX_effect_hover_mobile&quot;:{&quot;unit&quot;:&quot;px&quot;,&quot;size&quot;:&quot;&quot;,&quot;sizes&quot;:[]},&quot;_transform_translateY_effect_hover_tablet&quot;:{&quot;unit&quot;:&quot;px&quot;,&quot;size&quot;:&quot;&quot;,&quot;sizes&quot;:[]},&quot;_transform_translateY_effect_hover_mobile&quot;:{&quot;unit&quot;:&quot;px&quot;,&quot;size&quot;:&quot;&quot;,&quot;sizes&quot;:[]}}\" href=\"https:\/\/www.osfs.eu\/salesianum-rosental\/goldenes-priesterjubilaeum-von-p-josef-prinz-osfs\/\">\n\t\t\t\t\t<div class=\"e-con-inner\">\n\t\t\t\t<div class=\"elementor-element elementor-element-c5cdfba elementor-widget elementor-widget-theme-post-featured-image elementor-widget-image\" data-id=\"c5cdfba\" data-element_type=\"widget\" data-e-type=\"widget\" data-widget_type=\"theme-post-featured-image.default\">\n\t\t\t\t<div class=\"elementor-widget-container\">\n\t\t\t\t\t\t\t\t\t\t\t\t\t\t\t<img loading=\"lazy\" decoding=\"async\" width=\"1600\" height=\"900\" src=\"https:\/\/www.osfs.eu\/salesianum-rosental\/wp-content\/uploads\/sites\/8\/2025\/06\/rosental_50-priester-p-josef-prinz_2025-06-22_23.jpg\" class=\"attachment-2048x2048 size-2048x2048 wp-image-2144\" alt=\"\" srcset=\"https:\/\/www.osfs.eu\/salesianum-rosental\/wp-content\/uploads\/sites\/8\/2025\/06\/rosental_50-priester-p-josef-prinz_2025-06-22_23.jpg 1600w, https:\/\/www.osfs.eu\/salesianum-rosental\/wp-content\/uploads\/sites\/8\/2025\/06\/rosental_50-priester-p-josef-prinz_2025-06-22_23-300x169.jpg 300w, https:\/\/www.osfs.eu\/salesianum-rosental\/wp-content\/uploads\/sites\/8\/2025\/06\/rosental_50-priester-p-josef-prinz_2025-06-22_23-1024x576.jpg 1024w, https:\/\/www.osfs.eu\/salesianum-rosental\/wp-content\/uploads\/sites\/8\/2025\/06\/rosental_50-priester-p-josef-prinz_2025-06-22_23-768x432.jpg 768w, https:\/\/www.osfs.eu\/salesianum-rosental\/wp-content\/uploads\/sites\/8\/2025\/06\/rosental_50-priester-p-josef-prinz_2025-06-22_23-1536x864.jpg 1536w\" sizes=\"(max-width: 1600px) 100vw, 1600px\" \/>\t\t\t\t\t\t\t\t\t\t\t\t\t\t\t<\/div>\n\t\t\t\t<\/div>\n\t\t\t\t<div data-dce-text-color=\"#A3A3A3\" class=\"elementor-element elementor-element-906bdc5 elementor-widget elementor-widget-post-info\" data-id=\"906bdc5\" data-element_type=\"widget\" data-e-type=\"widget\" data-widget_type=\"post-info.default\">\n\t\t\t\t<div class=\"elementor-widget-container\">\n\t\t\t\t\t\t\t<ul class=\"elementor-inline-items elementor-icon-list-items elementor-post-info\">\n\t\t\t\t\t\t\t\t<li class=\"elementor-icon-list-item elementor-repeater-item-3f53913 elementor-inline-item\" itemprop=\"datePublished\">\n\t\t\t\t\t\t\t\t\t\t\t\t\t<span class=\"elementor-icon-list-text elementor-post-info__item elementor-post-info__item--type-date\">\n\t\t\t\t\t\t\t\t\t\t<time>Juni 22, 2025<\/time>\t\t\t\t\t<\/span>\n\t\t\t\t\t\t\t\t<\/li>\n\t\t\t\t<\/ul>\n\t\t\t\t\t\t<\/div>\n\t\t\t\t<\/div>\n\t\t\t\t<div data-dce-title-color=\"#555555\" class=\"elementor-element elementor-element-be7483d elementor-widget elementor-widget-theme-post-title elementor-page-title elementor-widget-heading\" data-id=\"be7483d\" data-element_type=\"widget\" data-e-type=\"widget\" data-widget_type=\"theme-post-title.default\">\n\t\t\t\t<div class=\"elementor-widget-container\">\n\t\t\t\t\t<h3 class=\"elementor-heading-title elementor-size-default\">Goldenes Priesterjubil\u00e4um von P. Josef Prinz OSFS<\/h3>\t\t\t\t<\/div>\n\t\t\t\t<\/div>\n\t\t\t\t<div data-dce-title-color=\"#555555\" class=\"elementor-element elementor-element-4e6252c elementor-widget elementor-widget-theme-post-excerpt\" data-id=\"4e6252c\" data-element_type=\"widget\" data-e-type=\"widget\" data-widget_type=\"theme-post-excerpt.default\">\n\t\t\t\t<div class=\"elementor-widget-container\">\n\t\t\t\t\tAm Sonntag, 22. Juni 2025, feierte Pater Josef Prinz OSFS im Salesianum Rosental bei strahlendem Sonnenschein sein Goldenes Priesterjubil\u00e4um.\t\t\t\t<\/div>\n\t\t\t\t<\/div>\n\t\t\t\t\t<\/div>\n\t\t\t\t<\/a>\n\t\t\t\t<\/div>\n\t\t\t\t<div data-elementor-type=\"loop-item\" data-elementor-id=\"693\" class=\"elementor elementor-693 e-loop-item e-loop-item-2099 post-2099 post type-post status-publish format-standard has-post-thumbnail hentry category-allgemein\" data-elementor-post-type=\"elementor_library\" data-custom-edit-handle=\"1\">\n\t\t\t<a class=\"elementor-element elementor-element-79d8d6d e-transform e-flex e-con-boxed elementor-invisible e-con e-parent\" data-id=\"79d8d6d\" data-element_type=\"container\" data-e-type=\"container\" data-settings=\"{&quot;animation&quot;:&quot;fadeIn&quot;,&quot;_transform_translateY_effect_hover&quot;:{&quot;unit&quot;:&quot;px&quot;,&quot;size&quot;:&quot;-5&quot;,&quot;sizes&quot;:[]},&quot;_transform_translateX_effect_hover&quot;:{&quot;unit&quot;:&quot;px&quot;,&quot;size&quot;:&quot;&quot;,&quot;sizes&quot;:[]},&quot;_transform_translateX_effect_hover_tablet&quot;:{&quot;unit&quot;:&quot;px&quot;,&quot;size&quot;:&quot;&quot;,&quot;sizes&quot;:[]},&quot;_transform_translateX_effect_hover_mobile&quot;:{&quot;unit&quot;:&quot;px&quot;,&quot;size&quot;:&quot;&quot;,&quot;sizes&quot;:[]},&quot;_transform_translateY_effect_hover_tablet&quot;:{&quot;unit&quot;:&quot;px&quot;,&quot;size&quot;:&quot;&quot;,&quot;sizes&quot;:[]},&quot;_transform_translateY_effect_hover_mobile&quot;:{&quot;unit&quot;:&quot;px&quot;,&quot;size&quot;:&quot;&quot;,&quot;sizes&quot;:[]}}\" href=\"https:\/\/www.osfs.eu\/salesianum-rosental\/heilige-messe-mit-ei-gsunga\/\">\n\t\t\t\t\t<div class=\"e-con-inner\">\n\t\t\t\t<div class=\"elementor-element elementor-element-c5cdfba elementor-widget elementor-widget-theme-post-featured-image elementor-widget-image\" data-id=\"c5cdfba\" data-element_type=\"widget\" data-e-type=\"widget\" data-widget_type=\"theme-post-featured-image.default\">\n\t\t\t\t<div class=\"elementor-widget-container\">\n\t\t\t\t\t\t\t\t\t\t\t\t\t\t\t<img loading=\"lazy\" decoding=\"async\" width=\"1600\" height=\"900\" src=\"https:\/\/www.osfs.eu\/salesianum-rosental\/wp-content\/uploads\/sites\/8\/2025\/05\/rosental_3ostersonntag_2025-05-04_07.jpg\" class=\"attachment-2048x2048 size-2048x2048 wp-image-2108\" alt=\"\" srcset=\"https:\/\/www.osfs.eu\/salesianum-rosental\/wp-content\/uploads\/sites\/8\/2025\/05\/rosental_3ostersonntag_2025-05-04_07.jpg 1600w, https:\/\/www.osfs.eu\/salesianum-rosental\/wp-content\/uploads\/sites\/8\/2025\/05\/rosental_3ostersonntag_2025-05-04_07-300x169.jpg 300w, https:\/\/www.osfs.eu\/salesianum-rosental\/wp-content\/uploads\/sites\/8\/2025\/05\/rosental_3ostersonntag_2025-05-04_07-1024x576.jpg 1024w, https:\/\/www.osfs.eu\/salesianum-rosental\/wp-content\/uploads\/sites\/8\/2025\/05\/rosental_3ostersonntag_2025-05-04_07-768x432.jpg 768w, https:\/\/www.osfs.eu\/salesianum-rosental\/wp-content\/uploads\/sites\/8\/2025\/05\/rosental_3ostersonntag_2025-05-04_07-1536x864.jpg 1536w\" sizes=\"(max-width: 1600px) 100vw, 1600px\" \/>\t\t\t\t\t\t\t\t\t\t\t\t\t\t\t<\/div>\n\t\t\t\t<\/div>\n\t\t\t\t<div data-dce-text-color=\"#A3A3A3\" class=\"elementor-element elementor-element-906bdc5 elementor-widget elementor-widget-post-info\" data-id=\"906bdc5\" data-element_type=\"widget\" data-e-type=\"widget\" data-widget_type=\"post-info.default\">\n\t\t\t\t<div class=\"elementor-widget-container\">\n\t\t\t\t\t\t\t<ul class=\"elementor-inline-items elementor-icon-list-items elementor-post-info\">\n\t\t\t\t\t\t\t\t<li class=\"elementor-icon-list-item elementor-repeater-item-3f53913 elementor-inline-item\" itemprop=\"datePublished\">\n\t\t\t\t\t\t\t\t\t\t\t\t\t<span class=\"elementor-icon-list-text elementor-post-info__item elementor-post-info__item--type-date\">\n\t\t\t\t\t\t\t\t\t\t<time>Mai 4, 2025<\/time>\t\t\t\t\t<\/span>\n\t\t\t\t\t\t\t\t<\/li>\n\t\t\t\t<\/ul>\n\t\t\t\t\t\t<\/div>\n\t\t\t\t<\/div>\n\t\t\t\t<div data-dce-title-color=\"#555555\" class=\"elementor-element elementor-element-be7483d elementor-widget elementor-widget-theme-post-title elementor-page-title elementor-widget-heading\" data-id=\"be7483d\" data-element_type=\"widget\" data-e-type=\"widget\" data-widget_type=\"theme-post-title.default\">\n\t\t\t\t<div class=\"elementor-widget-container\">\n\t\t\t\t\t<h3 class=\"elementor-heading-title elementor-size-default\">Heilige Messe mit EI-Gsunga<\/h3>\t\t\t\t<\/div>\n\t\t\t\t<\/div>\n\t\t\t\t<div data-dce-title-color=\"#555555\" class=\"elementor-element elementor-element-4e6252c elementor-widget elementor-widget-theme-post-excerpt\" data-id=\"4e6252c\" data-element_type=\"widget\" data-e-type=\"widget\" data-widget_type=\"theme-post-excerpt.default\">\n\t\t\t\t<div class=\"elementor-widget-container\">\n\t\t\t\t\tDie Heilige Messe am 3. Sonntag der Osterzeit, 4. Mai 2025, wurde musikalisch von der Gruppe EI-Gsunga gestaltet. Ebenfalls fand wieder eine Kinderkirche statt.\t\t\t\t<\/div>\n\t\t\t\t<\/div>\n\t\t\t\t\t<\/div>\n\t\t\t\t<\/a>\n\t\t\t\t<\/div>\n\t\t\t\t<div data-elementor-type=\"loop-item\" data-elementor-id=\"693\" class=\"elementor elementor-693 e-loop-item e-loop-item-2082 post-2082 post type-post status-publish format-standard has-post-thumbnail hentry category-allgemein\" data-elementor-post-type=\"elementor_library\" data-custom-edit-handle=\"1\">\n\t\t\t<a class=\"elementor-element elementor-element-79d8d6d e-transform e-flex e-con-boxed elementor-invisible e-con e-parent\" data-id=\"79d8d6d\" data-element_type=\"container\" data-e-type=\"container\" data-settings=\"{&quot;animation&quot;:&quot;fadeIn&quot;,&quot;_transform_translateY_effect_hover&quot;:{&quot;unit&quot;:&quot;px&quot;,&quot;size&quot;:&quot;-5&quot;,&quot;sizes&quot;:[]},&quot;_transform_translateX_effect_hover&quot;:{&quot;unit&quot;:&quot;px&quot;,&quot;size&quot;:&quot;&quot;,&quot;sizes&quot;:[]},&quot;_transform_translateX_effect_hover_tablet&quot;:{&quot;unit&quot;:&quot;px&quot;,&quot;size&quot;:&quot;&quot;,&quot;sizes&quot;:[]},&quot;_transform_translateX_effect_hover_mobile&quot;:{&quot;unit&quot;:&quot;px&quot;,&quot;size&quot;:&quot;&quot;,&quot;sizes&quot;:[]},&quot;_transform_translateY_effect_hover_tablet&quot;:{&quot;unit&quot;:&quot;px&quot;,&quot;size&quot;:&quot;&quot;,&quot;sizes&quot;:[]},&quot;_transform_translateY_effect_hover_mobile&quot;:{&quot;unit&quot;:&quot;px&quot;,&quot;size&quot;:&quot;&quot;,&quot;sizes&quot;:[]}}\" href=\"https:\/\/www.osfs.eu\/salesianum-rosental\/hoher-besuch-im-salesianum\/\">\n\t\t\t\t\t<div class=\"e-con-inner\">\n\t\t\t\t<div class=\"elementor-element elementor-element-c5cdfba elementor-widget elementor-widget-theme-post-featured-image elementor-widget-image\" data-id=\"c5cdfba\" data-element_type=\"widget\" data-e-type=\"widget\" data-widget_type=\"theme-post-featured-image.default\">\n\t\t\t\t<div class=\"elementor-widget-container\">\n\t\t\t\t\t\t\t\t\t\t\t\t\t\t\t<img loading=\"lazy\" decoding=\"async\" width=\"1600\" height=\"900\" src=\"https:\/\/www.osfs.eu\/salesianum-rosental\/wp-content\/uploads\/sites\/8\/2025\/04\/rosental_2Ostersonntag_2025-04-27_18.jpg\" class=\"attachment-2048x2048 size-2048x2048 wp-image-2086\" alt=\"\" srcset=\"https:\/\/www.osfs.eu\/salesianum-rosental\/wp-content\/uploads\/sites\/8\/2025\/04\/rosental_2Ostersonntag_2025-04-27_18.jpg 1600w, https:\/\/www.osfs.eu\/salesianum-rosental\/wp-content\/uploads\/sites\/8\/2025\/04\/rosental_2Ostersonntag_2025-04-27_18-300x169.jpg 300w, https:\/\/www.osfs.eu\/salesianum-rosental\/wp-content\/uploads\/sites\/8\/2025\/04\/rosental_2Ostersonntag_2025-04-27_18-1024x576.jpg 1024w, https:\/\/www.osfs.eu\/salesianum-rosental\/wp-content\/uploads\/sites\/8\/2025\/04\/rosental_2Ostersonntag_2025-04-27_18-768x432.jpg 768w, https:\/\/www.osfs.eu\/salesianum-rosental\/wp-content\/uploads\/sites\/8\/2025\/04\/rosental_2Ostersonntag_2025-04-27_18-1536x864.jpg 1536w\" sizes=\"(max-width: 1600px) 100vw, 1600px\" \/>\t\t\t\t\t\t\t\t\t\t\t\t\t\t\t<\/div>\n\t\t\t\t<\/div>\n\t\t\t\t<div data-dce-text-color=\"#A3A3A3\" class=\"elementor-element elementor-element-906bdc5 elementor-widget elementor-widget-post-info\" data-id=\"906bdc5\" data-element_type=\"widget\" data-e-type=\"widget\" data-widget_type=\"post-info.default\">\n\t\t\t\t<div class=\"elementor-widget-container\">\n\t\t\t\t\t\t\t<ul class=\"elementor-inline-items elementor-icon-list-items elementor-post-info\">\n\t\t\t\t\t\t\t\t<li class=\"elementor-icon-list-item elementor-repeater-item-3f53913 elementor-inline-item\" itemprop=\"datePublished\">\n\t\t\t\t\t\t\t\t\t\t\t\t\t<span class=\"elementor-icon-list-text elementor-post-info__item elementor-post-info__item--type-date\">\n\t\t\t\t\t\t\t\t\t\t<time>April 27, 2025<\/time>\t\t\t\t\t<\/span>\n\t\t\t\t\t\t\t\t<\/li>\n\t\t\t\t<\/ul>\n\t\t\t\t\t\t<\/div>\n\t\t\t\t<\/div>\n\t\t\t\t<div data-dce-title-color=\"#555555\" class=\"elementor-element elementor-element-be7483d elementor-widget elementor-widget-theme-post-title elementor-page-title elementor-widget-heading\" data-id=\"be7483d\" data-element_type=\"widget\" data-e-type=\"widget\" data-widget_type=\"theme-post-title.default\">\n\t\t\t\t<div class=\"elementor-widget-container\">\n\t\t\t\t\t<h3 class=\"elementor-heading-title elementor-size-default\">Hoher Besuch im Salesianum<\/h3>\t\t\t\t<\/div>\n\t\t\t\t<\/div>\n\t\t\t\t<div data-dce-title-color=\"#555555\" class=\"elementor-element elementor-element-4e6252c elementor-widget elementor-widget-theme-post-excerpt\" data-id=\"4e6252c\" data-element_type=\"widget\" data-e-type=\"widget\" data-widget_type=\"theme-post-excerpt.default\">\n\t\t\t\t<div class=\"elementor-widget-container\">\n\t\t\t\t\tAm 2. Sonntag nach Ostern, 27. April 2025, kam hoher Besuch ins Salesianum: Pater Barry Strong OSFS, Generalobere der Oblaten des heiligen Franz von Sales, und Pater Josef K\u00f6ltringer OSFS, Provinzial der Deutschsprachigen Provinz der Oblaten des heiligen Franz von Sales.\t\t\t\t<\/div>\n\t\t\t\t<\/div>\n\t\t\t\t\t<\/div>\n\t\t\t\t<\/a>\n\t\t\t\t<\/div>\n\t\t\t\t<div data-elementor-type=\"loop-item\" data-elementor-id=\"693\" class=\"elementor elementor-693 e-loop-item e-loop-item-2068 post-2068 post type-post status-publish format-standard has-post-thumbnail hentry category-allgemein\" data-elementor-post-type=\"elementor_library\" data-custom-edit-handle=\"1\">\n\t\t\t<a class=\"elementor-element elementor-element-79d8d6d e-transform e-flex e-con-boxed elementor-invisible e-con e-parent\" data-id=\"79d8d6d\" data-element_type=\"container\" data-e-type=\"container\" data-settings=\"{&quot;animation&quot;:&quot;fadeIn&quot;,&quot;_transform_translateY_effect_hover&quot;:{&quot;unit&quot;:&quot;px&quot;,&quot;size&quot;:&quot;-5&quot;,&quot;sizes&quot;:[]},&quot;_transform_translateX_effect_hover&quot;:{&quot;unit&quot;:&quot;px&quot;,&quot;size&quot;:&quot;&quot;,&quot;sizes&quot;:[]},&quot;_transform_translateX_effect_hover_tablet&quot;:{&quot;unit&quot;:&quot;px&quot;,&quot;size&quot;:&quot;&quot;,&quot;sizes&quot;:[]},&quot;_transform_translateX_effect_hover_mobile&quot;:{&quot;unit&quot;:&quot;px&quot;,&quot;size&quot;:&quot;&quot;,&quot;sizes&quot;:[]},&quot;_transform_translateY_effect_hover_tablet&quot;:{&quot;unit&quot;:&quot;px&quot;,&quot;size&quot;:&quot;&quot;,&quot;sizes&quot;:[]},&quot;_transform_translateY_effect_hover_mobile&quot;:{&quot;unit&quot;:&quot;px&quot;,&quot;size&quot;:&quot;&quot;,&quot;sizes&quot;:[]}}\" href=\"https:\/\/www.osfs.eu\/salesianum-rosental\/ostermontagsklatschen\/\">\n\t\t\t\t\t<div class=\"e-con-inner\">\n\t\t\t\t<div class=\"elementor-element elementor-element-c5cdfba elementor-widget elementor-widget-theme-post-featured-image elementor-widget-image\" data-id=\"c5cdfba\" data-element_type=\"widget\" data-e-type=\"widget\" data-widget_type=\"theme-post-featured-image.default\">\n\t\t\t\t<div class=\"elementor-widget-container\">\n\t\t\t\t\t\t\t\t\t\t\t\t\t\t\t<img loading=\"lazy\" decoding=\"async\" width=\"1600\" height=\"900\" src=\"https:\/\/www.osfs.eu\/salesianum-rosental\/wp-content\/uploads\/sites\/8\/2025\/04\/rosental_ostermontag_2025-04-21_06.jpg\" class=\"attachment-2048x2048 size-2048x2048 wp-image-2073\" alt=\"\" srcset=\"https:\/\/www.osfs.eu\/salesianum-rosental\/wp-content\/uploads\/sites\/8\/2025\/04\/rosental_ostermontag_2025-04-21_06.jpg 1600w, https:\/\/www.osfs.eu\/salesianum-rosental\/wp-content\/uploads\/sites\/8\/2025\/04\/rosental_ostermontag_2025-04-21_06-300x169.jpg 300w, https:\/\/www.osfs.eu\/salesianum-rosental\/wp-content\/uploads\/sites\/8\/2025\/04\/rosental_ostermontag_2025-04-21_06-1024x576.jpg 1024w, https:\/\/www.osfs.eu\/salesianum-rosental\/wp-content\/uploads\/sites\/8\/2025\/04\/rosental_ostermontag_2025-04-21_06-768x432.jpg 768w, https:\/\/www.osfs.eu\/salesianum-rosental\/wp-content\/uploads\/sites\/8\/2025\/04\/rosental_ostermontag_2025-04-21_06-1536x864.jpg 1536w\" sizes=\"(max-width: 1600px) 100vw, 1600px\" \/>\t\t\t\t\t\t\t\t\t\t\t\t\t\t\t<\/div>\n\t\t\t\t<\/div>\n\t\t\t\t<div data-dce-text-color=\"#A3A3A3\" class=\"elementor-element elementor-element-906bdc5 elementor-widget elementor-widget-post-info\" data-id=\"906bdc5\" data-element_type=\"widget\" data-e-type=\"widget\" data-widget_type=\"post-info.default\">\n\t\t\t\t<div class=\"elementor-widget-container\">\n\t\t\t\t\t\t\t<ul class=\"elementor-inline-items elementor-icon-list-items elementor-post-info\">\n\t\t\t\t\t\t\t\t<li class=\"elementor-icon-list-item elementor-repeater-item-3f53913 elementor-inline-item\" itemprop=\"datePublished\">\n\t\t\t\t\t\t\t\t\t\t\t\t\t<span class=\"elementor-icon-list-text elementor-post-info__item elementor-post-info__item--type-date\">\n\t\t\t\t\t\t\t\t\t\t<time>April 21, 2025<\/time>\t\t\t\t\t<\/span>\n\t\t\t\t\t\t\t\t<\/li>\n\t\t\t\t<\/ul>\n\t\t\t\t\t\t<\/div>\n\t\t\t\t<\/div>\n\t\t\t\t<div data-dce-title-color=\"#555555\" class=\"elementor-element elementor-element-be7483d elementor-widget elementor-widget-theme-post-title elementor-page-title elementor-widget-heading\" data-id=\"be7483d\" data-element_type=\"widget\" data-e-type=\"widget\" data-widget_type=\"theme-post-title.default\">\n\t\t\t\t<div class=\"elementor-widget-container\">\n\t\t\t\t\t<h3 class=\"elementor-heading-title elementor-size-default\">Ostermontagsklatschen<\/h3>\t\t\t\t<\/div>\n\t\t\t\t<\/div>\n\t\t\t\t<div data-dce-title-color=\"#555555\" class=\"elementor-element elementor-element-4e6252c elementor-widget elementor-widget-theme-post-excerpt\" data-id=\"4e6252c\" data-element_type=\"widget\" data-e-type=\"widget\" data-widget_type=\"theme-post-excerpt.default\">\n\t\t\t\t<div class=\"elementor-widget-container\">\n\t\t\t\t\tBei der Heiligen Messe am Ostermontag, 21. April 2025, wurde vom Zelebranten Pater Hans Schurm OSFS ein neuen Brauch eingef\u00fchrt: eine Minute kr\u00e4ftig klatschen f\u00fcr Gott.\t\t\t\t<\/div>\n\t\t\t\t<\/div>\n\t\t\t\t\t<\/div>\n\t\t\t\t<\/a>\n\t\t\t\t<\/div>\n\t\t\t\t<div data-elementor-type=\"loop-item\" data-elementor-id=\"693\" class=\"elementor elementor-693 e-loop-item e-loop-item-2051 post-2051 post type-post status-publish format-standard has-post-thumbnail hentry category-allgemein\" data-elementor-post-type=\"elementor_library\" data-custom-edit-handle=\"1\">\n\t\t\t<a class=\"elementor-element elementor-element-79d8d6d e-transform e-flex e-con-boxed elementor-invisible e-con e-parent\" data-id=\"79d8d6d\" data-element_type=\"container\" data-e-type=\"container\" data-settings=\"{&quot;animation&quot;:&quot;fadeIn&quot;,&quot;_transform_translateY_effect_hover&quot;:{&quot;unit&quot;:&quot;px&quot;,&quot;size&quot;:&quot;-5&quot;,&quot;sizes&quot;:[]},&quot;_transform_translateX_effect_hover&quot;:{&quot;unit&quot;:&quot;px&quot;,&quot;size&quot;:&quot;&quot;,&quot;sizes&quot;:[]},&quot;_transform_translateX_effect_hover_tablet&quot;:{&quot;unit&quot;:&quot;px&quot;,&quot;size&quot;:&quot;&quot;,&quot;sizes&quot;:[]},&quot;_transform_translateX_effect_hover_mobile&quot;:{&quot;unit&quot;:&quot;px&quot;,&quot;size&quot;:&quot;&quot;,&quot;sizes&quot;:[]},&quot;_transform_translateY_effect_hover_tablet&quot;:{&quot;unit&quot;:&quot;px&quot;,&quot;size&quot;:&quot;&quot;,&quot;sizes&quot;:[]},&quot;_transform_translateY_effect_hover_mobile&quot;:{&quot;unit&quot;:&quot;px&quot;,&quot;size&quot;:&quot;&quot;,&quot;sizes&quot;:[]}}\" href=\"https:\/\/www.osfs.eu\/salesianum-rosental\/osternacht\/\">\n\t\t\t\t\t<div class=\"e-con-inner\">\n\t\t\t\t<div class=\"elementor-element elementor-element-c5cdfba elementor-widget elementor-widget-theme-post-featured-image elementor-widget-image\" data-id=\"c5cdfba\" data-element_type=\"widget\" data-e-type=\"widget\" data-widget_type=\"theme-post-featured-image.default\">\n\t\t\t\t<div class=\"elementor-widget-container\">\n\t\t\t\t\t\t\t\t\t\t\t\t\t\t\t<img loading=\"lazy\" decoding=\"async\" width=\"1600\" height=\"1200\" src=\"https:\/\/www.osfs.eu\/salesianum-rosental\/wp-content\/uploads\/sites\/8\/2025\/04\/rosental_osternach_2025-04-19_06.jpg\" class=\"attachment-2048x2048 size-2048x2048 wp-image-2056\" alt=\"\" srcset=\"https:\/\/www.osfs.eu\/salesianum-rosental\/wp-content\/uploads\/sites\/8\/2025\/04\/rosental_osternach_2025-04-19_06.jpg 1600w, https:\/\/www.osfs.eu\/salesianum-rosental\/wp-content\/uploads\/sites\/8\/2025\/04\/rosental_osternach_2025-04-19_06-300x225.jpg 300w, https:\/\/www.osfs.eu\/salesianum-rosental\/wp-content\/uploads\/sites\/8\/2025\/04\/rosental_osternach_2025-04-19_06-1024x768.jpg 1024w, https:\/\/www.osfs.eu\/salesianum-rosental\/wp-content\/uploads\/sites\/8\/2025\/04\/rosental_osternach_2025-04-19_06-768x576.jpg 768w, https:\/\/www.osfs.eu\/salesianum-rosental\/wp-content\/uploads\/sites\/8\/2025\/04\/rosental_osternach_2025-04-19_06-1536x1152.jpg 1536w\" sizes=\"(max-width: 1600px) 100vw, 1600px\" \/>\t\t\t\t\t\t\t\t\t\t\t\t\t\t\t<\/div>\n\t\t\t\t<\/div>\n\t\t\t\t<div data-dce-text-color=\"#A3A3A3\" class=\"elementor-element elementor-element-906bdc5 elementor-widget elementor-widget-post-info\" data-id=\"906bdc5\" data-element_type=\"widget\" data-e-type=\"widget\" data-widget_type=\"post-info.default\">\n\t\t\t\t<div class=\"elementor-widget-container\">\n\t\t\t\t\t\t\t<ul class=\"elementor-inline-items elementor-icon-list-items elementor-post-info\">\n\t\t\t\t\t\t\t\t<li class=\"elementor-icon-list-item elementor-repeater-item-3f53913 elementor-inline-item\" itemprop=\"datePublished\">\n\t\t\t\t\t\t\t\t\t\t\t\t\t<span class=\"elementor-icon-list-text elementor-post-info__item elementor-post-info__item--type-date\">\n\t\t\t\t\t\t\t\t\t\t<time>April 19, 2025<\/time>\t\t\t\t\t<\/span>\n\t\t\t\t\t\t\t\t<\/li>\n\t\t\t\t<\/ul>\n\t\t\t\t\t\t<\/div>\n\t\t\t\t<\/div>\n\t\t\t\t<div data-dce-title-color=\"#555555\" class=\"elementor-element elementor-element-be7483d elementor-widget elementor-widget-theme-post-title elementor-page-title elementor-widget-heading\" data-id=\"be7483d\" data-element_type=\"widget\" data-e-type=\"widget\" data-widget_type=\"theme-post-title.default\">\n\t\t\t\t<div class=\"elementor-widget-container\">\n\t\t\t\t\t<h3 class=\"elementor-heading-title elementor-size-default\">Osternacht<\/h3>\t\t\t\t<\/div>\n\t\t\t\t<\/div>\n\t\t\t\t<div data-dce-title-color=\"#555555\" class=\"elementor-element elementor-element-4e6252c elementor-widget elementor-widget-theme-post-excerpt\" data-id=\"4e6252c\" data-element_type=\"widget\" data-e-type=\"widget\" data-widget_type=\"theme-post-excerpt.default\">\n\t\t\t\t<div class=\"elementor-widget-container\">\n\t\t\t\t\tDie Feier der Osternacht im Salesianum Rosental am Samstag, 19. April 2025, begann mit der Feuersegnung und dem Entz\u00fcnden der Osterkerze.\t\t\t\t<\/div>\n\t\t\t\t<\/div>\n\t\t\t\t\t<\/div>\n\t\t\t\t<\/a>\n\t\t\t\t<\/div>\n\t\t\t\t<div data-elementor-type=\"loop-item\" data-elementor-id=\"693\" class=\"elementor elementor-693 e-loop-item e-loop-item-2048 post-2048 post type-post status-publish format-standard has-post-thumbnail hentry category-allgemein\" data-elementor-post-type=\"elementor_library\" data-custom-edit-handle=\"1\">\n\t\t\t<a class=\"elementor-element elementor-element-79d8d6d e-transform e-flex e-con-boxed elementor-invisible e-con e-parent\" data-id=\"79d8d6d\" data-element_type=\"container\" data-e-type=\"container\" data-settings=\"{&quot;animation&quot;:&quot;fadeIn&quot;,&quot;_transform_translateY_effect_hover&quot;:{&quot;unit&quot;:&quot;px&quot;,&quot;size&quot;:&quot;-5&quot;,&quot;sizes&quot;:[]},&quot;_transform_translateX_effect_hover&quot;:{&quot;unit&quot;:&quot;px&quot;,&quot;size&quot;:&quot;&quot;,&quot;sizes&quot;:[]},&quot;_transform_translateX_effect_hover_tablet&quot;:{&quot;unit&quot;:&quot;px&quot;,&quot;size&quot;:&quot;&quot;,&quot;sizes&quot;:[]},&quot;_transform_translateX_effect_hover_mobile&quot;:{&quot;unit&quot;:&quot;px&quot;,&quot;size&quot;:&quot;&quot;,&quot;sizes&quot;:[]},&quot;_transform_translateY_effect_hover_tablet&quot;:{&quot;unit&quot;:&quot;px&quot;,&quot;size&quot;:&quot;&quot;,&quot;sizes&quot;:[]},&quot;_transform_translateY_effect_hover_mobile&quot;:{&quot;unit&quot;:&quot;px&quot;,&quot;size&quot;:&quot;&quot;,&quot;sizes&quot;:[]}}\" href=\"https:\/\/www.osfs.eu\/salesianum-rosental\/ein-gesegnetes-osterfest\/\">\n\t\t\t\t\t<div class=\"e-con-inner\">\n\t\t\t\t<div class=\"elementor-element elementor-element-c5cdfba elementor-widget elementor-widget-theme-post-featured-image elementor-widget-image\" data-id=\"c5cdfba\" data-element_type=\"widget\" data-e-type=\"widget\" data-widget_type=\"theme-post-featured-image.default\">\n\t\t\t\t<div class=\"elementor-widget-container\">\n\t\t\t\t\t\t\t\t\t\t\t\t\t\t\t<img loading=\"lazy\" decoding=\"async\" width=\"1920\" height=\"1080\" src=\"https:\/\/www.osfs.eu\/salesianum-rosental\/wp-content\/uploads\/sites\/8\/2025\/04\/easter-5009554_by_Griesshammer_pixabay_pfarrbriefservice.jpg\" class=\"attachment-2048x2048 size-2048x2048 wp-image-2049\" alt=\"\" srcset=\"https:\/\/www.osfs.eu\/salesianum-rosental\/wp-content\/uploads\/sites\/8\/2025\/04\/easter-5009554_by_Griesshammer_pixabay_pfarrbriefservice.jpg 1920w, https:\/\/www.osfs.eu\/salesianum-rosental\/wp-content\/uploads\/sites\/8\/2025\/04\/easter-5009554_by_Griesshammer_pixabay_pfarrbriefservice-300x169.jpg 300w, https:\/\/www.osfs.eu\/salesianum-rosental\/wp-content\/uploads\/sites\/8\/2025\/04\/easter-5009554_by_Griesshammer_pixabay_pfarrbriefservice-1024x576.jpg 1024w, https:\/\/www.osfs.eu\/salesianum-rosental\/wp-content\/uploads\/sites\/8\/2025\/04\/easter-5009554_by_Griesshammer_pixabay_pfarrbriefservice-768x432.jpg 768w, https:\/\/www.osfs.eu\/salesianum-rosental\/wp-content\/uploads\/sites\/8\/2025\/04\/easter-5009554_by_Griesshammer_pixabay_pfarrbriefservice-1536x864.jpg 1536w\" sizes=\"(max-width: 1920px) 100vw, 1920px\" \/>\t\t\t\t\t\t\t\t\t\t\t\t\t\t\t<\/div>\n\t\t\t\t<\/div>\n\t\t\t\t<div data-dce-text-color=\"#A3A3A3\" class=\"elementor-element elementor-element-906bdc5 elementor-widget elementor-widget-post-info\" data-id=\"906bdc5\" data-element_type=\"widget\" data-e-type=\"widget\" data-widget_type=\"post-info.default\">\n\t\t\t\t<div class=\"elementor-widget-container\">\n\t\t\t\t\t\t\t<ul class=\"elementor-inline-items elementor-icon-list-items elementor-post-info\">\n\t\t\t\t\t\t\t\t<li class=\"elementor-icon-list-item elementor-repeater-item-3f53913 elementor-inline-item\" itemprop=\"datePublished\">\n\t\t\t\t\t\t\t\t\t\t\t\t\t<span class=\"elementor-icon-list-text elementor-post-info__item elementor-post-info__item--type-date\">\n\t\t\t\t\t\t\t\t\t\t<time>April 19, 2025<\/time>\t\t\t\t\t<\/span>\n\t\t\t\t\t\t\t\t<\/li>\n\t\t\t\t<\/ul>\n\t\t\t\t\t\t<\/div>\n\t\t\t\t<\/div>\n\t\t\t\t<div data-dce-title-color=\"#555555\" class=\"elementor-element elementor-element-be7483d elementor-widget elementor-widget-theme-post-title elementor-page-title elementor-widget-heading\" data-id=\"be7483d\" data-element_type=\"widget\" data-e-type=\"widget\" data-widget_type=\"theme-post-title.default\">\n\t\t\t\t<div class=\"elementor-widget-container\">\n\t\t\t\t\t<h3 class=\"elementor-heading-title elementor-size-default\">Ein gesegnetes Osterfest<\/h3>\t\t\t\t<\/div>\n\t\t\t\t<\/div>\n\t\t\t\t<div data-dce-title-color=\"#555555\" class=\"elementor-element elementor-element-4e6252c elementor-widget elementor-widget-theme-post-excerpt\" data-id=\"4e6252c\" data-element_type=\"widget\" data-e-type=\"widget\" data-widget_type=\"theme-post-excerpt.default\">\n\t\t\t\t<div class=\"elementor-widget-container\">\n\t\t\t\t\tw\u00fcnschen die Oblaten des heiligen Franz von Sales der Deutschsprachigen Provinz. \u201eIn Jesus sehe ich die Herrlichkeit, den Sieg \u00fcber den Tod und die Hoffnung auf unsere Auferstehung.\u201c Franz von Sales (DASal 12,42)\t\t\t\t<\/div>\n\t\t\t\t<\/div>\n\t\t\t\t\t<\/div>\n\t\t\t\t<\/a>\n\t\t\t\t<\/div>\n\t\t\t\t<div data-elementor-type=\"loop-item\" data-elementor-id=\"693\" class=\"elementor elementor-693 e-loop-item e-loop-item-2030 post-2030 post type-post status-publish format-standard has-post-thumbnail hentry category-allgemein\" data-elementor-post-type=\"elementor_library\" data-custom-edit-handle=\"1\">\n\t\t\t<a class=\"elementor-element elementor-element-79d8d6d e-transform e-flex e-con-boxed elementor-invisible e-con e-parent\" data-id=\"79d8d6d\" data-element_type=\"container\" data-e-type=\"container\" data-settings=\"{&quot;animation&quot;:&quot;fadeIn&quot;,&quot;_transform_translateY_effect_hover&quot;:{&quot;unit&quot;:&quot;px&quot;,&quot;size&quot;:&quot;-5&quot;,&quot;sizes&quot;:[]},&quot;_transform_translateX_effect_hover&quot;:{&quot;unit&quot;:&quot;px&quot;,&quot;size&quot;:&quot;&quot;,&quot;sizes&quot;:[]},&quot;_transform_translateX_effect_hover_tablet&quot;:{&quot;unit&quot;:&quot;px&quot;,&quot;size&quot;:&quot;&quot;,&quot;sizes&quot;:[]},&quot;_transform_translateX_effect_hover_mobile&quot;:{&quot;unit&quot;:&quot;px&quot;,&quot;size&quot;:&quot;&quot;,&quot;sizes&quot;:[]},&quot;_transform_translateY_effect_hover_tablet&quot;:{&quot;unit&quot;:&quot;px&quot;,&quot;size&quot;:&quot;&quot;,&quot;sizes&quot;:[]},&quot;_transform_translateY_effect_hover_mobile&quot;:{&quot;unit&quot;:&quot;px&quot;,&quot;size&quot;:&quot;&quot;,&quot;sizes&quot;:[]}}\" href=\"https:\/\/www.osfs.eu\/salesianum-rosental\/heilige-messe-mit-blaesergruppe\/\">\n\t\t\t\t\t<div class=\"e-con-inner\">\n\t\t\t\t<div class=\"elementor-element elementor-element-c5cdfba elementor-widget elementor-widget-theme-post-featured-image elementor-widget-image\" data-id=\"c5cdfba\" data-element_type=\"widget\" data-e-type=\"widget\" data-widget_type=\"theme-post-featured-image.default\">\n\t\t\t\t<div class=\"elementor-widget-container\">\n\t\t\t\t\t\t\t\t\t\t\t\t\t\t\t<img loading=\"lazy\" decoding=\"async\" width=\"1600\" height=\"900\" src=\"https:\/\/www.osfs.eu\/salesianum-rosental\/wp-content\/uploads\/sites\/8\/2025\/04\/rosental_fuenfterfastensonntag-mitblaesergruppe_2025-04-06.jpg\" class=\"attachment-2048x2048 size-2048x2048 wp-image-2035\" alt=\"\" srcset=\"https:\/\/www.osfs.eu\/salesianum-rosental\/wp-content\/uploads\/sites\/8\/2025\/04\/rosental_fuenfterfastensonntag-mitblaesergruppe_2025-04-06.jpg 1600w, https:\/\/www.osfs.eu\/salesianum-rosental\/wp-content\/uploads\/sites\/8\/2025\/04\/rosental_fuenfterfastensonntag-mitblaesergruppe_2025-04-06-300x169.jpg 300w, https:\/\/www.osfs.eu\/salesianum-rosental\/wp-content\/uploads\/sites\/8\/2025\/04\/rosental_fuenfterfastensonntag-mitblaesergruppe_2025-04-06-1024x576.jpg 1024w, https:\/\/www.osfs.eu\/salesianum-rosental\/wp-content\/uploads\/sites\/8\/2025\/04\/rosental_fuenfterfastensonntag-mitblaesergruppe_2025-04-06-768x432.jpg 768w, https:\/\/www.osfs.eu\/salesianum-rosental\/wp-content\/uploads\/sites\/8\/2025\/04\/rosental_fuenfterfastensonntag-mitblaesergruppe_2025-04-06-1536x864.jpg 1536w\" sizes=\"(max-width: 1600px) 100vw, 1600px\" \/>\t\t\t\t\t\t\t\t\t\t\t\t\t\t\t<\/div>\n\t\t\t\t<\/div>\n\t\t\t\t<div data-dce-text-color=\"#A3A3A3\" class=\"elementor-element elementor-element-906bdc5 elementor-widget elementor-widget-post-info\" data-id=\"906bdc5\" data-element_type=\"widget\" data-e-type=\"widget\" data-widget_type=\"post-info.default\">\n\t\t\t\t<div class=\"elementor-widget-container\">\n\t\t\t\t\t\t\t<ul class=\"elementor-inline-items elementor-icon-list-items elementor-post-info\">\n\t\t\t\t\t\t\t\t<li class=\"elementor-icon-list-item elementor-repeater-item-3f53913 elementor-inline-item\" itemprop=\"datePublished\">\n\t\t\t\t\t\t\t\t\t\t\t\t\t<span class=\"elementor-icon-list-text elementor-post-info__item elementor-post-info__item--type-date\">\n\t\t\t\t\t\t\t\t\t\t<time>April 6, 2025<\/time>\t\t\t\t\t<\/span>\n\t\t\t\t\t\t\t\t<\/li>\n\t\t\t\t<\/ul>\n\t\t\t\t\t\t<\/div>\n\t\t\t\t<\/div>\n\t\t\t\t<div data-dce-title-color=\"#555555\" class=\"elementor-element elementor-element-be7483d elementor-widget elementor-widget-theme-post-title elementor-page-title elementor-widget-heading\" data-id=\"be7483d\" data-element_type=\"widget\" data-e-type=\"widget\" data-widget_type=\"theme-post-title.default\">\n\t\t\t\t<div class=\"elementor-widget-container\">\n\t\t\t\t\t<h3 class=\"elementor-heading-title elementor-size-default\">Heilige Messe mit Bl\u00e4sergruppe<\/h3>\t\t\t\t<\/div>\n\t\t\t\t<\/div>\n\t\t\t\t<div data-dce-title-color=\"#555555\" class=\"elementor-element elementor-element-4e6252c elementor-widget elementor-widget-theme-post-excerpt\" data-id=\"4e6252c\" data-element_type=\"widget\" data-e-type=\"widget\" data-widget_type=\"theme-post-excerpt.default\">\n\t\t\t\t<div class=\"elementor-widget-container\">\n\t\t\t\t\tAm 5. Fastensonntag, 6. April 2025, wurde die Heilige Messe von einer Bl\u00e4sergruppe der Stadtkapelle Eichst\u00e4tt musikalisch gestaltet.\t\t\t\t<\/div>\n\t\t\t\t<\/div>\n\t\t\t\t\t<\/div>\n\t\t\t\t<\/a>\n\t\t\t\t<\/div>\n\t\t\t\t<div data-elementor-type=\"loop-item\" data-elementor-id=\"693\" class=\"elementor elementor-693 e-loop-item e-loop-item-2011 post-2011 post type-post status-publish format-standard has-post-thumbnail hentry category-allgemein\" data-elementor-post-type=\"elementor_library\" data-custom-edit-handle=\"1\">\n\t\t\t<a class=\"elementor-element elementor-element-79d8d6d e-transform e-flex e-con-boxed elementor-invisible e-con e-parent\" data-id=\"79d8d6d\" data-element_type=\"container\" data-e-type=\"container\" data-settings=\"{&quot;animation&quot;:&quot;fadeIn&quot;,&quot;_transform_translateY_effect_hover&quot;:{&quot;unit&quot;:&quot;px&quot;,&quot;size&quot;:&quot;-5&quot;,&quot;sizes&quot;:[]},&quot;_transform_translateX_effect_hover&quot;:{&quot;unit&quot;:&quot;px&quot;,&quot;size&quot;:&quot;&quot;,&quot;sizes&quot;:[]},&quot;_transform_translateX_effect_hover_tablet&quot;:{&quot;unit&quot;:&quot;px&quot;,&quot;size&quot;:&quot;&quot;,&quot;sizes&quot;:[]},&quot;_transform_translateX_effect_hover_mobile&quot;:{&quot;unit&quot;:&quot;px&quot;,&quot;size&quot;:&quot;&quot;,&quot;sizes&quot;:[]},&quot;_transform_translateY_effect_hover_tablet&quot;:{&quot;unit&quot;:&quot;px&quot;,&quot;size&quot;:&quot;&quot;,&quot;sizes&quot;:[]},&quot;_transform_translateY_effect_hover_mobile&quot;:{&quot;unit&quot;:&quot;px&quot;,&quot;size&quot;:&quot;&quot;,&quot;sizes&quot;:[]}}\" href=\"https:\/\/www.osfs.eu\/salesianum-rosental\/dritter-fastensonntag-mit-frauenchor\/\">\n\t\t\t\t\t<div class=\"e-con-inner\">\n\t\t\t\t<div class=\"elementor-element elementor-element-c5cdfba elementor-widget elementor-widget-theme-post-featured-image elementor-widget-image\" data-id=\"c5cdfba\" data-element_type=\"widget\" data-e-type=\"widget\" data-widget_type=\"theme-post-featured-image.default\">\n\t\t\t\t<div class=\"elementor-widget-container\">\n\t\t\t\t\t\t\t\t\t\t\t\t\t\t\t<img loading=\"lazy\" decoding=\"async\" width=\"1600\" height=\"900\" src=\"https:\/\/www.osfs.eu\/salesianum-rosental\/wp-content\/uploads\/sites\/8\/2025\/03\/rosental_dritterfastensonntag_2025-03-23_04.jpg\" class=\"attachment-2048x2048 size-2048x2048 wp-image-2014\" alt=\"\" srcset=\"https:\/\/www.osfs.eu\/salesianum-rosental\/wp-content\/uploads\/sites\/8\/2025\/03\/rosental_dritterfastensonntag_2025-03-23_04.jpg 1600w, https:\/\/www.osfs.eu\/salesianum-rosental\/wp-content\/uploads\/sites\/8\/2025\/03\/rosental_dritterfastensonntag_2025-03-23_04-300x169.jpg 300w, https:\/\/www.osfs.eu\/salesianum-rosental\/wp-content\/uploads\/sites\/8\/2025\/03\/rosental_dritterfastensonntag_2025-03-23_04-1024x576.jpg 1024w, https:\/\/www.osfs.eu\/salesianum-rosental\/wp-content\/uploads\/sites\/8\/2025\/03\/rosental_dritterfastensonntag_2025-03-23_04-768x432.jpg 768w, https:\/\/www.osfs.eu\/salesianum-rosental\/wp-content\/uploads\/sites\/8\/2025\/03\/rosental_dritterfastensonntag_2025-03-23_04-1536x864.jpg 1536w\" sizes=\"(max-width: 1600px) 100vw, 1600px\" \/>\t\t\t\t\t\t\t\t\t\t\t\t\t\t\t<\/div>\n\t\t\t\t<\/div>\n\t\t\t\t<div data-dce-text-color=\"#A3A3A3\" class=\"elementor-element elementor-element-906bdc5 elementor-widget elementor-widget-post-info\" data-id=\"906bdc5\" data-element_type=\"widget\" data-e-type=\"widget\" data-widget_type=\"post-info.default\">\n\t\t\t\t<div class=\"elementor-widget-container\">\n\t\t\t\t\t\t\t<ul class=\"elementor-inline-items elementor-icon-list-items elementor-post-info\">\n\t\t\t\t\t\t\t\t<li class=\"elementor-icon-list-item elementor-repeater-item-3f53913 elementor-inline-item\" itemprop=\"datePublished\">\n\t\t\t\t\t\t\t\t\t\t\t\t\t<span class=\"elementor-icon-list-text elementor-post-info__item elementor-post-info__item--type-date\">\n\t\t\t\t\t\t\t\t\t\t<time>M\u00e4rz 23, 2025<\/time>\t\t\t\t\t<\/span>\n\t\t\t\t\t\t\t\t<\/li>\n\t\t\t\t<\/ul>\n\t\t\t\t\t\t<\/div>\n\t\t\t\t<\/div>\n\t\t\t\t<div data-dce-title-color=\"#555555\" class=\"elementor-element elementor-element-be7483d elementor-widget elementor-widget-theme-post-title elementor-page-title elementor-widget-heading\" data-id=\"be7483d\" data-element_type=\"widget\" data-e-type=\"widget\" data-widget_type=\"theme-post-title.default\">\n\t\t\t\t<div class=\"elementor-widget-container\">\n\t\t\t\t\t<h3 class=\"elementor-heading-title elementor-size-default\">Dritter Fastensonntag mit Frauenchor<\/h3>\t\t\t\t<\/div>\n\t\t\t\t<\/div>\n\t\t\t\t<div data-dce-title-color=\"#555555\" class=\"elementor-element elementor-element-4e6252c elementor-widget elementor-widget-theme-post-excerpt\" data-id=\"4e6252c\" data-element_type=\"widget\" data-e-type=\"widget\" data-widget_type=\"theme-post-excerpt.default\">\n\t\t\t\t<div class=\"elementor-widget-container\">\n\t\t\t\t\tAm 3. Fastensonntag, 23. M\u00e4rz 2025, gestaltete der Frauenchor von Adelschlag die Heilige Messe. Zelebrant war Pater Josef Prinz OSFS.\t\t\t\t<\/div>\n\t\t\t\t<\/div>\n\t\t\t\t\t<\/div>\n\t\t\t\t<\/a>\n\t\t\t\t<\/div>\n\t\t\t\t<div data-elementor-type=\"loop-item\" data-elementor-id=\"693\" class=\"elementor elementor-693 e-loop-item e-loop-item-1851 post-1851 post type-post status-publish format-standard has-post-thumbnail hentry category-allgemein\" data-elementor-post-type=\"elementor_library\" data-custom-edit-handle=\"1\">\n\t\t\t<a class=\"elementor-element elementor-element-79d8d6d e-transform e-flex e-con-boxed elementor-invisible e-con e-parent\" data-id=\"79d8d6d\" data-element_type=\"container\" data-e-type=\"container\" data-settings=\"{&quot;animation&quot;:&quot;fadeIn&quot;,&quot;_transform_translateY_effect_hover&quot;:{&quot;unit&quot;:&quot;px&quot;,&quot;size&quot;:&quot;-5&quot;,&quot;sizes&quot;:[]},&quot;_transform_translateX_effect_hover&quot;:{&quot;unit&quot;:&quot;px&quot;,&quot;size&quot;:&quot;&quot;,&quot;sizes&quot;:[]},&quot;_transform_translateX_effect_hover_tablet&quot;:{&quot;unit&quot;:&quot;px&quot;,&quot;size&quot;:&quot;&quot;,&quot;sizes&quot;:[]},&quot;_transform_translateX_effect_hover_mobile&quot;:{&quot;unit&quot;:&quot;px&quot;,&quot;size&quot;:&quot;&quot;,&quot;sizes&quot;:[]},&quot;_transform_translateY_effect_hover_tablet&quot;:{&quot;unit&quot;:&quot;px&quot;,&quot;size&quot;:&quot;&quot;,&quot;sizes&quot;:[]},&quot;_transform_translateY_effect_hover_mobile&quot;:{&quot;unit&quot;:&quot;px&quot;,&quot;size&quot;:&quot;&quot;,&quot;sizes&quot;:[]}}\" href=\"https:\/\/www.osfs.eu\/salesianum-rosental\/franz-von-sales-fest\/\">\n\t\t\t\t\t<div class=\"e-con-inner\">\n\t\t\t\t<div class=\"elementor-element elementor-element-c5cdfba elementor-widget elementor-widget-theme-post-featured-image elementor-widget-image\" data-id=\"c5cdfba\" data-element_type=\"widget\" data-e-type=\"widget\" data-widget_type=\"theme-post-featured-image.default\">\n\t\t\t\t<div class=\"elementor-widget-container\">\n\t\t\t\t\t\t\t\t\t\t\t\t\t\t\t<img loading=\"lazy\" decoding=\"async\" width=\"1600\" height=\"900\" src=\"https:\/\/www.osfs.eu\/salesianum-rosental\/wp-content\/uploads\/sites\/8\/2025\/01\/rosental_franz-von-sales-fest_2025-01-26_26.jpg\" class=\"attachment-2048x2048 size-2048x2048 wp-image-1997\" alt=\"\" srcset=\"https:\/\/www.osfs.eu\/salesianum-rosental\/wp-content\/uploads\/sites\/8\/2025\/01\/rosental_franz-von-sales-fest_2025-01-26_26.jpg 1600w, https:\/\/www.osfs.eu\/salesianum-rosental\/wp-content\/uploads\/sites\/8\/2025\/01\/rosental_franz-von-sales-fest_2025-01-26_26-300x169.jpg 300w, https:\/\/www.osfs.eu\/salesianum-rosental\/wp-content\/uploads\/sites\/8\/2025\/01\/rosental_franz-von-sales-fest_2025-01-26_26-1024x576.jpg 1024w, https:\/\/www.osfs.eu\/salesianum-rosental\/wp-content\/uploads\/sites\/8\/2025\/01\/rosental_franz-von-sales-fest_2025-01-26_26-768x432.jpg 768w, https:\/\/www.osfs.eu\/salesianum-rosental\/wp-content\/uploads\/sites\/8\/2025\/01\/rosental_franz-von-sales-fest_2025-01-26_26-1536x864.jpg 1536w\" sizes=\"(max-width: 1600px) 100vw, 1600px\" \/>\t\t\t\t\t\t\t\t\t\t\t\t\t\t\t<\/div>\n\t\t\t\t<\/div>\n\t\t\t\t<div data-dce-text-color=\"#A3A3A3\" class=\"elementor-element elementor-element-906bdc5 elementor-widget elementor-widget-post-info\" data-id=\"906bdc5\" data-element_type=\"widget\" data-e-type=\"widget\" data-widget_type=\"post-info.default\">\n\t\t\t\t<div class=\"elementor-widget-container\">\n\t\t\t\t\t\t\t<ul class=\"elementor-inline-items elementor-icon-list-items elementor-post-info\">\n\t\t\t\t\t\t\t\t<li class=\"elementor-icon-list-item elementor-repeater-item-3f53913 elementor-inline-item\" itemprop=\"datePublished\">\n\t\t\t\t\t\t\t\t\t\t\t\t\t<span class=\"elementor-icon-list-text elementor-post-info__item elementor-post-info__item--type-date\">\n\t\t\t\t\t\t\t\t\t\t<time>Januar 26, 2025<\/time>\t\t\t\t\t<\/span>\n\t\t\t\t\t\t\t\t<\/li>\n\t\t\t\t<\/ul>\n\t\t\t\t\t\t<\/div>\n\t\t\t\t<\/div>\n\t\t\t\t<div data-dce-title-color=\"#555555\" class=\"elementor-element elementor-element-be7483d elementor-widget elementor-widget-theme-post-title elementor-page-title elementor-widget-heading\" data-id=\"be7483d\" data-element_type=\"widget\" data-e-type=\"widget\" data-widget_type=\"theme-post-title.default\">\n\t\t\t\t<div class=\"elementor-widget-container\">\n\t\t\t\t\t<h3 class=\"elementor-heading-title elementor-size-default\">Franz von Sales Fest<\/h3>\t\t\t\t<\/div>\n\t\t\t\t<\/div>\n\t\t\t\t<div data-dce-title-color=\"#555555\" class=\"elementor-element elementor-element-4e6252c elementor-widget elementor-widget-theme-post-excerpt\" data-id=\"4e6252c\" data-element_type=\"widget\" data-e-type=\"widget\" data-widget_type=\"theme-post-excerpt.default\">\n\t\t\t\t<div class=\"elementor-widget-container\">\n\t\t\t\t\tAm Sonntag, 26. Januar 2025, wurde im Salesianum das Fest des heiligen Franz von Sales gefeiert. Festprediger war der Regensburger Weihbischof Reinhard Pappenberger. Die musikalische Gestaltung \u00fcbernahm der Chor Mittendrin unter der Leitung von Regina Michl.\t\t\t\t<\/div>\n\t\t\t\t<\/div>\n\t\t\t\t\t<\/div>\n\t\t\t\t<\/a>\n\t\t\t\t<\/div>\n\t\t\t\t<div data-elementor-type=\"loop-item\" data-elementor-id=\"693\" class=\"elementor elementor-693 e-loop-item e-loop-item-1829 post-1829 post type-post status-publish format-standard has-post-thumbnail hentry category-allgemein\" data-elementor-post-type=\"elementor_library\" data-custom-edit-handle=\"1\">\n\t\t\t<a class=\"elementor-element elementor-element-79d8d6d e-transform e-flex e-con-boxed elementor-invisible e-con e-parent\" data-id=\"79d8d6d\" data-element_type=\"container\" data-e-type=\"container\" data-settings=\"{&quot;animation&quot;:&quot;fadeIn&quot;,&quot;_transform_translateY_effect_hover&quot;:{&quot;unit&quot;:&quot;px&quot;,&quot;size&quot;:&quot;-5&quot;,&quot;sizes&quot;:[]},&quot;_transform_translateX_effect_hover&quot;:{&quot;unit&quot;:&quot;px&quot;,&quot;size&quot;:&quot;&quot;,&quot;sizes&quot;:[]},&quot;_transform_translateX_effect_hover_tablet&quot;:{&quot;unit&quot;:&quot;px&quot;,&quot;size&quot;:&quot;&quot;,&quot;sizes&quot;:[]},&quot;_transform_translateX_effect_hover_mobile&quot;:{&quot;unit&quot;:&quot;px&quot;,&quot;size&quot;:&quot;&quot;,&quot;sizes&quot;:[]},&quot;_transform_translateY_effect_hover_tablet&quot;:{&quot;unit&quot;:&quot;px&quot;,&quot;size&quot;:&quot;&quot;,&quot;sizes&quot;:[]},&quot;_transform_translateY_effect_hover_mobile&quot;:{&quot;unit&quot;:&quot;px&quot;,&quot;size&quot;:&quot;&quot;,&quot;sizes&quot;:[]}}\" href=\"https:\/\/www.osfs.eu\/salesianum-rosental\/epiphanie-mit-cantabile\/\">\n\t\t\t\t\t<div class=\"e-con-inner\">\n\t\t\t\t<div class=\"elementor-element elementor-element-c5cdfba elementor-widget elementor-widget-theme-post-featured-image elementor-widget-image\" data-id=\"c5cdfba\" data-element_type=\"widget\" data-e-type=\"widget\" data-widget_type=\"theme-post-featured-image.default\">\n\t\t\t\t<div class=\"elementor-widget-container\">\n\t\t\t\t\t\t\t\t\t\t\t\t\t\t\t<img loading=\"lazy\" decoding=\"async\" width=\"1600\" height=\"1200\" src=\"https:\/\/www.osfs.eu\/salesianum-rosental\/wp-content\/uploads\/sites\/8\/2025\/01\/rosental_epiphanie_2025-01-06_03.jpg\" class=\"attachment-2048x2048 size-2048x2048 wp-image-1834\" alt=\"\" srcset=\"https:\/\/www.osfs.eu\/salesianum-rosental\/wp-content\/uploads\/sites\/8\/2025\/01\/rosental_epiphanie_2025-01-06_03.jpg 1600w, https:\/\/www.osfs.eu\/salesianum-rosental\/wp-content\/uploads\/sites\/8\/2025\/01\/rosental_epiphanie_2025-01-06_03-300x225.jpg 300w, https:\/\/www.osfs.eu\/salesianum-rosental\/wp-content\/uploads\/sites\/8\/2025\/01\/rosental_epiphanie_2025-01-06_03-1024x768.jpg 1024w, https:\/\/www.osfs.eu\/salesianum-rosental\/wp-content\/uploads\/sites\/8\/2025\/01\/rosental_epiphanie_2025-01-06_03-768x576.jpg 768w, https:\/\/www.osfs.eu\/salesianum-rosental\/wp-content\/uploads\/sites\/8\/2025\/01\/rosental_epiphanie_2025-01-06_03-1536x1152.jpg 1536w\" sizes=\"(max-width: 1600px) 100vw, 1600px\" \/>\t\t\t\t\t\t\t\t\t\t\t\t\t\t\t<\/div>\n\t\t\t\t<\/div>\n\t\t\t\t<div data-dce-text-color=\"#A3A3A3\" class=\"elementor-element elementor-element-906bdc5 elementor-widget elementor-widget-post-info\" data-id=\"906bdc5\" data-element_type=\"widget\" data-e-type=\"widget\" data-widget_type=\"post-info.default\">\n\t\t\t\t<div class=\"elementor-widget-container\">\n\t\t\t\t\t\t\t<ul class=\"elementor-inline-items elementor-icon-list-items elementor-post-info\">\n\t\t\t\t\t\t\t\t<li class=\"elementor-icon-list-item elementor-repeater-item-3f53913 elementor-inline-item\" itemprop=\"datePublished\">\n\t\t\t\t\t\t\t\t\t\t\t\t\t<span class=\"elementor-icon-list-text elementor-post-info__item elementor-post-info__item--type-date\">\n\t\t\t\t\t\t\t\t\t\t<time>Januar 6, 2025<\/time>\t\t\t\t\t<\/span>\n\t\t\t\t\t\t\t\t<\/li>\n\t\t\t\t<\/ul>\n\t\t\t\t\t\t<\/div>\n\t\t\t\t<\/div>\n\t\t\t\t<div data-dce-title-color=\"#555555\" class=\"elementor-element elementor-element-be7483d elementor-widget elementor-widget-theme-post-title elementor-page-title elementor-widget-heading\" data-id=\"be7483d\" data-element_type=\"widget\" data-e-type=\"widget\" data-widget_type=\"theme-post-title.default\">\n\t\t\t\t<div class=\"elementor-widget-container\">\n\t\t\t\t\t<h3 class=\"elementor-heading-title elementor-size-default\">Epiphanie mit Cantabile<\/h3>\t\t\t\t<\/div>\n\t\t\t\t<\/div>\n\t\t\t\t<div data-dce-title-color=\"#555555\" class=\"elementor-element elementor-element-4e6252c elementor-widget elementor-widget-theme-post-excerpt\" data-id=\"4e6252c\" data-element_type=\"widget\" data-e-type=\"widget\" data-widget_type=\"theme-post-excerpt.default\">\n\t\t\t\t<div class=\"elementor-widget-container\">\n\t\t\t\t\tMontag, 6. Januar 2025: Die Heilige Messe im Salesianum Rosental wurde traditionell von der Gruppe Cantabile unter Leitung von Helmut Enzenberger gestaltet.\t\t\t\t<\/div>\n\t\t\t\t<\/div>\n\t\t\t\t\t<\/div>\n\t\t\t\t<\/a>\n\t\t\t\t<\/div>\n\t\t\t\t<div data-elementor-type=\"loop-item\" data-elementor-id=\"693\" class=\"elementor elementor-693 e-loop-item e-loop-item-1393 post-1393 post type-post status-publish format-standard has-post-thumbnail hentry category-allgemein\" data-elementor-post-type=\"elementor_library\" data-custom-edit-handle=\"1\">\n\t\t\t<a class=\"elementor-element elementor-element-79d8d6d e-transform e-flex e-con-boxed elementor-invisible e-con e-parent\" data-id=\"79d8d6d\" data-element_type=\"container\" data-e-type=\"container\" data-settings=\"{&quot;animation&quot;:&quot;fadeIn&quot;,&quot;_transform_translateY_effect_hover&quot;:{&quot;unit&quot;:&quot;px&quot;,&quot;size&quot;:&quot;-5&quot;,&quot;sizes&quot;:[]},&quot;_transform_translateX_effect_hover&quot;:{&quot;unit&quot;:&quot;px&quot;,&quot;size&quot;:&quot;&quot;,&quot;sizes&quot;:[]},&quot;_transform_translateX_effect_hover_tablet&quot;:{&quot;unit&quot;:&quot;px&quot;,&quot;size&quot;:&quot;&quot;,&quot;sizes&quot;:[]},&quot;_transform_translateX_effect_hover_mobile&quot;:{&quot;unit&quot;:&quot;px&quot;,&quot;size&quot;:&quot;&quot;,&quot;sizes&quot;:[]},&quot;_transform_translateY_effect_hover_tablet&quot;:{&quot;unit&quot;:&quot;px&quot;,&quot;size&quot;:&quot;&quot;,&quot;sizes&quot;:[]},&quot;_transform_translateY_effect_hover_mobile&quot;:{&quot;unit&quot;:&quot;px&quot;,&quot;size&quot;:&quot;&quot;,&quot;sizes&quot;:[]}}\" href=\"https:\/\/www.osfs.eu\/salesianum-rosental\/gesegnete-weihnachten\/\">\n\t\t\t\t\t<div class=\"e-con-inner\">\n\t\t\t\t<div class=\"elementor-element elementor-element-c5cdfba elementor-widget elementor-widget-theme-post-featured-image elementor-widget-image\" data-id=\"c5cdfba\" data-element_type=\"widget\" data-e-type=\"widget\" data-widget_type=\"theme-post-featured-image.default\">\n\t\t\t\t<div class=\"elementor-widget-container\">\n\t\t\t\t\t\t\t\t\t\t\t\t\t\t\t<img loading=\"lazy\" decoding=\"async\" width=\"1920\" height=\"1280\" src=\"https:\/\/www.osfs.eu\/salesianum-rosental\/wp-content\/uploads\/sites\/8\/2023\/12\/david-trinks-A-HbCI6V24M-unsplash.jpg\" class=\"attachment-2048x2048 size-2048x2048 wp-image-1800\" alt=\"\" srcset=\"https:\/\/www.osfs.eu\/salesianum-rosental\/wp-content\/uploads\/sites\/8\/2023\/12\/david-trinks-A-HbCI6V24M-unsplash.jpg 1920w, https:\/\/www.osfs.eu\/salesianum-rosental\/wp-content\/uploads\/sites\/8\/2023\/12\/david-trinks-A-HbCI6V24M-unsplash-300x200.jpg 300w, https:\/\/www.osfs.eu\/salesianum-rosental\/wp-content\/uploads\/sites\/8\/2023\/12\/david-trinks-A-HbCI6V24M-unsplash-1024x683.jpg 1024w, https:\/\/www.osfs.eu\/salesianum-rosental\/wp-content\/uploads\/sites\/8\/2023\/12\/david-trinks-A-HbCI6V24M-unsplash-768x512.jpg 768w, https:\/\/www.osfs.eu\/salesianum-rosental\/wp-content\/uploads\/sites\/8\/2023\/12\/david-trinks-A-HbCI6V24M-unsplash-1536x1024.jpg 1536w\" sizes=\"(max-width: 1920px) 100vw, 1920px\" \/>\t\t\t\t\t\t\t\t\t\t\t\t\t\t\t<\/div>\n\t\t\t\t<\/div>\n\t\t\t\t<div data-dce-text-color=\"#A3A3A3\" class=\"elementor-element elementor-element-906bdc5 elementor-widget elementor-widget-post-info\" data-id=\"906bdc5\" data-element_type=\"widget\" data-e-type=\"widget\" data-widget_type=\"post-info.default\">\n\t\t\t\t<div class=\"elementor-widget-container\">\n\t\t\t\t\t\t\t<ul class=\"elementor-inline-items elementor-icon-list-items elementor-post-info\">\n\t\t\t\t\t\t\t\t<li class=\"elementor-icon-list-item elementor-repeater-item-3f53913 elementor-inline-item\" itemprop=\"datePublished\">\n\t\t\t\t\t\t\t\t\t\t\t\t\t<span class=\"elementor-icon-list-text elementor-post-info__item elementor-post-info__item--type-date\">\n\t\t\t\t\t\t\t\t\t\t<time>Dezember 24, 2024<\/time>\t\t\t\t\t<\/span>\n\t\t\t\t\t\t\t\t<\/li>\n\t\t\t\t<\/ul>\n\t\t\t\t\t\t<\/div>\n\t\t\t\t<\/div>\n\t\t\t\t<div data-dce-title-color=\"#555555\" class=\"elementor-element elementor-element-be7483d elementor-widget elementor-widget-theme-post-title elementor-page-title elementor-widget-heading\" data-id=\"be7483d\" data-element_type=\"widget\" data-e-type=\"widget\" data-widget_type=\"theme-post-title.default\">\n\t\t\t\t<div class=\"elementor-widget-container\">\n\t\t\t\t\t<h3 class=\"elementor-heading-title elementor-size-default\">Gesegnete Weihnachten<\/h3>\t\t\t\t<\/div>\n\t\t\t\t<\/div>\n\t\t\t\t<div data-dce-title-color=\"#555555\" class=\"elementor-element elementor-element-4e6252c elementor-widget elementor-widget-theme-post-excerpt\" data-id=\"4e6252c\" data-element_type=\"widget\" data-e-type=\"widget\" data-widget_type=\"theme-post-excerpt.default\">\n\t\t\t\t<div class=\"elementor-widget-container\">\n\t\t\t\t\tund Gottes Begleitung im Jahr 2025 w\u00fcnschen die Oblaten des heiligen Franz von Sales.\t\t\t\t<\/div>\n\t\t\t\t<\/div>\n\t\t\t\t\t<\/div>\n\t\t\t\t<\/a>\n\t\t\t\t<\/div>\n\t\t\t\t<div data-elementor-type=\"loop-item\" data-elementor-id=\"693\" class=\"elementor elementor-693 e-loop-item e-loop-item-1802 post-1802 post type-post status-publish format-standard has-post-thumbnail hentry category-allgemein\" data-elementor-post-type=\"elementor_library\" data-custom-edit-handle=\"1\">\n\t\t\t<a class=\"elementor-element elementor-element-79d8d6d e-transform e-flex e-con-boxed elementor-invisible e-con e-parent\" data-id=\"79d8d6d\" data-element_type=\"container\" data-e-type=\"container\" data-settings=\"{&quot;animation&quot;:&quot;fadeIn&quot;,&quot;_transform_translateY_effect_hover&quot;:{&quot;unit&quot;:&quot;px&quot;,&quot;size&quot;:&quot;-5&quot;,&quot;sizes&quot;:[]},&quot;_transform_translateX_effect_hover&quot;:{&quot;unit&quot;:&quot;px&quot;,&quot;size&quot;:&quot;&quot;,&quot;sizes&quot;:[]},&quot;_transform_translateX_effect_hover_tablet&quot;:{&quot;unit&quot;:&quot;px&quot;,&quot;size&quot;:&quot;&quot;,&quot;sizes&quot;:[]},&quot;_transform_translateX_effect_hover_mobile&quot;:{&quot;unit&quot;:&quot;px&quot;,&quot;size&quot;:&quot;&quot;,&quot;sizes&quot;:[]},&quot;_transform_translateY_effect_hover_tablet&quot;:{&quot;unit&quot;:&quot;px&quot;,&quot;size&quot;:&quot;&quot;,&quot;sizes&quot;:[]},&quot;_transform_translateY_effect_hover_mobile&quot;:{&quot;unit&quot;:&quot;px&quot;,&quot;size&quot;:&quot;&quot;,&quot;sizes&quot;:[]}}\" href=\"https:\/\/www.osfs.eu\/salesianum-rosental\/cantabile-und-90-geburtstag-von-br-bernhard\/\">\n\t\t\t\t\t<div class=\"e-con-inner\">\n\t\t\t\t<div class=\"elementor-element elementor-element-c5cdfba elementor-widget elementor-widget-theme-post-featured-image elementor-widget-image\" data-id=\"c5cdfba\" data-element_type=\"widget\" data-e-type=\"widget\" data-widget_type=\"theme-post-featured-image.default\">\n\t\t\t\t<div class=\"elementor-widget-container\">\n\t\t\t\t\t\t\t\t\t\t\t\t\t\t\t<img loading=\"lazy\" decoding=\"async\" width=\"1600\" height=\"900\" src=\"https:\/\/www.osfs.eu\/salesianum-rosental\/wp-content\/uploads\/sites\/8\/2024\/12\/krim_vierteradventmitfriedenslicht_2024-12-22_22.jpg\" class=\"attachment-2048x2048 size-2048x2048 wp-image-1824\" alt=\"\" srcset=\"https:\/\/www.osfs.eu\/salesianum-rosental\/wp-content\/uploads\/sites\/8\/2024\/12\/krim_vierteradventmitfriedenslicht_2024-12-22_22.jpg 1600w, https:\/\/www.osfs.eu\/salesianum-rosental\/wp-content\/uploads\/sites\/8\/2024\/12\/krim_vierteradventmitfriedenslicht_2024-12-22_22-300x169.jpg 300w, https:\/\/www.osfs.eu\/salesianum-rosental\/wp-content\/uploads\/sites\/8\/2024\/12\/krim_vierteradventmitfriedenslicht_2024-12-22_22-1024x576.jpg 1024w, https:\/\/www.osfs.eu\/salesianum-rosental\/wp-content\/uploads\/sites\/8\/2024\/12\/krim_vierteradventmitfriedenslicht_2024-12-22_22-768x432.jpg 768w, https:\/\/www.osfs.eu\/salesianum-rosental\/wp-content\/uploads\/sites\/8\/2024\/12\/krim_vierteradventmitfriedenslicht_2024-12-22_22-1536x864.jpg 1536w\" sizes=\"(max-width: 1600px) 100vw, 1600px\" \/>\t\t\t\t\t\t\t\t\t\t\t\t\t\t\t<\/div>\n\t\t\t\t<\/div>\n\t\t\t\t<div data-dce-text-color=\"#A3A3A3\" class=\"elementor-element elementor-element-906bdc5 elementor-widget elementor-widget-post-info\" data-id=\"906bdc5\" data-element_type=\"widget\" data-e-type=\"widget\" data-widget_type=\"post-info.default\">\n\t\t\t\t<div class=\"elementor-widget-container\">\n\t\t\t\t\t\t\t<ul class=\"elementor-inline-items elementor-icon-list-items elementor-post-info\">\n\t\t\t\t\t\t\t\t<li class=\"elementor-icon-list-item elementor-repeater-item-3f53913 elementor-inline-item\" itemprop=\"datePublished\">\n\t\t\t\t\t\t\t\t\t\t\t\t\t<span class=\"elementor-icon-list-text elementor-post-info__item elementor-post-info__item--type-date\">\n\t\t\t\t\t\t\t\t\t\t<time>Dezember 22, 2024<\/time>\t\t\t\t\t<\/span>\n\t\t\t\t\t\t\t\t<\/li>\n\t\t\t\t<\/ul>\n\t\t\t\t\t\t<\/div>\n\t\t\t\t<\/div>\n\t\t\t\t<div data-dce-title-color=\"#555555\" class=\"elementor-element elementor-element-be7483d elementor-widget elementor-widget-theme-post-title elementor-page-title elementor-widget-heading\" data-id=\"be7483d\" data-element_type=\"widget\" data-e-type=\"widget\" data-widget_type=\"theme-post-title.default\">\n\t\t\t\t<div class=\"elementor-widget-container\">\n\t\t\t\t\t<h3 class=\"elementor-heading-title elementor-size-default\">Cantabile und 90. Geburtstag von Br. Bernhard<\/h3>\t\t\t\t<\/div>\n\t\t\t\t<\/div>\n\t\t\t\t<div data-dce-title-color=\"#555555\" class=\"elementor-element elementor-element-4e6252c elementor-widget elementor-widget-theme-post-excerpt\" data-id=\"4e6252c\" data-element_type=\"widget\" data-e-type=\"widget\" data-widget_type=\"theme-post-excerpt.default\">\n\t\t\t\t<div class=\"elementor-widget-container\">\n\t\t\t\t\tAm Vierten Adventsonntag, 22. Dezember 2024, wurde die Heilige Messe von der Gruppe Cantabile gestaltet. Au\u00dferdem feierten wir den 90. Geburtstag von Bruder Bernhard H\u00e4felein OSFS.\t\t\t\t<\/div>\n\t\t\t\t<\/div>\n\t\t\t\t\t<\/div>\n\t\t\t\t<\/a>\n\t\t\t\t<\/div>\n\t\t\t\t<div data-elementor-type=\"loop-item\" data-elementor-id=\"693\" class=\"elementor elementor-693 e-loop-item e-loop-item-1776 post-1776 post type-post status-publish format-standard has-post-thumbnail hentry category-allgemein\" data-elementor-post-type=\"elementor_library\" data-custom-edit-handle=\"1\">\n\t\t\t<a class=\"elementor-element elementor-element-79d8d6d e-transform e-flex e-con-boxed elementor-invisible e-con e-parent\" data-id=\"79d8d6d\" data-element_type=\"container\" data-e-type=\"container\" data-settings=\"{&quot;animation&quot;:&quot;fadeIn&quot;,&quot;_transform_translateY_effect_hover&quot;:{&quot;unit&quot;:&quot;px&quot;,&quot;size&quot;:&quot;-5&quot;,&quot;sizes&quot;:[]},&quot;_transform_translateX_effect_hover&quot;:{&quot;unit&quot;:&quot;px&quot;,&quot;size&quot;:&quot;&quot;,&quot;sizes&quot;:[]},&quot;_transform_translateX_effect_hover_tablet&quot;:{&quot;unit&quot;:&quot;px&quot;,&quot;size&quot;:&quot;&quot;,&quot;sizes&quot;:[]},&quot;_transform_translateX_effect_hover_mobile&quot;:{&quot;unit&quot;:&quot;px&quot;,&quot;size&quot;:&quot;&quot;,&quot;sizes&quot;:[]},&quot;_transform_translateY_effect_hover_tablet&quot;:{&quot;unit&quot;:&quot;px&quot;,&quot;size&quot;:&quot;&quot;,&quot;sizes&quot;:[]},&quot;_transform_translateY_effect_hover_mobile&quot;:{&quot;unit&quot;:&quot;px&quot;,&quot;size&quot;:&quot;&quot;,&quot;sizes&quot;:[]}}\" href=\"https:\/\/www.osfs.eu\/salesianum-rosental\/team-messe-mit-quattro-lingua\/\">\n\t\t\t\t\t<div class=\"e-con-inner\">\n\t\t\t\t<div class=\"elementor-element elementor-element-c5cdfba elementor-widget elementor-widget-theme-post-featured-image elementor-widget-image\" data-id=\"c5cdfba\" data-element_type=\"widget\" data-e-type=\"widget\" data-widget_type=\"theme-post-featured-image.default\">\n\t\t\t\t<div class=\"elementor-widget-container\">\n\t\t\t\t\t\t\t\t\t\t\t\t\t\t\t<img loading=\"lazy\" decoding=\"async\" width=\"2016\" height=\"1134\" src=\"https:\/\/www.osfs.eu\/salesianum-rosental\/wp-content\/uploads\/sites\/8\/2024\/11\/rosental_team-messe_2024-11-10_10.jpg\" class=\"attachment-2048x2048 size-2048x2048 wp-image-1791\" alt=\"\" srcset=\"https:\/\/www.osfs.eu\/salesianum-rosental\/wp-content\/uploads\/sites\/8\/2024\/11\/rosental_team-messe_2024-11-10_10.jpg 2016w, https:\/\/www.osfs.eu\/salesianum-rosental\/wp-content\/uploads\/sites\/8\/2024\/11\/rosental_team-messe_2024-11-10_10-300x169.jpg 300w, https:\/\/www.osfs.eu\/salesianum-rosental\/wp-content\/uploads\/sites\/8\/2024\/11\/rosental_team-messe_2024-11-10_10-1024x576.jpg 1024w, https:\/\/www.osfs.eu\/salesianum-rosental\/wp-content\/uploads\/sites\/8\/2024\/11\/rosental_team-messe_2024-11-10_10-768x432.jpg 768w, https:\/\/www.osfs.eu\/salesianum-rosental\/wp-content\/uploads\/sites\/8\/2024\/11\/rosental_team-messe_2024-11-10_10-1536x864.jpg 1536w\" sizes=\"(max-width: 2016px) 100vw, 2016px\" \/>\t\t\t\t\t\t\t\t\t\t\t\t\t\t\t<\/div>\n\t\t\t\t<\/div>\n\t\t\t\t<div data-dce-text-color=\"#A3A3A3\" class=\"elementor-element elementor-element-906bdc5 elementor-widget elementor-widget-post-info\" data-id=\"906bdc5\" data-element_type=\"widget\" data-e-type=\"widget\" data-widget_type=\"post-info.default\">\n\t\t\t\t<div class=\"elementor-widget-container\">\n\t\t\t\t\t\t\t<ul class=\"elementor-inline-items elementor-icon-list-items elementor-post-info\">\n\t\t\t\t\t\t\t\t<li class=\"elementor-icon-list-item elementor-repeater-item-3f53913 elementor-inline-item\" itemprop=\"datePublished\">\n\t\t\t\t\t\t\t\t\t\t\t\t\t<span class=\"elementor-icon-list-text elementor-post-info__item elementor-post-info__item--type-date\">\n\t\t\t\t\t\t\t\t\t\t<time>November 10, 2024<\/time>\t\t\t\t\t<\/span>\n\t\t\t\t\t\t\t\t<\/li>\n\t\t\t\t<\/ul>\n\t\t\t\t\t\t<\/div>\n\t\t\t\t<\/div>\n\t\t\t\t<div data-dce-title-color=\"#555555\" class=\"elementor-element elementor-element-be7483d elementor-widget elementor-widget-theme-post-title elementor-page-title elementor-widget-heading\" data-id=\"be7483d\" data-element_type=\"widget\" data-e-type=\"widget\" data-widget_type=\"theme-post-title.default\">\n\t\t\t\t<div class=\"elementor-widget-container\">\n\t\t\t\t\t<h3 class=\"elementor-heading-title elementor-size-default\">Team-Messe mit &#8222;Quattro Lingua&#8220;<\/h3>\t\t\t\t<\/div>\n\t\t\t\t<\/div>\n\t\t\t\t<div data-dce-title-color=\"#555555\" class=\"elementor-element elementor-element-4e6252c elementor-widget elementor-widget-theme-post-excerpt\" data-id=\"4e6252c\" data-element_type=\"widget\" data-e-type=\"widget\" data-widget_type=\"theme-post-excerpt.default\">\n\t\t\t\t<div class=\"elementor-widget-container\">\n\t\t\t\t\tAm Sonntag, 10. November 2024, gestaltete das Team die Heilige Messe, musikalisch begleitet vom Klarrinettenensemble \"Quattro Lingua\" unter Leitung von Markus Beck.\t\t\t\t<\/div>\n\t\t\t\t<\/div>\n\t\t\t\t\t<\/div>\n\t\t\t\t<\/a>\n\t\t\t\t<\/div>\n\t\t\t\t<div data-elementor-type=\"loop-item\" data-elementor-id=\"693\" class=\"elementor elementor-693 e-loop-item e-loop-item-1761 post-1761 post type-post status-publish format-standard has-post-thumbnail hentry category-allgemein\" data-elementor-post-type=\"elementor_library\" data-custom-edit-handle=\"1\">\n\t\t\t<a class=\"elementor-element elementor-element-79d8d6d e-transform e-flex e-con-boxed elementor-invisible e-con e-parent\" data-id=\"79d8d6d\" data-element_type=\"container\" data-e-type=\"container\" data-settings=\"{&quot;animation&quot;:&quot;fadeIn&quot;,&quot;_transform_translateY_effect_hover&quot;:{&quot;unit&quot;:&quot;px&quot;,&quot;size&quot;:&quot;-5&quot;,&quot;sizes&quot;:[]},&quot;_transform_translateX_effect_hover&quot;:{&quot;unit&quot;:&quot;px&quot;,&quot;size&quot;:&quot;&quot;,&quot;sizes&quot;:[]},&quot;_transform_translateX_effect_hover_tablet&quot;:{&quot;unit&quot;:&quot;px&quot;,&quot;size&quot;:&quot;&quot;,&quot;sizes&quot;:[]},&quot;_transform_translateX_effect_hover_mobile&quot;:{&quot;unit&quot;:&quot;px&quot;,&quot;size&quot;:&quot;&quot;,&quot;sizes&quot;:[]},&quot;_transform_translateY_effect_hover_tablet&quot;:{&quot;unit&quot;:&quot;px&quot;,&quot;size&quot;:&quot;&quot;,&quot;sizes&quot;:[]},&quot;_transform_translateY_effect_hover_mobile&quot;:{&quot;unit&quot;:&quot;px&quot;,&quot;size&quot;:&quot;&quot;,&quot;sizes&quot;:[]}}\" href=\"https:\/\/www.osfs.eu\/salesianum-rosental\/heilige-messe-mit-gospel-liedern\/\">\n\t\t\t\t\t<div class=\"e-con-inner\">\n\t\t\t\t<div class=\"elementor-element elementor-element-c5cdfba elementor-widget elementor-widget-theme-post-featured-image elementor-widget-image\" data-id=\"c5cdfba\" data-element_type=\"widget\" data-e-type=\"widget\" data-widget_type=\"theme-post-featured-image.default\">\n\t\t\t\t<div class=\"elementor-widget-container\">\n\t\t\t\t\t\t\t\t\t\t\t\t\t\t\t<img loading=\"lazy\" decoding=\"async\" width=\"1600\" height=\"900\" src=\"https:\/\/www.osfs.eu\/salesianum-rosental\/wp-content\/uploads\/sites\/8\/2024\/10\/rosental_gospelmesse_2024-10-27_06.jpg\" class=\"attachment-2048x2048 size-2048x2048 wp-image-1768\" alt=\"\" srcset=\"https:\/\/www.osfs.eu\/salesianum-rosental\/wp-content\/uploads\/sites\/8\/2024\/10\/rosental_gospelmesse_2024-10-27_06.jpg 1600w, https:\/\/www.osfs.eu\/salesianum-rosental\/wp-content\/uploads\/sites\/8\/2024\/10\/rosental_gospelmesse_2024-10-27_06-300x169.jpg 300w, https:\/\/www.osfs.eu\/salesianum-rosental\/wp-content\/uploads\/sites\/8\/2024\/10\/rosental_gospelmesse_2024-10-27_06-1024x576.jpg 1024w, https:\/\/www.osfs.eu\/salesianum-rosental\/wp-content\/uploads\/sites\/8\/2024\/10\/rosental_gospelmesse_2024-10-27_06-768x432.jpg 768w, https:\/\/www.osfs.eu\/salesianum-rosental\/wp-content\/uploads\/sites\/8\/2024\/10\/rosental_gospelmesse_2024-10-27_06-1536x864.jpg 1536w\" sizes=\"(max-width: 1600px) 100vw, 1600px\" \/>\t\t\t\t\t\t\t\t\t\t\t\t\t\t\t<\/div>\n\t\t\t\t<\/div>\n\t\t\t\t<div data-dce-text-color=\"#A3A3A3\" class=\"elementor-element elementor-element-906bdc5 elementor-widget elementor-widget-post-info\" data-id=\"906bdc5\" data-element_type=\"widget\" data-e-type=\"widget\" data-widget_type=\"post-info.default\">\n\t\t\t\t<div class=\"elementor-widget-container\">\n\t\t\t\t\t\t\t<ul class=\"elementor-inline-items elementor-icon-list-items elementor-post-info\">\n\t\t\t\t\t\t\t\t<li class=\"elementor-icon-list-item elementor-repeater-item-3f53913 elementor-inline-item\" itemprop=\"datePublished\">\n\t\t\t\t\t\t\t\t\t\t\t\t\t<span class=\"elementor-icon-list-text elementor-post-info__item elementor-post-info__item--type-date\">\n\t\t\t\t\t\t\t\t\t\t<time>Oktober 27, 2024<\/time>\t\t\t\t\t<\/span>\n\t\t\t\t\t\t\t\t<\/li>\n\t\t\t\t<\/ul>\n\t\t\t\t\t\t<\/div>\n\t\t\t\t<\/div>\n\t\t\t\t<div data-dce-title-color=\"#555555\" class=\"elementor-element elementor-element-be7483d elementor-widget elementor-widget-theme-post-title elementor-page-title elementor-widget-heading\" data-id=\"be7483d\" data-element_type=\"widget\" data-e-type=\"widget\" data-widget_type=\"theme-post-title.default\">\n\t\t\t\t<div class=\"elementor-widget-container\">\n\t\t\t\t\t<h3 class=\"elementor-heading-title elementor-size-default\">Heilige Messe mit Gospel-Liedern<\/h3>\t\t\t\t<\/div>\n\t\t\t\t<\/div>\n\t\t\t\t<div data-dce-title-color=\"#555555\" class=\"elementor-element elementor-element-4e6252c elementor-widget elementor-widget-theme-post-excerpt\" data-id=\"4e6252c\" data-element_type=\"widget\" data-e-type=\"widget\" data-widget_type=\"theme-post-excerpt.default\">\n\t\t\t\t<div class=\"elementor-widget-container\">\n\t\t\t\t\tEin Gospelchor unter der Leitung von Deborah Faul gestaltete am Sonntag, 27. Oktober 2024, die Heilige Messe mit wundersch\u00f6nen Lieder aus der reichhaltigen Gospel-Tradition.\t\t\t\t<\/div>\n\t\t\t\t<\/div>\n\t\t\t\t\t<\/div>\n\t\t\t\t<\/a>\n\t\t\t\t<\/div>\n\t\t\t\t<div data-elementor-type=\"loop-item\" data-elementor-id=\"693\" class=\"elementor elementor-693 e-loop-item e-loop-item-1749 post-1749 post type-post status-publish format-standard has-post-thumbnail hentry category-allgemein\" data-elementor-post-type=\"elementor_library\" data-custom-edit-handle=\"1\">\n\t\t\t<a class=\"elementor-element elementor-element-79d8d6d e-transform e-flex e-con-boxed elementor-invisible e-con e-parent\" data-id=\"79d8d6d\" data-element_type=\"container\" data-e-type=\"container\" data-settings=\"{&quot;animation&quot;:&quot;fadeIn&quot;,&quot;_transform_translateY_effect_hover&quot;:{&quot;unit&quot;:&quot;px&quot;,&quot;size&quot;:&quot;-5&quot;,&quot;sizes&quot;:[]},&quot;_transform_translateX_effect_hover&quot;:{&quot;unit&quot;:&quot;px&quot;,&quot;size&quot;:&quot;&quot;,&quot;sizes&quot;:[]},&quot;_transform_translateX_effect_hover_tablet&quot;:{&quot;unit&quot;:&quot;px&quot;,&quot;size&quot;:&quot;&quot;,&quot;sizes&quot;:[]},&quot;_transform_translateX_effect_hover_mobile&quot;:{&quot;unit&quot;:&quot;px&quot;,&quot;size&quot;:&quot;&quot;,&quot;sizes&quot;:[]},&quot;_transform_translateY_effect_hover_tablet&quot;:{&quot;unit&quot;:&quot;px&quot;,&quot;size&quot;:&quot;&quot;,&quot;sizes&quot;:[]},&quot;_transform_translateY_effect_hover_mobile&quot;:{&quot;unit&quot;:&quot;px&quot;,&quot;size&quot;:&quot;&quot;,&quot;sizes&quot;:[]}}\" href=\"https:\/\/www.osfs.eu\/salesianum-rosental\/erntedank\/\">\n\t\t\t\t\t<div class=\"e-con-inner\">\n\t\t\t\t<div class=\"elementor-element elementor-element-c5cdfba elementor-widget elementor-widget-theme-post-featured-image elementor-widget-image\" data-id=\"c5cdfba\" data-element_type=\"widget\" data-e-type=\"widget\" data-widget_type=\"theme-post-featured-image.default\">\n\t\t\t\t<div class=\"elementor-widget-container\">\n\t\t\t\t\t\t\t\t\t\t\t\t\t\t\t<img loading=\"lazy\" decoding=\"async\" width=\"1600\" height=\"720\" src=\"https:\/\/www.osfs.eu\/salesianum-rosental\/wp-content\/uploads\/sites\/8\/2024\/10\/rosental_erntedank_2024-10-06_14.jpg\" class=\"attachment-2048x2048 size-2048x2048 wp-image-1758\" alt=\"\" srcset=\"https:\/\/www.osfs.eu\/salesianum-rosental\/wp-content\/uploads\/sites\/8\/2024\/10\/rosental_erntedank_2024-10-06_14.jpg 1600w, https:\/\/www.osfs.eu\/salesianum-rosental\/wp-content\/uploads\/sites\/8\/2024\/10\/rosental_erntedank_2024-10-06_14-300x135.jpg 300w, https:\/\/www.osfs.eu\/salesianum-rosental\/wp-content\/uploads\/sites\/8\/2024\/10\/rosental_erntedank_2024-10-06_14-1024x461.jpg 1024w, https:\/\/www.osfs.eu\/salesianum-rosental\/wp-content\/uploads\/sites\/8\/2024\/10\/rosental_erntedank_2024-10-06_14-768x346.jpg 768w, https:\/\/www.osfs.eu\/salesianum-rosental\/wp-content\/uploads\/sites\/8\/2024\/10\/rosental_erntedank_2024-10-06_14-1536x691.jpg 1536w\" sizes=\"(max-width: 1600px) 100vw, 1600px\" \/>\t\t\t\t\t\t\t\t\t\t\t\t\t\t\t<\/div>\n\t\t\t\t<\/div>\n\t\t\t\t<div data-dce-text-color=\"#A3A3A3\" class=\"elementor-element elementor-element-906bdc5 elementor-widget elementor-widget-post-info\" data-id=\"906bdc5\" data-element_type=\"widget\" data-e-type=\"widget\" data-widget_type=\"post-info.default\">\n\t\t\t\t<div class=\"elementor-widget-container\">\n\t\t\t\t\t\t\t<ul class=\"elementor-inline-items elementor-icon-list-items elementor-post-info\">\n\t\t\t\t\t\t\t\t<li class=\"elementor-icon-list-item elementor-repeater-item-3f53913 elementor-inline-item\" itemprop=\"datePublished\">\n\t\t\t\t\t\t\t\t\t\t\t\t\t<span class=\"elementor-icon-list-text elementor-post-info__item elementor-post-info__item--type-date\">\n\t\t\t\t\t\t\t\t\t\t<time>Oktober 6, 2024<\/time>\t\t\t\t\t<\/span>\n\t\t\t\t\t\t\t\t<\/li>\n\t\t\t\t<\/ul>\n\t\t\t\t\t\t<\/div>\n\t\t\t\t<\/div>\n\t\t\t\t<div data-dce-title-color=\"#555555\" class=\"elementor-element elementor-element-be7483d elementor-widget elementor-widget-theme-post-title elementor-page-title elementor-widget-heading\" data-id=\"be7483d\" data-element_type=\"widget\" data-e-type=\"widget\" data-widget_type=\"theme-post-title.default\">\n\t\t\t\t<div class=\"elementor-widget-container\">\n\t\t\t\t\t<h3 class=\"elementor-heading-title elementor-size-default\">Erntedank<\/h3>\t\t\t\t<\/div>\n\t\t\t\t<\/div>\n\t\t\t\t<div data-dce-title-color=\"#555555\" class=\"elementor-element elementor-element-4e6252c elementor-widget elementor-widget-theme-post-excerpt\" data-id=\"4e6252c\" data-element_type=\"widget\" data-e-type=\"widget\" data-widget_type=\"theme-post-excerpt.default\">\n\t\t\t\t<div class=\"elementor-widget-container\">\n\t\t\t\t\tAm Sonntag, 6. Oktober 2024, feierten wir mit Pater Hans Schurm OSFS das Erntedankfest. Zum Vaterunser kam auch die \"Kinderkirche\" in den Altarraum.\t\t\t\t<\/div>\n\t\t\t\t<\/div>\n\t\t\t\t\t<\/div>\n\t\t\t\t<\/a>\n\t\t\t\t<\/div>\n\t\t\t\t<div data-elementor-type=\"loop-item\" data-elementor-id=\"693\" class=\"elementor elementor-693 e-loop-item e-loop-item-1739 post-1739 post type-post status-publish format-standard has-post-thumbnail hentry category-allgemein\" data-elementor-post-type=\"elementor_library\" data-custom-edit-handle=\"1\">\n\t\t\t<a class=\"elementor-element elementor-element-79d8d6d e-transform e-flex e-con-boxed elementor-invisible e-con e-parent\" data-id=\"79d8d6d\" data-element_type=\"container\" data-e-type=\"container\" data-settings=\"{&quot;animation&quot;:&quot;fadeIn&quot;,&quot;_transform_translateY_effect_hover&quot;:{&quot;unit&quot;:&quot;px&quot;,&quot;size&quot;:&quot;-5&quot;,&quot;sizes&quot;:[]},&quot;_transform_translateX_effect_hover&quot;:{&quot;unit&quot;:&quot;px&quot;,&quot;size&quot;:&quot;&quot;,&quot;sizes&quot;:[]},&quot;_transform_translateX_effect_hover_tablet&quot;:{&quot;unit&quot;:&quot;px&quot;,&quot;size&quot;:&quot;&quot;,&quot;sizes&quot;:[]},&quot;_transform_translateX_effect_hover_mobile&quot;:{&quot;unit&quot;:&quot;px&quot;,&quot;size&quot;:&quot;&quot;,&quot;sizes&quot;:[]},&quot;_transform_translateY_effect_hover_tablet&quot;:{&quot;unit&quot;:&quot;px&quot;,&quot;size&quot;:&quot;&quot;,&quot;sizes&quot;:[]},&quot;_transform_translateY_effect_hover_mobile&quot;:{&quot;unit&quot;:&quot;px&quot;,&quot;size&quot;:&quot;&quot;,&quot;sizes&quot;:[]}}\" href=\"https:\/\/www.osfs.eu\/salesianum-rosental\/blaeser-messe\/\">\n\t\t\t\t\t<div class=\"e-con-inner\">\n\t\t\t\t<div class=\"elementor-element elementor-element-c5cdfba elementor-widget elementor-widget-theme-post-featured-image elementor-widget-image\" data-id=\"c5cdfba\" data-element_type=\"widget\" data-e-type=\"widget\" data-widget_type=\"theme-post-featured-image.default\">\n\t\t\t\t<div class=\"elementor-widget-container\">\n\t\t\t\t\t\t\t\t\t\t\t\t\t\t\t<img loading=\"lazy\" decoding=\"async\" width=\"1600\" height=\"720\" src=\"https:\/\/www.osfs.eu\/salesianum-rosental\/wp-content\/uploads\/sites\/8\/2024\/09\/rosental_blaeserensemble-andreas-bergmann_2024-09-29_03.jpg\" class=\"attachment-2048x2048 size-2048x2048 wp-image-1744\" alt=\"\" srcset=\"https:\/\/www.osfs.eu\/salesianum-rosental\/wp-content\/uploads\/sites\/8\/2024\/09\/rosental_blaeserensemble-andreas-bergmann_2024-09-29_03.jpg 1600w, https:\/\/www.osfs.eu\/salesianum-rosental\/wp-content\/uploads\/sites\/8\/2024\/09\/rosental_blaeserensemble-andreas-bergmann_2024-09-29_03-300x135.jpg 300w, https:\/\/www.osfs.eu\/salesianum-rosental\/wp-content\/uploads\/sites\/8\/2024\/09\/rosental_blaeserensemble-andreas-bergmann_2024-09-29_03-1024x461.jpg 1024w, https:\/\/www.osfs.eu\/salesianum-rosental\/wp-content\/uploads\/sites\/8\/2024\/09\/rosental_blaeserensemble-andreas-bergmann_2024-09-29_03-768x346.jpg 768w, https:\/\/www.osfs.eu\/salesianum-rosental\/wp-content\/uploads\/sites\/8\/2024\/09\/rosental_blaeserensemble-andreas-bergmann_2024-09-29_03-1536x691.jpg 1536w\" sizes=\"(max-width: 1600px) 100vw, 1600px\" \/>\t\t\t\t\t\t\t\t\t\t\t\t\t\t\t<\/div>\n\t\t\t\t<\/div>\n\t\t\t\t<div data-dce-text-color=\"#A3A3A3\" class=\"elementor-element elementor-element-906bdc5 elementor-widget elementor-widget-post-info\" data-id=\"906bdc5\" data-element_type=\"widget\" data-e-type=\"widget\" data-widget_type=\"post-info.default\">\n\t\t\t\t<div class=\"elementor-widget-container\">\n\t\t\t\t\t\t\t<ul class=\"elementor-inline-items elementor-icon-list-items elementor-post-info\">\n\t\t\t\t\t\t\t\t<li class=\"elementor-icon-list-item elementor-repeater-item-3f53913 elementor-inline-item\" itemprop=\"datePublished\">\n\t\t\t\t\t\t\t\t\t\t\t\t\t<span class=\"elementor-icon-list-text elementor-post-info__item elementor-post-info__item--type-date\">\n\t\t\t\t\t\t\t\t\t\t<time>September 29, 2024<\/time>\t\t\t\t\t<\/span>\n\t\t\t\t\t\t\t\t<\/li>\n\t\t\t\t<\/ul>\n\t\t\t\t\t\t<\/div>\n\t\t\t\t<\/div>\n\t\t\t\t<div data-dce-title-color=\"#555555\" class=\"elementor-element elementor-element-be7483d elementor-widget elementor-widget-theme-post-title elementor-page-title elementor-widget-heading\" data-id=\"be7483d\" data-element_type=\"widget\" data-e-type=\"widget\" data-widget_type=\"theme-post-title.default\">\n\t\t\t\t<div class=\"elementor-widget-container\">\n\t\t\t\t\t<h3 class=\"elementor-heading-title elementor-size-default\">&#8222;Bl\u00e4ser&#8220;-Messe<\/h3>\t\t\t\t<\/div>\n\t\t\t\t<\/div>\n\t\t\t\t<div data-dce-title-color=\"#555555\" class=\"elementor-element elementor-element-4e6252c elementor-widget elementor-widget-theme-post-excerpt\" data-id=\"4e6252c\" data-element_type=\"widget\" data-e-type=\"widget\" data-widget_type=\"theme-post-excerpt.default\">\n\t\t\t\t<div class=\"elementor-widget-container\">\n\t\t\t\t\tAm Sonntag, 29. September 2024, wurde die Heilige Messe im Salesianum Rosental von einem Bl\u00e4ser-Ensemble unter der Leitung von Andreas Bergmann musikalisch eindrucksvoll gestaltet.\t\t\t\t<\/div>\n\t\t\t\t<\/div>\n\t\t\t\t\t<\/div>\n\t\t\t\t<\/a>\n\t\t\t\t<\/div>\n\t\t\t\t<div data-elementor-type=\"loop-item\" data-elementor-id=\"693\" class=\"elementor elementor-693 e-loop-item e-loop-item-1683 post-1683 post type-post status-publish format-standard has-post-thumbnail hentry category-allgemein\" data-elementor-post-type=\"elementor_library\" data-custom-edit-handle=\"1\">\n\t\t\t<a class=\"elementor-element elementor-element-79d8d6d e-transform e-flex e-con-boxed elementor-invisible e-con e-parent\" data-id=\"79d8d6d\" data-element_type=\"container\" data-e-type=\"container\" data-settings=\"{&quot;animation&quot;:&quot;fadeIn&quot;,&quot;_transform_translateY_effect_hover&quot;:{&quot;unit&quot;:&quot;px&quot;,&quot;size&quot;:&quot;-5&quot;,&quot;sizes&quot;:[]},&quot;_transform_translateX_effect_hover&quot;:{&quot;unit&quot;:&quot;px&quot;,&quot;size&quot;:&quot;&quot;,&quot;sizes&quot;:[]},&quot;_transform_translateX_effect_hover_tablet&quot;:{&quot;unit&quot;:&quot;px&quot;,&quot;size&quot;:&quot;&quot;,&quot;sizes&quot;:[]},&quot;_transform_translateX_effect_hover_mobile&quot;:{&quot;unit&quot;:&quot;px&quot;,&quot;size&quot;:&quot;&quot;,&quot;sizes&quot;:[]},&quot;_transform_translateY_effect_hover_tablet&quot;:{&quot;unit&quot;:&quot;px&quot;,&quot;size&quot;:&quot;&quot;,&quot;sizes&quot;:[]},&quot;_transform_translateY_effect_hover_mobile&quot;:{&quot;unit&quot;:&quot;px&quot;,&quot;size&quot;:&quot;&quot;,&quot;sizes&quot;:[]}}\" href=\"https:\/\/www.osfs.eu\/salesianum-rosental\/50-geburtstag-von-pater-stefan-weig-osfs\/\">\n\t\t\t\t\t<div class=\"e-con-inner\">\n\t\t\t\t<div class=\"elementor-element elementor-element-c5cdfba elementor-widget elementor-widget-theme-post-featured-image elementor-widget-image\" data-id=\"c5cdfba\" data-element_type=\"widget\" data-e-type=\"widget\" data-widget_type=\"theme-post-featured-image.default\">\n\t\t\t\t<div class=\"elementor-widget-container\">\n\t\t\t\t\t\t\t\t\t\t\t\t\t\t\t<img loading=\"lazy\" decoding=\"async\" width=\"1600\" height=\"720\" src=\"https:\/\/www.osfs.eu\/salesianum-rosental\/wp-content\/uploads\/sites\/8\/2024\/06\/rosental_50-Geburtstag-P-Stefan-Weig_mit-EI-Gsunga_2024-06-30_38.jpg\" class=\"attachment-2048x2048 size-2048x2048 wp-image-1703\" alt=\"\" srcset=\"https:\/\/www.osfs.eu\/salesianum-rosental\/wp-content\/uploads\/sites\/8\/2024\/06\/rosental_50-Geburtstag-P-Stefan-Weig_mit-EI-Gsunga_2024-06-30_38.jpg 1600w, https:\/\/www.osfs.eu\/salesianum-rosental\/wp-content\/uploads\/sites\/8\/2024\/06\/rosental_50-Geburtstag-P-Stefan-Weig_mit-EI-Gsunga_2024-06-30_38-300x135.jpg 300w, https:\/\/www.osfs.eu\/salesianum-rosental\/wp-content\/uploads\/sites\/8\/2024\/06\/rosental_50-Geburtstag-P-Stefan-Weig_mit-EI-Gsunga_2024-06-30_38-1024x461.jpg 1024w, https:\/\/www.osfs.eu\/salesianum-rosental\/wp-content\/uploads\/sites\/8\/2024\/06\/rosental_50-Geburtstag-P-Stefan-Weig_mit-EI-Gsunga_2024-06-30_38-768x346.jpg 768w, https:\/\/www.osfs.eu\/salesianum-rosental\/wp-content\/uploads\/sites\/8\/2024\/06\/rosental_50-Geburtstag-P-Stefan-Weig_mit-EI-Gsunga_2024-06-30_38-1536x691.jpg 1536w\" sizes=\"(max-width: 1600px) 100vw, 1600px\" \/>\t\t\t\t\t\t\t\t\t\t\t\t\t\t\t<\/div>\n\t\t\t\t<\/div>\n\t\t\t\t<div data-dce-text-color=\"#A3A3A3\" class=\"elementor-element elementor-element-906bdc5 elementor-widget elementor-widget-post-info\" data-id=\"906bdc5\" data-element_type=\"widget\" data-e-type=\"widget\" data-widget_type=\"post-info.default\">\n\t\t\t\t<div class=\"elementor-widget-container\">\n\t\t\t\t\t\t\t<ul class=\"elementor-inline-items elementor-icon-list-items elementor-post-info\">\n\t\t\t\t\t\t\t\t<li class=\"elementor-icon-list-item elementor-repeater-item-3f53913 elementor-inline-item\" itemprop=\"datePublished\">\n\t\t\t\t\t\t\t\t\t\t\t\t\t<span class=\"elementor-icon-list-text elementor-post-info__item elementor-post-info__item--type-date\">\n\t\t\t\t\t\t\t\t\t\t<time>Juni 30, 2024<\/time>\t\t\t\t\t<\/span>\n\t\t\t\t\t\t\t\t<\/li>\n\t\t\t\t<\/ul>\n\t\t\t\t\t\t<\/div>\n\t\t\t\t<\/div>\n\t\t\t\t<div data-dce-title-color=\"#555555\" class=\"elementor-element elementor-element-be7483d elementor-widget elementor-widget-theme-post-title elementor-page-title elementor-widget-heading\" data-id=\"be7483d\" data-element_type=\"widget\" data-e-type=\"widget\" data-widget_type=\"theme-post-title.default\">\n\t\t\t\t<div class=\"elementor-widget-container\">\n\t\t\t\t\t<h3 class=\"elementor-heading-title elementor-size-default\">50. Geburtstag von Pater Stefan Weig OSFS<\/h3>\t\t\t\t<\/div>\n\t\t\t\t<\/div>\n\t\t\t\t<div data-dce-title-color=\"#555555\" class=\"elementor-element elementor-element-4e6252c elementor-widget elementor-widget-theme-post-excerpt\" data-id=\"4e6252c\" data-element_type=\"widget\" data-e-type=\"widget\" data-widget_type=\"theme-post-excerpt.default\">\n\t\t\t\t<div class=\"elementor-widget-container\">\n\t\t\t\t\tAm Sonntag, 30. Juni 2024, wurde im Salesianum Rosental der 50. Geburtstag von Pater Stefan Weig OSFS gefeiert.\t\t\t\t<\/div>\n\t\t\t\t<\/div>\n\t\t\t\t\t<\/div>\n\t\t\t\t<\/a>\n\t\t\t\t<\/div>\n\t\t\t\t<div data-elementor-type=\"loop-item\" data-elementor-id=\"693\" class=\"elementor elementor-693 e-loop-item e-loop-item-1656 post-1656 post type-post status-publish format-standard has-post-thumbnail hentry category-allgemein\" data-elementor-post-type=\"elementor_library\" data-custom-edit-handle=\"1\">\n\t\t\t<a class=\"elementor-element elementor-element-79d8d6d e-transform e-flex e-con-boxed elementor-invisible e-con e-parent\" data-id=\"79d8d6d\" data-element_type=\"container\" data-e-type=\"container\" data-settings=\"{&quot;animation&quot;:&quot;fadeIn&quot;,&quot;_transform_translateY_effect_hover&quot;:{&quot;unit&quot;:&quot;px&quot;,&quot;size&quot;:&quot;-5&quot;,&quot;sizes&quot;:[]},&quot;_transform_translateX_effect_hover&quot;:{&quot;unit&quot;:&quot;px&quot;,&quot;size&quot;:&quot;&quot;,&quot;sizes&quot;:[]},&quot;_transform_translateX_effect_hover_tablet&quot;:{&quot;unit&quot;:&quot;px&quot;,&quot;size&quot;:&quot;&quot;,&quot;sizes&quot;:[]},&quot;_transform_translateX_effect_hover_mobile&quot;:{&quot;unit&quot;:&quot;px&quot;,&quot;size&quot;:&quot;&quot;,&quot;sizes&quot;:[]},&quot;_transform_translateY_effect_hover_tablet&quot;:{&quot;unit&quot;:&quot;px&quot;,&quot;size&quot;:&quot;&quot;,&quot;sizes&quot;:[]},&quot;_transform_translateY_effect_hover_mobile&quot;:{&quot;unit&quot;:&quot;px&quot;,&quot;size&quot;:&quot;&quot;,&quot;sizes&quot;:[]}}\" href=\"https:\/\/www.osfs.eu\/salesianum-rosental\/pater-alfred-ertle-osfs-verstorben\/\">\n\t\t\t\t\t<div class=\"e-con-inner\">\n\t\t\t\t<div class=\"elementor-element elementor-element-c5cdfba elementor-widget elementor-widget-theme-post-featured-image elementor-widget-image\" data-id=\"c5cdfba\" data-element_type=\"widget\" data-e-type=\"widget\" data-widget_type=\"theme-post-featured-image.default\">\n\t\t\t\t<div class=\"elementor-widget-container\">\n\t\t\t\t\t\t\t\t\t\t\t\t\t\t\t<img loading=\"lazy\" decoding=\"async\" width=\"1920\" height=\"1197\" src=\"https:\/\/www.osfs.eu\/salesianum-rosental\/wp-content\/uploads\/sites\/8\/2024\/06\/ertle_alfred_90.jpg\" class=\"attachment-2048x2048 size-2048x2048 wp-image-1657\" alt=\"\" srcset=\"https:\/\/www.osfs.eu\/salesianum-rosental\/wp-content\/uploads\/sites\/8\/2024\/06\/ertle_alfred_90.jpg 1920w, https:\/\/www.osfs.eu\/salesianum-rosental\/wp-content\/uploads\/sites\/8\/2024\/06\/ertle_alfred_90-300x187.jpg 300w, https:\/\/www.osfs.eu\/salesianum-rosental\/wp-content\/uploads\/sites\/8\/2024\/06\/ertle_alfred_90-1024x638.jpg 1024w, https:\/\/www.osfs.eu\/salesianum-rosental\/wp-content\/uploads\/sites\/8\/2024\/06\/ertle_alfred_90-768x479.jpg 768w, https:\/\/www.osfs.eu\/salesianum-rosental\/wp-content\/uploads\/sites\/8\/2024\/06\/ertle_alfred_90-1536x958.jpg 1536w\" sizes=\"(max-width: 1920px) 100vw, 1920px\" \/>\t\t\t\t\t\t\t\t\t\t\t\t\t\t\t<\/div>\n\t\t\t\t<\/div>\n\t\t\t\t<div data-dce-text-color=\"#A3A3A3\" class=\"elementor-element elementor-element-906bdc5 elementor-widget elementor-widget-post-info\" data-id=\"906bdc5\" data-element_type=\"widget\" data-e-type=\"widget\" data-widget_type=\"post-info.default\">\n\t\t\t\t<div class=\"elementor-widget-container\">\n\t\t\t\t\t\t\t<ul class=\"elementor-inline-items elementor-icon-list-items elementor-post-info\">\n\t\t\t\t\t\t\t\t<li class=\"elementor-icon-list-item elementor-repeater-item-3f53913 elementor-inline-item\" itemprop=\"datePublished\">\n\t\t\t\t\t\t\t\t\t\t\t\t\t<span class=\"elementor-icon-list-text elementor-post-info__item elementor-post-info__item--type-date\">\n\t\t\t\t\t\t\t\t\t\t<time>Juni 22, 2024<\/time>\t\t\t\t\t<\/span>\n\t\t\t\t\t\t\t\t<\/li>\n\t\t\t\t<\/ul>\n\t\t\t\t\t\t<\/div>\n\t\t\t\t<\/div>\n\t\t\t\t<div data-dce-title-color=\"#555555\" class=\"elementor-element elementor-element-be7483d elementor-widget elementor-widget-theme-post-title elementor-page-title elementor-widget-heading\" data-id=\"be7483d\" data-element_type=\"widget\" data-e-type=\"widget\" data-widget_type=\"theme-post-title.default\">\n\t\t\t\t<div class=\"elementor-widget-container\">\n\t\t\t\t\t<h3 class=\"elementor-heading-title elementor-size-default\">Pater Alfred Ertle OSFS verstorben<\/h3>\t\t\t\t<\/div>\n\t\t\t\t<\/div>\n\t\t\t\t<div data-dce-title-color=\"#555555\" class=\"elementor-element elementor-element-4e6252c elementor-widget elementor-widget-theme-post-excerpt\" data-id=\"4e6252c\" data-element_type=\"widget\" data-e-type=\"widget\" data-widget_type=\"theme-post-excerpt.default\">\n\t\t\t\t<div class=\"elementor-widget-container\">\n\t\t\t\t\tAm Samstag, 22. Juni 2024, verstarb unser Mitbruder Pater Alfred Ertle OSFS im Caritasheim St. Elisabeth in Eichst\u00e4tt, Bayern, im 91. Lebensjahr, im 67. Professjahr und im 62. Jahr seiner Priesterweihe.\t\t\t\t<\/div>\n\t\t\t\t<\/div>\n\t\t\t\t\t<\/div>\n\t\t\t\t<\/a>\n\t\t\t\t<\/div>\n\t\t\t\t<div data-elementor-type=\"loop-item\" data-elementor-id=\"693\" class=\"elementor elementor-693 e-loop-item e-loop-item-1628 post-1628 post type-post status-publish format-standard has-post-thumbnail hentry category-allgemein\" data-elementor-post-type=\"elementor_library\" data-custom-edit-handle=\"1\">\n\t\t\t<a class=\"elementor-element elementor-element-79d8d6d e-transform e-flex e-con-boxed elementor-invisible e-con e-parent\" data-id=\"79d8d6d\" data-element_type=\"container\" data-e-type=\"container\" data-settings=\"{&quot;animation&quot;:&quot;fadeIn&quot;,&quot;_transform_translateY_effect_hover&quot;:{&quot;unit&quot;:&quot;px&quot;,&quot;size&quot;:&quot;-5&quot;,&quot;sizes&quot;:[]},&quot;_transform_translateX_effect_hover&quot;:{&quot;unit&quot;:&quot;px&quot;,&quot;size&quot;:&quot;&quot;,&quot;sizes&quot;:[]},&quot;_transform_translateX_effect_hover_tablet&quot;:{&quot;unit&quot;:&quot;px&quot;,&quot;size&quot;:&quot;&quot;,&quot;sizes&quot;:[]},&quot;_transform_translateX_effect_hover_mobile&quot;:{&quot;unit&quot;:&quot;px&quot;,&quot;size&quot;:&quot;&quot;,&quot;sizes&quot;:[]},&quot;_transform_translateY_effect_hover_tablet&quot;:{&quot;unit&quot;:&quot;px&quot;,&quot;size&quot;:&quot;&quot;,&quot;sizes&quot;:[]},&quot;_transform_translateY_effect_hover_mobile&quot;:{&quot;unit&quot;:&quot;px&quot;,&quot;size&quot;:&quot;&quot;,&quot;sizes&quot;:[]}}\" href=\"https:\/\/www.osfs.eu\/salesianum-rosental\/fest-der-begegnung\/\">\n\t\t\t\t\t<div class=\"e-con-inner\">\n\t\t\t\t<div class=\"elementor-element elementor-element-c5cdfba elementor-widget elementor-widget-theme-post-featured-image elementor-widget-image\" data-id=\"c5cdfba\" data-element_type=\"widget\" data-e-type=\"widget\" data-widget_type=\"theme-post-featured-image.default\">\n\t\t\t\t<div class=\"elementor-widget-container\">\n\t\t\t\t\t\t\t\t\t\t\t\t\t\t\t<img loading=\"lazy\" decoding=\"async\" width=\"1600\" height=\"720\" src=\"https:\/\/www.osfs.eu\/salesianum-rosental\/wp-content\/uploads\/sites\/8\/2024\/06\/rosental_festderbegegnung_2024-06-16_16.jpg\" class=\"attachment-2048x2048 size-2048x2048 wp-image-1646\" alt=\"\" srcset=\"https:\/\/www.osfs.eu\/salesianum-rosental\/wp-content\/uploads\/sites\/8\/2024\/06\/rosental_festderbegegnung_2024-06-16_16.jpg 1600w, https:\/\/www.osfs.eu\/salesianum-rosental\/wp-content\/uploads\/sites\/8\/2024\/06\/rosental_festderbegegnung_2024-06-16_16-300x135.jpg 300w, https:\/\/www.osfs.eu\/salesianum-rosental\/wp-content\/uploads\/sites\/8\/2024\/06\/rosental_festderbegegnung_2024-06-16_16-1024x461.jpg 1024w, https:\/\/www.osfs.eu\/salesianum-rosental\/wp-content\/uploads\/sites\/8\/2024\/06\/rosental_festderbegegnung_2024-06-16_16-768x346.jpg 768w, https:\/\/www.osfs.eu\/salesianum-rosental\/wp-content\/uploads\/sites\/8\/2024\/06\/rosental_festderbegegnung_2024-06-16_16-1536x691.jpg 1536w\" sizes=\"(max-width: 1600px) 100vw, 1600px\" \/>\t\t\t\t\t\t\t\t\t\t\t\t\t\t\t<\/div>\n\t\t\t\t<\/div>\n\t\t\t\t<div data-dce-text-color=\"#A3A3A3\" class=\"elementor-element elementor-element-906bdc5 elementor-widget elementor-widget-post-info\" data-id=\"906bdc5\" data-element_type=\"widget\" data-e-type=\"widget\" data-widget_type=\"post-info.default\">\n\t\t\t\t<div class=\"elementor-widget-container\">\n\t\t\t\t\t\t\t<ul class=\"elementor-inline-items elementor-icon-list-items elementor-post-info\">\n\t\t\t\t\t\t\t\t<li class=\"elementor-icon-list-item elementor-repeater-item-3f53913 elementor-inline-item\" itemprop=\"datePublished\">\n\t\t\t\t\t\t\t\t\t\t\t\t\t<span class=\"elementor-icon-list-text elementor-post-info__item elementor-post-info__item--type-date\">\n\t\t\t\t\t\t\t\t\t\t<time>Juni 16, 2024<\/time>\t\t\t\t\t<\/span>\n\t\t\t\t\t\t\t\t<\/li>\n\t\t\t\t<\/ul>\n\t\t\t\t\t\t<\/div>\n\t\t\t\t<\/div>\n\t\t\t\t<div data-dce-title-color=\"#555555\" class=\"elementor-element elementor-element-be7483d elementor-widget elementor-widget-theme-post-title elementor-page-title elementor-widget-heading\" data-id=\"be7483d\" data-element_type=\"widget\" data-e-type=\"widget\" data-widget_type=\"theme-post-title.default\">\n\t\t\t\t<div class=\"elementor-widget-container\">\n\t\t\t\t\t<h3 class=\"elementor-heading-title elementor-size-default\">Fest der Begegnung<\/h3>\t\t\t\t<\/div>\n\t\t\t\t<\/div>\n\t\t\t\t<div data-dce-title-color=\"#555555\" class=\"elementor-element elementor-element-4e6252c elementor-widget elementor-widget-theme-post-excerpt\" data-id=\"4e6252c\" data-element_type=\"widget\" data-e-type=\"widget\" data-widget_type=\"theme-post-excerpt.default\">\n\t\t\t\t<div class=\"elementor-widget-container\">\n\t\t\t\t\tMittlerweile ist das \"Fest der Begegnung\" im Salesianum Rosental eine liebgewordene Tradition. Das Fest begann am Sonntag, 16. Juni 2024, mit der Heiligen Messe.\t\t\t\t<\/div>\n\t\t\t\t<\/div>\n\t\t\t\t\t<\/div>\n\t\t\t\t<\/a>\n\t\t\t\t<\/div>\n\t\t\t\t<div data-elementor-type=\"loop-item\" data-elementor-id=\"693\" class=\"elementor elementor-693 e-loop-item e-loop-item-1621 post-1621 post type-post status-publish format-standard has-post-thumbnail hentry category-allgemein\" data-elementor-post-type=\"elementor_library\" data-custom-edit-handle=\"1\">\n\t\t\t<a class=\"elementor-element elementor-element-79d8d6d e-transform e-flex e-con-boxed elementor-invisible e-con e-parent\" data-id=\"79d8d6d\" data-element_type=\"container\" data-e-type=\"container\" data-settings=\"{&quot;animation&quot;:&quot;fadeIn&quot;,&quot;_transform_translateY_effect_hover&quot;:{&quot;unit&quot;:&quot;px&quot;,&quot;size&quot;:&quot;-5&quot;,&quot;sizes&quot;:[]},&quot;_transform_translateX_effect_hover&quot;:{&quot;unit&quot;:&quot;px&quot;,&quot;size&quot;:&quot;&quot;,&quot;sizes&quot;:[]},&quot;_transform_translateX_effect_hover_tablet&quot;:{&quot;unit&quot;:&quot;px&quot;,&quot;size&quot;:&quot;&quot;,&quot;sizes&quot;:[]},&quot;_transform_translateX_effect_hover_mobile&quot;:{&quot;unit&quot;:&quot;px&quot;,&quot;size&quot;:&quot;&quot;,&quot;sizes&quot;:[]},&quot;_transform_translateY_effect_hover_tablet&quot;:{&quot;unit&quot;:&quot;px&quot;,&quot;size&quot;:&quot;&quot;,&quot;sizes&quot;:[]},&quot;_transform_translateY_effect_hover_mobile&quot;:{&quot;unit&quot;:&quot;px&quot;,&quot;size&quot;:&quot;&quot;,&quot;sizes&quot;:[]}}\" href=\"https:\/\/www.osfs.eu\/salesianum-rosental\/einladung-zum-fest-der-begegnung\/\">\n\t\t\t\t\t<div class=\"e-con-inner\">\n\t\t\t\t<div class=\"elementor-element elementor-element-c5cdfba elementor-widget elementor-widget-theme-post-featured-image elementor-widget-image\" data-id=\"c5cdfba\" data-element_type=\"widget\" data-e-type=\"widget\" data-widget_type=\"theme-post-featured-image.default\">\n\t\t\t\t<div class=\"elementor-widget-container\">\n\t\t\t\t\t\t\t\t\t\t\t\t\t\t\t<img loading=\"lazy\" decoding=\"async\" width=\"1920\" height=\"864\" src=\"https:\/\/www.osfs.eu\/salesianum-rosental\/wp-content\/uploads\/sites\/8\/2023\/09\/75-geburtstag-p-josef-prinz_rosental_2023-09-17_20.jpg\" class=\"attachment-2048x2048 size-2048x2048 wp-image-1281\" alt=\"\" srcset=\"https:\/\/www.osfs.eu\/salesianum-rosental\/wp-content\/uploads\/sites\/8\/2023\/09\/75-geburtstag-p-josef-prinz_rosental_2023-09-17_20.jpg 1920w, https:\/\/www.osfs.eu\/salesianum-rosental\/wp-content\/uploads\/sites\/8\/2023\/09\/75-geburtstag-p-josef-prinz_rosental_2023-09-17_20-300x135.jpg 300w, https:\/\/www.osfs.eu\/salesianum-rosental\/wp-content\/uploads\/sites\/8\/2023\/09\/75-geburtstag-p-josef-prinz_rosental_2023-09-17_20-1024x461.jpg 1024w, https:\/\/www.osfs.eu\/salesianum-rosental\/wp-content\/uploads\/sites\/8\/2023\/09\/75-geburtstag-p-josef-prinz_rosental_2023-09-17_20-768x346.jpg 768w, https:\/\/www.osfs.eu\/salesianum-rosental\/wp-content\/uploads\/sites\/8\/2023\/09\/75-geburtstag-p-josef-prinz_rosental_2023-09-17_20-1536x691.jpg 1536w\" sizes=\"(max-width: 1920px) 100vw, 1920px\" \/>\t\t\t\t\t\t\t\t\t\t\t\t\t\t\t<\/div>\n\t\t\t\t<\/div>\n\t\t\t\t<div data-dce-text-color=\"#A3A3A3\" class=\"elementor-element elementor-element-906bdc5 elementor-widget elementor-widget-post-info\" data-id=\"906bdc5\" data-element_type=\"widget\" data-e-type=\"widget\" data-widget_type=\"post-info.default\">\n\t\t\t\t<div class=\"elementor-widget-container\">\n\t\t\t\t\t\t\t<ul class=\"elementor-inline-items elementor-icon-list-items elementor-post-info\">\n\t\t\t\t\t\t\t\t<li class=\"elementor-icon-list-item elementor-repeater-item-3f53913 elementor-inline-item\" itemprop=\"datePublished\">\n\t\t\t\t\t\t\t\t\t\t\t\t\t<span class=\"elementor-icon-list-text elementor-post-info__item elementor-post-info__item--type-date\">\n\t\t\t\t\t\t\t\t\t\t<time>Juni 14, 2024<\/time>\t\t\t\t\t<\/span>\n\t\t\t\t\t\t\t\t<\/li>\n\t\t\t\t<\/ul>\n\t\t\t\t\t\t<\/div>\n\t\t\t\t<\/div>\n\t\t\t\t<div data-dce-title-color=\"#555555\" class=\"elementor-element elementor-element-be7483d elementor-widget elementor-widget-theme-post-title elementor-page-title elementor-widget-heading\" data-id=\"be7483d\" data-element_type=\"widget\" data-e-type=\"widget\" data-widget_type=\"theme-post-title.default\">\n\t\t\t\t<div class=\"elementor-widget-container\">\n\t\t\t\t\t<h3 class=\"elementor-heading-title elementor-size-default\">Einladung zum Fest der Begegnung<\/h3>\t\t\t\t<\/div>\n\t\t\t\t<\/div>\n\t\t\t\t<div data-dce-title-color=\"#555555\" class=\"elementor-element elementor-element-4e6252c elementor-widget elementor-widget-theme-post-excerpt\" data-id=\"4e6252c\" data-element_type=\"widget\" data-e-type=\"widget\" data-widget_type=\"theme-post-excerpt.default\">\n\t\t\t\t<div class=\"elementor-widget-container\">\n\t\t\t\t\tGanz herzlich laden wir am Sonntag, 16. 6. 2024 zum \u201eFEST DER BEGEGNUNG\u201c ins Salesianum ein.\t\t\t\t<\/div>\n\t\t\t\t<\/div>\n\t\t\t\t\t<\/div>\n\t\t\t\t<\/a>\n\t\t\t\t<\/div>\n\t\t\t\t<div data-elementor-type=\"loop-item\" data-elementor-id=\"693\" class=\"elementor elementor-693 e-loop-item e-loop-item-1605 post-1605 post type-post status-publish format-standard has-post-thumbnail hentry category-allgemein\" data-elementor-post-type=\"elementor_library\" data-custom-edit-handle=\"1\">\n\t\t\t<a class=\"elementor-element elementor-element-79d8d6d e-transform e-flex e-con-boxed elementor-invisible e-con e-parent\" data-id=\"79d8d6d\" data-element_type=\"container\" data-e-type=\"container\" data-settings=\"{&quot;animation&quot;:&quot;fadeIn&quot;,&quot;_transform_translateY_effect_hover&quot;:{&quot;unit&quot;:&quot;px&quot;,&quot;size&quot;:&quot;-5&quot;,&quot;sizes&quot;:[]},&quot;_transform_translateX_effect_hover&quot;:{&quot;unit&quot;:&quot;px&quot;,&quot;size&quot;:&quot;&quot;,&quot;sizes&quot;:[]},&quot;_transform_translateX_effect_hover_tablet&quot;:{&quot;unit&quot;:&quot;px&quot;,&quot;size&quot;:&quot;&quot;,&quot;sizes&quot;:[]},&quot;_transform_translateX_effect_hover_mobile&quot;:{&quot;unit&quot;:&quot;px&quot;,&quot;size&quot;:&quot;&quot;,&quot;sizes&quot;:[]},&quot;_transform_translateY_effect_hover_tablet&quot;:{&quot;unit&quot;:&quot;px&quot;,&quot;size&quot;:&quot;&quot;,&quot;sizes&quot;:[]},&quot;_transform_translateY_effect_hover_mobile&quot;:{&quot;unit&quot;:&quot;px&quot;,&quot;size&quot;:&quot;&quot;,&quot;sizes&quot;:[]}}\" href=\"https:\/\/www.osfs.eu\/salesianum-rosental\/pfingstmontag-mit-arche-noah\/\">\n\t\t\t\t\t<div class=\"e-con-inner\">\n\t\t\t\t<div class=\"elementor-element elementor-element-c5cdfba elementor-widget elementor-widget-theme-post-featured-image elementor-widget-image\" data-id=\"c5cdfba\" data-element_type=\"widget\" data-e-type=\"widget\" data-widget_type=\"theme-post-featured-image.default\">\n\t\t\t\t<div class=\"elementor-widget-container\">\n\t\t\t\t\t\t\t\t\t\t\t\t\t\t\t<img loading=\"lazy\" decoding=\"async\" width=\"2016\" height=\"908\" src=\"https:\/\/www.osfs.eu\/salesianum-rosental\/wp-content\/uploads\/sites\/8\/2024\/05\/rosental_pfingsmontag-mit-arche-noah_2024-05-20_04.jpg\" class=\"attachment-2048x2048 size-2048x2048 wp-image-1611\" alt=\"\" srcset=\"https:\/\/www.osfs.eu\/salesianum-rosental\/wp-content\/uploads\/sites\/8\/2024\/05\/rosental_pfingsmontag-mit-arche-noah_2024-05-20_04.jpg 2016w, https:\/\/www.osfs.eu\/salesianum-rosental\/wp-content\/uploads\/sites\/8\/2024\/05\/rosental_pfingsmontag-mit-arche-noah_2024-05-20_04-300x135.jpg 300w, https:\/\/www.osfs.eu\/salesianum-rosental\/wp-content\/uploads\/sites\/8\/2024\/05\/rosental_pfingsmontag-mit-arche-noah_2024-05-20_04-1024x461.jpg 1024w, https:\/\/www.osfs.eu\/salesianum-rosental\/wp-content\/uploads\/sites\/8\/2024\/05\/rosental_pfingsmontag-mit-arche-noah_2024-05-20_04-768x346.jpg 768w, https:\/\/www.osfs.eu\/salesianum-rosental\/wp-content\/uploads\/sites\/8\/2024\/05\/rosental_pfingsmontag-mit-arche-noah_2024-05-20_04-1536x692.jpg 1536w\" sizes=\"(max-width: 2016px) 100vw, 2016px\" \/>\t\t\t\t\t\t\t\t\t\t\t\t\t\t\t<\/div>\n\t\t\t\t<\/div>\n\t\t\t\t<div data-dce-text-color=\"#A3A3A3\" class=\"elementor-element elementor-element-906bdc5 elementor-widget elementor-widget-post-info\" data-id=\"906bdc5\" data-element_type=\"widget\" data-e-type=\"widget\" data-widget_type=\"post-info.default\">\n\t\t\t\t<div class=\"elementor-widget-container\">\n\t\t\t\t\t\t\t<ul class=\"elementor-inline-items elementor-icon-list-items elementor-post-info\">\n\t\t\t\t\t\t\t\t<li class=\"elementor-icon-list-item elementor-repeater-item-3f53913 elementor-inline-item\" itemprop=\"datePublished\">\n\t\t\t\t\t\t\t\t\t\t\t\t\t<span class=\"elementor-icon-list-text elementor-post-info__item elementor-post-info__item--type-date\">\n\t\t\t\t\t\t\t\t\t\t<time>Mai 20, 2024<\/time>\t\t\t\t\t<\/span>\n\t\t\t\t\t\t\t\t<\/li>\n\t\t\t\t<\/ul>\n\t\t\t\t\t\t<\/div>\n\t\t\t\t<\/div>\n\t\t\t\t<div data-dce-title-color=\"#555555\" class=\"elementor-element elementor-element-be7483d elementor-widget elementor-widget-theme-post-title elementor-page-title elementor-widget-heading\" data-id=\"be7483d\" data-element_type=\"widget\" data-e-type=\"widget\" data-widget_type=\"theme-post-title.default\">\n\t\t\t\t<div class=\"elementor-widget-container\">\n\t\t\t\t\t<h3 class=\"elementor-heading-title elementor-size-default\">Pfingstmontag mit Arche Noah<\/h3>\t\t\t\t<\/div>\n\t\t\t\t<\/div>\n\t\t\t\t<div data-dce-title-color=\"#555555\" class=\"elementor-element elementor-element-4e6252c elementor-widget elementor-widget-theme-post-excerpt\" data-id=\"4e6252c\" data-element_type=\"widget\" data-e-type=\"widget\" data-widget_type=\"theme-post-excerpt.default\">\n\t\t\t\t<div class=\"elementor-widget-container\">\n\t\t\t\t\tAm Pfingstmontag, 20. Mai 2024, wurde die Eucharistiefeier von der Musikgruppe Arche Noah gestaltet. Zelebrant war Pater Josef Prinz OSFS.\t\t\t\t<\/div>\n\t\t\t\t<\/div>\n\t\t\t\t\t<\/div>\n\t\t\t\t<\/a>\n\t\t\t\t<\/div>\n\t\t\t\t<div data-elementor-type=\"loop-item\" data-elementor-id=\"693\" class=\"elementor elementor-693 e-loop-item e-loop-item-1593 post-1593 post type-post status-publish format-standard has-post-thumbnail hentry category-allgemein\" data-elementor-post-type=\"elementor_library\" data-custom-edit-handle=\"1\">\n\t\t\t<a class=\"elementor-element elementor-element-79d8d6d e-transform e-flex e-con-boxed elementor-invisible e-con e-parent\" data-id=\"79d8d6d\" data-element_type=\"container\" data-e-type=\"container\" data-settings=\"{&quot;animation&quot;:&quot;fadeIn&quot;,&quot;_transform_translateY_effect_hover&quot;:{&quot;unit&quot;:&quot;px&quot;,&quot;size&quot;:&quot;-5&quot;,&quot;sizes&quot;:[]},&quot;_transform_translateX_effect_hover&quot;:{&quot;unit&quot;:&quot;px&quot;,&quot;size&quot;:&quot;&quot;,&quot;sizes&quot;:[]},&quot;_transform_translateX_effect_hover_tablet&quot;:{&quot;unit&quot;:&quot;px&quot;,&quot;size&quot;:&quot;&quot;,&quot;sizes&quot;:[]},&quot;_transform_translateX_effect_hover_mobile&quot;:{&quot;unit&quot;:&quot;px&quot;,&quot;size&quot;:&quot;&quot;,&quot;sizes&quot;:[]},&quot;_transform_translateY_effect_hover_tablet&quot;:{&quot;unit&quot;:&quot;px&quot;,&quot;size&quot;:&quot;&quot;,&quot;sizes&quot;:[]},&quot;_transform_translateY_effect_hover_mobile&quot;:{&quot;unit&quot;:&quot;px&quot;,&quot;size&quot;:&quot;&quot;,&quot;sizes&quot;:[]}}\" href=\"https:\/\/www.osfs.eu\/salesianum-rosental\/90-geburtstag-von-p-alfred-ertle\/\">\n\t\t\t\t\t<div class=\"e-con-inner\">\n\t\t\t\t<div class=\"elementor-element elementor-element-c5cdfba elementor-widget elementor-widget-theme-post-featured-image elementor-widget-image\" data-id=\"c5cdfba\" data-element_type=\"widget\" data-e-type=\"widget\" data-widget_type=\"theme-post-featured-image.default\">\n\t\t\t\t<div class=\"elementor-widget-container\">\n\t\t\t\t\t\t\t\t\t\t\t\t\t\t\t<img loading=\"lazy\" decoding=\"async\" width=\"1600\" height=\"720\" src=\"https:\/\/www.osfs.eu\/salesianum-rosental\/wp-content\/uploads\/sites\/8\/2024\/05\/rosental_90gburtstag-p-alfred-ertle_2024-04-29_13.jpg\" class=\"attachment-2048x2048 size-2048x2048 wp-image-1601\" alt=\"\" srcset=\"https:\/\/www.osfs.eu\/salesianum-rosental\/wp-content\/uploads\/sites\/8\/2024\/05\/rosental_90gburtstag-p-alfred-ertle_2024-04-29_13.jpg 1600w, https:\/\/www.osfs.eu\/salesianum-rosental\/wp-content\/uploads\/sites\/8\/2024\/05\/rosental_90gburtstag-p-alfred-ertle_2024-04-29_13-300x135.jpg 300w, https:\/\/www.osfs.eu\/salesianum-rosental\/wp-content\/uploads\/sites\/8\/2024\/05\/rosental_90gburtstag-p-alfred-ertle_2024-04-29_13-1024x461.jpg 1024w, https:\/\/www.osfs.eu\/salesianum-rosental\/wp-content\/uploads\/sites\/8\/2024\/05\/rosental_90gburtstag-p-alfred-ertle_2024-04-29_13-768x346.jpg 768w, https:\/\/www.osfs.eu\/salesianum-rosental\/wp-content\/uploads\/sites\/8\/2024\/05\/rosental_90gburtstag-p-alfred-ertle_2024-04-29_13-1536x691.jpg 1536w\" sizes=\"(max-width: 1600px) 100vw, 1600px\" \/>\t\t\t\t\t\t\t\t\t\t\t\t\t\t\t<\/div>\n\t\t\t\t<\/div>\n\t\t\t\t<div data-dce-text-color=\"#A3A3A3\" class=\"elementor-element elementor-element-906bdc5 elementor-widget elementor-widget-post-info\" data-id=\"906bdc5\" data-element_type=\"widget\" data-e-type=\"widget\" data-widget_type=\"post-info.default\">\n\t\t\t\t<div class=\"elementor-widget-container\">\n\t\t\t\t\t\t\t<ul class=\"elementor-inline-items elementor-icon-list-items elementor-post-info\">\n\t\t\t\t\t\t\t\t<li class=\"elementor-icon-list-item elementor-repeater-item-3f53913 elementor-inline-item\" itemprop=\"datePublished\">\n\t\t\t\t\t\t\t\t\t\t\t\t\t<span class=\"elementor-icon-list-text elementor-post-info__item elementor-post-info__item--type-date\">\n\t\t\t\t\t\t\t\t\t\t<time>April 29, 2024<\/time>\t\t\t\t\t<\/span>\n\t\t\t\t\t\t\t\t<\/li>\n\t\t\t\t<\/ul>\n\t\t\t\t\t\t<\/div>\n\t\t\t\t<\/div>\n\t\t\t\t<div data-dce-title-color=\"#555555\" class=\"elementor-element elementor-element-be7483d elementor-widget elementor-widget-theme-post-title elementor-page-title elementor-widget-heading\" data-id=\"be7483d\" data-element_type=\"widget\" data-e-type=\"widget\" data-widget_type=\"theme-post-title.default\">\n\t\t\t\t<div class=\"elementor-widget-container\">\n\t\t\t\t\t<h3 class=\"elementor-heading-title elementor-size-default\">90. Geburtstag von P. Alfred Ertle<\/h3>\t\t\t\t<\/div>\n\t\t\t\t<\/div>\n\t\t\t\t<div data-dce-title-color=\"#555555\" class=\"elementor-element elementor-element-4e6252c elementor-widget elementor-widget-theme-post-excerpt\" data-id=\"4e6252c\" data-element_type=\"widget\" data-e-type=\"widget\" data-widget_type=\"theme-post-excerpt.default\">\n\t\t\t\t<div class=\"elementor-widget-container\">\n\t\t\t\t\tAm Montag, 29. April 2024, feierte Pater Alfred Ertle OSFS seinen 90. Geburtstag.\t\t\t\t<\/div>\n\t\t\t\t<\/div>\n\t\t\t\t\t<\/div>\n\t\t\t\t<\/a>\n\t\t\t\t<\/div>\n\t\t\t\t<div data-elementor-type=\"loop-item\" data-elementor-id=\"693\" class=\"elementor elementor-693 e-loop-item e-loop-item-1586 post-1586 post type-post status-publish format-standard has-post-thumbnail hentry category-allgemein\" data-elementor-post-type=\"elementor_library\" data-custom-edit-handle=\"1\">\n\t\t\t<a class=\"elementor-element elementor-element-79d8d6d e-transform e-flex e-con-boxed elementor-invisible e-con e-parent\" data-id=\"79d8d6d\" data-element_type=\"container\" data-e-type=\"container\" data-settings=\"{&quot;animation&quot;:&quot;fadeIn&quot;,&quot;_transform_translateY_effect_hover&quot;:{&quot;unit&quot;:&quot;px&quot;,&quot;size&quot;:&quot;-5&quot;,&quot;sizes&quot;:[]},&quot;_transform_translateX_effect_hover&quot;:{&quot;unit&quot;:&quot;px&quot;,&quot;size&quot;:&quot;&quot;,&quot;sizes&quot;:[]},&quot;_transform_translateX_effect_hover_tablet&quot;:{&quot;unit&quot;:&quot;px&quot;,&quot;size&quot;:&quot;&quot;,&quot;sizes&quot;:[]},&quot;_transform_translateX_effect_hover_mobile&quot;:{&quot;unit&quot;:&quot;px&quot;,&quot;size&quot;:&quot;&quot;,&quot;sizes&quot;:[]},&quot;_transform_translateY_effect_hover_tablet&quot;:{&quot;unit&quot;:&quot;px&quot;,&quot;size&quot;:&quot;&quot;,&quot;sizes&quot;:[]},&quot;_transform_translateY_effect_hover_mobile&quot;:{&quot;unit&quot;:&quot;px&quot;,&quot;size&quot;:&quot;&quot;,&quot;sizes&quot;:[]}}\" href=\"https:\/\/www.osfs.eu\/salesianum-rosental\/heilige-messe-mit-trachtenverein\/\">\n\t\t\t\t\t<div class=\"e-con-inner\">\n\t\t\t\t<div class=\"elementor-element elementor-element-c5cdfba elementor-widget elementor-widget-theme-post-featured-image elementor-widget-image\" data-id=\"c5cdfba\" data-element_type=\"widget\" data-e-type=\"widget\" data-widget_type=\"theme-post-featured-image.default\">\n\t\t\t\t<div class=\"elementor-widget-container\">\n\t\t\t\t\t\t\t\t\t\t\t\t\t\t\t<img loading=\"lazy\" decoding=\"async\" width=\"1600\" height=\"720\" src=\"https:\/\/www.osfs.eu\/salesianum-rosental\/wp-content\/uploads\/sites\/8\/2024\/04\/rosental_trachtenvereinkonstein_2024-04-21_04.jpg\" class=\"attachment-2048x2048 size-2048x2048 wp-image-1587\" alt=\"\" srcset=\"https:\/\/www.osfs.eu\/salesianum-rosental\/wp-content\/uploads\/sites\/8\/2024\/04\/rosental_trachtenvereinkonstein_2024-04-21_04.jpg 1600w, https:\/\/www.osfs.eu\/salesianum-rosental\/wp-content\/uploads\/sites\/8\/2024\/04\/rosental_trachtenvereinkonstein_2024-04-21_04-300x135.jpg 300w, https:\/\/www.osfs.eu\/salesianum-rosental\/wp-content\/uploads\/sites\/8\/2024\/04\/rosental_trachtenvereinkonstein_2024-04-21_04-1024x461.jpg 1024w, https:\/\/www.osfs.eu\/salesianum-rosental\/wp-content\/uploads\/sites\/8\/2024\/04\/rosental_trachtenvereinkonstein_2024-04-21_04-768x346.jpg 768w, https:\/\/www.osfs.eu\/salesianum-rosental\/wp-content\/uploads\/sites\/8\/2024\/04\/rosental_trachtenvereinkonstein_2024-04-21_04-1536x691.jpg 1536w\" sizes=\"(max-width: 1600px) 100vw, 1600px\" \/>\t\t\t\t\t\t\t\t\t\t\t\t\t\t\t<\/div>\n\t\t\t\t<\/div>\n\t\t\t\t<div data-dce-text-color=\"#A3A3A3\" class=\"elementor-element elementor-element-906bdc5 elementor-widget elementor-widget-post-info\" data-id=\"906bdc5\" data-element_type=\"widget\" data-e-type=\"widget\" data-widget_type=\"post-info.default\">\n\t\t\t\t<div class=\"elementor-widget-container\">\n\t\t\t\t\t\t\t<ul class=\"elementor-inline-items elementor-icon-list-items elementor-post-info\">\n\t\t\t\t\t\t\t\t<li class=\"elementor-icon-list-item elementor-repeater-item-3f53913 elementor-inline-item\" itemprop=\"datePublished\">\n\t\t\t\t\t\t\t\t\t\t\t\t\t<span class=\"elementor-icon-list-text elementor-post-info__item elementor-post-info__item--type-date\">\n\t\t\t\t\t\t\t\t\t\t<time>April 26, 2024<\/time>\t\t\t\t\t<\/span>\n\t\t\t\t\t\t\t\t<\/li>\n\t\t\t\t<\/ul>\n\t\t\t\t\t\t<\/div>\n\t\t\t\t<\/div>\n\t\t\t\t<div data-dce-title-color=\"#555555\" class=\"elementor-element elementor-element-be7483d elementor-widget elementor-widget-theme-post-title elementor-page-title elementor-widget-heading\" data-id=\"be7483d\" data-element_type=\"widget\" data-e-type=\"widget\" data-widget_type=\"theme-post-title.default\">\n\t\t\t\t<div class=\"elementor-widget-container\">\n\t\t\t\t\t<h3 class=\"elementor-heading-title elementor-size-default\">Heilige Messe mit Trachtenverein<\/h3>\t\t\t\t<\/div>\n\t\t\t\t<\/div>\n\t\t\t\t<div data-dce-title-color=\"#555555\" class=\"elementor-element elementor-element-4e6252c elementor-widget elementor-widget-theme-post-excerpt\" data-id=\"4e6252c\" data-element_type=\"widget\" data-e-type=\"widget\" data-widget_type=\"theme-post-excerpt.default\">\n\t\t\t\t<div class=\"elementor-widget-container\">\n\t\t\t\t\tDer Heimat- und Trachtenverein Konstein gestaltete am Sonntag, 21. April 2024, die Heilige Messe im Salesianum musikalisch.\t\t\t\t<\/div>\n\t\t\t\t<\/div>\n\t\t\t\t\t<\/div>\n\t\t\t\t<\/a>\n\t\t\t\t<\/div>\n\t\t\t\t<div data-elementor-type=\"loop-item\" data-elementor-id=\"693\" class=\"elementor elementor-693 e-loop-item e-loop-item-1574 post-1574 post type-post status-publish format-standard has-post-thumbnail hentry category-allgemein\" data-elementor-post-type=\"elementor_library\" data-custom-edit-handle=\"1\">\n\t\t\t<a class=\"elementor-element elementor-element-79d8d6d e-transform e-flex e-con-boxed elementor-invisible e-con e-parent\" data-id=\"79d8d6d\" data-element_type=\"container\" data-e-type=\"container\" data-settings=\"{&quot;animation&quot;:&quot;fadeIn&quot;,&quot;_transform_translateY_effect_hover&quot;:{&quot;unit&quot;:&quot;px&quot;,&quot;size&quot;:&quot;-5&quot;,&quot;sizes&quot;:[]},&quot;_transform_translateX_effect_hover&quot;:{&quot;unit&quot;:&quot;px&quot;,&quot;size&quot;:&quot;&quot;,&quot;sizes&quot;:[]},&quot;_transform_translateX_effect_hover_tablet&quot;:{&quot;unit&quot;:&quot;px&quot;,&quot;size&quot;:&quot;&quot;,&quot;sizes&quot;:[]},&quot;_transform_translateX_effect_hover_mobile&quot;:{&quot;unit&quot;:&quot;px&quot;,&quot;size&quot;:&quot;&quot;,&quot;sizes&quot;:[]},&quot;_transform_translateY_effect_hover_tablet&quot;:{&quot;unit&quot;:&quot;px&quot;,&quot;size&quot;:&quot;&quot;,&quot;sizes&quot;:[]},&quot;_transform_translateY_effect_hover_mobile&quot;:{&quot;unit&quot;:&quot;px&quot;,&quot;size&quot;:&quot;&quot;,&quot;sizes&quot;:[]}}\" href=\"https:\/\/www.osfs.eu\/salesianum-rosental\/aufbluehen\/\">\n\t\t\t\t\t<div class=\"e-con-inner\">\n\t\t\t\t<div class=\"elementor-element elementor-element-c5cdfba elementor-widget elementor-widget-theme-post-featured-image elementor-widget-image\" data-id=\"c5cdfba\" data-element_type=\"widget\" data-e-type=\"widget\" data-widget_type=\"theme-post-featured-image.default\">\n\t\t\t\t<div class=\"elementor-widget-container\">\n\t\t\t\t\t\t\t\t\t\t\t\t\t\t\t<img loading=\"lazy\" decoding=\"async\" width=\"2016\" height=\"908\" src=\"https:\/\/www.osfs.eu\/salesianum-rosental\/wp-content\/uploads\/sites\/8\/2024\/04\/rosental_team-messe_2024-04-14_04.jpeg\" class=\"attachment-2048x2048 size-2048x2048 wp-image-1580\" alt=\"\" srcset=\"https:\/\/www.osfs.eu\/salesianum-rosental\/wp-content\/uploads\/sites\/8\/2024\/04\/rosental_team-messe_2024-04-14_04.jpeg 2016w, https:\/\/www.osfs.eu\/salesianum-rosental\/wp-content\/uploads\/sites\/8\/2024\/04\/rosental_team-messe_2024-04-14_04-300x135.jpeg 300w, https:\/\/www.osfs.eu\/salesianum-rosental\/wp-content\/uploads\/sites\/8\/2024\/04\/rosental_team-messe_2024-04-14_04-1024x461.jpeg 1024w, https:\/\/www.osfs.eu\/salesianum-rosental\/wp-content\/uploads\/sites\/8\/2024\/04\/rosental_team-messe_2024-04-14_04-768x346.jpeg 768w, https:\/\/www.osfs.eu\/salesianum-rosental\/wp-content\/uploads\/sites\/8\/2024\/04\/rosental_team-messe_2024-04-14_04-1536x692.jpeg 1536w\" sizes=\"(max-width: 2016px) 100vw, 2016px\" \/>\t\t\t\t\t\t\t\t\t\t\t\t\t\t\t<\/div>\n\t\t\t\t<\/div>\n\t\t\t\t<div data-dce-text-color=\"#A3A3A3\" class=\"elementor-element elementor-element-906bdc5 elementor-widget elementor-widget-post-info\" data-id=\"906bdc5\" data-element_type=\"widget\" data-e-type=\"widget\" data-widget_type=\"post-info.default\">\n\t\t\t\t<div class=\"elementor-widget-container\">\n\t\t\t\t\t\t\t<ul class=\"elementor-inline-items elementor-icon-list-items elementor-post-info\">\n\t\t\t\t\t\t\t\t<li class=\"elementor-icon-list-item elementor-repeater-item-3f53913 elementor-inline-item\" itemprop=\"datePublished\">\n\t\t\t\t\t\t\t\t\t\t\t\t\t<span class=\"elementor-icon-list-text elementor-post-info__item elementor-post-info__item--type-date\">\n\t\t\t\t\t\t\t\t\t\t<time>April 14, 2024<\/time>\t\t\t\t\t<\/span>\n\t\t\t\t\t\t\t\t<\/li>\n\t\t\t\t<\/ul>\n\t\t\t\t\t\t<\/div>\n\t\t\t\t<\/div>\n\t\t\t\t<div data-dce-title-color=\"#555555\" class=\"elementor-element elementor-element-be7483d elementor-widget elementor-widget-theme-post-title elementor-page-title elementor-widget-heading\" data-id=\"be7483d\" data-element_type=\"widget\" data-e-type=\"widget\" data-widget_type=\"theme-post-title.default\">\n\t\t\t\t<div class=\"elementor-widget-container\">\n\t\t\t\t\t<h3 class=\"elementor-heading-title elementor-size-default\">Aufbl\u00fchen<\/h3>\t\t\t\t<\/div>\n\t\t\t\t<\/div>\n\t\t\t\t<div data-dce-title-color=\"#555555\" class=\"elementor-element elementor-element-4e6252c elementor-widget elementor-widget-theme-post-excerpt\" data-id=\"4e6252c\" data-element_type=\"widget\" data-e-type=\"widget\" data-widget_type=\"theme-post-excerpt.default\">\n\t\t\t\t<div class=\"elementor-widget-container\">\n\t\t\t\t\tDie Heilige Messe am Sonntag, 15. April 2024, wurde vom TEAM gestaltet. Das Thema war \"Aufbl\u00fchen\".\t\t\t\t<\/div>\n\t\t\t\t<\/div>\n\t\t\t\t\t<\/div>\n\t\t\t\t<\/a>\n\t\t\t\t<\/div>\n\t\t\t\t<div data-elementor-type=\"loop-item\" data-elementor-id=\"693\" class=\"elementor elementor-693 e-loop-item e-loop-item-1542 post-1542 post type-post status-publish format-standard has-post-thumbnail hentry category-allgemein\" data-elementor-post-type=\"elementor_library\" data-custom-edit-handle=\"1\">\n\t\t\t<a class=\"elementor-element elementor-element-79d8d6d e-transform e-flex e-con-boxed elementor-invisible e-con e-parent\" data-id=\"79d8d6d\" data-element_type=\"container\" data-e-type=\"container\" data-settings=\"{&quot;animation&quot;:&quot;fadeIn&quot;,&quot;_transform_translateY_effect_hover&quot;:{&quot;unit&quot;:&quot;px&quot;,&quot;size&quot;:&quot;-5&quot;,&quot;sizes&quot;:[]},&quot;_transform_translateX_effect_hover&quot;:{&quot;unit&quot;:&quot;px&quot;,&quot;size&quot;:&quot;&quot;,&quot;sizes&quot;:[]},&quot;_transform_translateX_effect_hover_tablet&quot;:{&quot;unit&quot;:&quot;px&quot;,&quot;size&quot;:&quot;&quot;,&quot;sizes&quot;:[]},&quot;_transform_translateX_effect_hover_mobile&quot;:{&quot;unit&quot;:&quot;px&quot;,&quot;size&quot;:&quot;&quot;,&quot;sizes&quot;:[]},&quot;_transform_translateY_effect_hover_tablet&quot;:{&quot;unit&quot;:&quot;px&quot;,&quot;size&quot;:&quot;&quot;,&quot;sizes&quot;:[]},&quot;_transform_translateY_effect_hover_mobile&quot;:{&quot;unit&quot;:&quot;px&quot;,&quot;size&quot;:&quot;&quot;,&quot;sizes&quot;:[]}}\" href=\"https:\/\/www.osfs.eu\/salesianum-rosental\/die-feier-der-osternacht-2\/\">\n\t\t\t\t\t<div class=\"e-con-inner\">\n\t\t\t\t<div class=\"elementor-element elementor-element-c5cdfba elementor-widget elementor-widget-theme-post-featured-image elementor-widget-image\" data-id=\"c5cdfba\" data-element_type=\"widget\" data-e-type=\"widget\" data-widget_type=\"theme-post-featured-image.default\">\n\t\t\t\t<div class=\"elementor-widget-container\">\n\t\t\t\t\t\t\t\t\t\t\t\t\t\t\t<img loading=\"lazy\" decoding=\"async\" width=\"1600\" height=\"720\" src=\"https:\/\/www.osfs.eu\/salesianum-rosental\/wp-content\/uploads\/sites\/8\/2024\/03\/rosental_osternacht_2024-03-30_15.jpeg\" class=\"attachment-2048x2048 size-2048x2048 wp-image-1551\" alt=\"\" srcset=\"https:\/\/www.osfs.eu\/salesianum-rosental\/wp-content\/uploads\/sites\/8\/2024\/03\/rosental_osternacht_2024-03-30_15.jpeg 1600w, https:\/\/www.osfs.eu\/salesianum-rosental\/wp-content\/uploads\/sites\/8\/2024\/03\/rosental_osternacht_2024-03-30_15-300x135.jpeg 300w, https:\/\/www.osfs.eu\/salesianum-rosental\/wp-content\/uploads\/sites\/8\/2024\/03\/rosental_osternacht_2024-03-30_15-1024x461.jpeg 1024w, https:\/\/www.osfs.eu\/salesianum-rosental\/wp-content\/uploads\/sites\/8\/2024\/03\/rosental_osternacht_2024-03-30_15-768x346.jpeg 768w, https:\/\/www.osfs.eu\/salesianum-rosental\/wp-content\/uploads\/sites\/8\/2024\/03\/rosental_osternacht_2024-03-30_15-1536x691.jpeg 1536w\" sizes=\"(max-width: 1600px) 100vw, 1600px\" \/>\t\t\t\t\t\t\t\t\t\t\t\t\t\t\t<\/div>\n\t\t\t\t<\/div>\n\t\t\t\t<div data-dce-text-color=\"#A3A3A3\" class=\"elementor-element elementor-element-906bdc5 elementor-widget elementor-widget-post-info\" data-id=\"906bdc5\" data-element_type=\"widget\" data-e-type=\"widget\" data-widget_type=\"post-info.default\">\n\t\t\t\t<div class=\"elementor-widget-container\">\n\t\t\t\t\t\t\t<ul class=\"elementor-inline-items elementor-icon-list-items elementor-post-info\">\n\t\t\t\t\t\t\t\t<li class=\"elementor-icon-list-item elementor-repeater-item-3f53913 elementor-inline-item\" itemprop=\"datePublished\">\n\t\t\t\t\t\t\t\t\t\t\t\t\t<span class=\"elementor-icon-list-text elementor-post-info__item elementor-post-info__item--type-date\">\n\t\t\t\t\t\t\t\t\t\t<time>M\u00e4rz 31, 2024<\/time>\t\t\t\t\t<\/span>\n\t\t\t\t\t\t\t\t<\/li>\n\t\t\t\t<\/ul>\n\t\t\t\t\t\t<\/div>\n\t\t\t\t<\/div>\n\t\t\t\t<div data-dce-title-color=\"#555555\" class=\"elementor-element elementor-element-be7483d elementor-widget elementor-widget-theme-post-title elementor-page-title elementor-widget-heading\" data-id=\"be7483d\" data-element_type=\"widget\" data-e-type=\"widget\" data-widget_type=\"theme-post-title.default\">\n\t\t\t\t<div class=\"elementor-widget-container\">\n\t\t\t\t\t<h3 class=\"elementor-heading-title elementor-size-default\">Die Feier der Osternacht<\/h3>\t\t\t\t<\/div>\n\t\t\t\t<\/div>\n\t\t\t\t<div data-dce-title-color=\"#555555\" class=\"elementor-element elementor-element-4e6252c elementor-widget elementor-widget-theme-post-excerpt\" data-id=\"4e6252c\" data-element_type=\"widget\" data-e-type=\"widget\" data-widget_type=\"theme-post-excerpt.default\">\n\t\t\t\t<div class=\"elementor-widget-container\">\n\t\t\t\t\tAm Samstag, 30. M\u00e4rz 2024, begann im Salesianum Rosental die Feier der Osternacht mit der feierlichen Feuersegnung im Innenhof.\t\t\t\t<\/div>\n\t\t\t\t<\/div>\n\t\t\t\t\t<\/div>\n\t\t\t\t<\/a>\n\t\t\t\t<\/div>\n\t\t\t\t<div data-elementor-type=\"loop-item\" data-elementor-id=\"693\" class=\"elementor elementor-693 e-loop-item e-loop-item-1521 post-1521 post type-post status-publish format-standard has-post-thumbnail hentry category-allgemein\" data-elementor-post-type=\"elementor_library\" data-custom-edit-handle=\"1\">\n\t\t\t<a class=\"elementor-element elementor-element-79d8d6d e-transform e-flex e-con-boxed elementor-invisible e-con e-parent\" data-id=\"79d8d6d\" data-element_type=\"container\" data-e-type=\"container\" data-settings=\"{&quot;animation&quot;:&quot;fadeIn&quot;,&quot;_transform_translateY_effect_hover&quot;:{&quot;unit&quot;:&quot;px&quot;,&quot;size&quot;:&quot;-5&quot;,&quot;sizes&quot;:[]},&quot;_transform_translateX_effect_hover&quot;:{&quot;unit&quot;:&quot;px&quot;,&quot;size&quot;:&quot;&quot;,&quot;sizes&quot;:[]},&quot;_transform_translateX_effect_hover_tablet&quot;:{&quot;unit&quot;:&quot;px&quot;,&quot;size&quot;:&quot;&quot;,&quot;sizes&quot;:[]},&quot;_transform_translateX_effect_hover_mobile&quot;:{&quot;unit&quot;:&quot;px&quot;,&quot;size&quot;:&quot;&quot;,&quot;sizes&quot;:[]},&quot;_transform_translateY_effect_hover_tablet&quot;:{&quot;unit&quot;:&quot;px&quot;,&quot;size&quot;:&quot;&quot;,&quot;sizes&quot;:[]},&quot;_transform_translateY_effect_hover_mobile&quot;:{&quot;unit&quot;:&quot;px&quot;,&quot;size&quot;:&quot;&quot;,&quot;sizes&quot;:[]}}\" href=\"https:\/\/www.osfs.eu\/salesianum-rosental\/konzert-wenn-ich-nicht-mehr-bin\/\">\n\t\t\t\t\t<div class=\"e-con-inner\">\n\t\t\t\t<div class=\"elementor-element elementor-element-c5cdfba elementor-widget elementor-widget-theme-post-featured-image elementor-widget-image\" data-id=\"c5cdfba\" data-element_type=\"widget\" data-e-type=\"widget\" data-widget_type=\"theme-post-featured-image.default\">\n\t\t\t\t<div class=\"elementor-widget-container\">\n\t\t\t\t\t\t\t\t\t\t\t\t\t\t\t<img loading=\"lazy\" decoding=\"async\" width=\"1600\" height=\"720\" src=\"https:\/\/www.osfs.eu\/salesianum-rosental\/wp-content\/uploads\/sites\/8\/2024\/03\/rosental_konzert-wenn-ich-nicht-mehr-bin_2024-03-17_28.jpeg\" class=\"attachment-2048x2048 size-2048x2048 wp-image-1538\" alt=\"\" srcset=\"https:\/\/www.osfs.eu\/salesianum-rosental\/wp-content\/uploads\/sites\/8\/2024\/03\/rosental_konzert-wenn-ich-nicht-mehr-bin_2024-03-17_28.jpeg 1600w, https:\/\/www.osfs.eu\/salesianum-rosental\/wp-content\/uploads\/sites\/8\/2024\/03\/rosental_konzert-wenn-ich-nicht-mehr-bin_2024-03-17_28-300x135.jpeg 300w, https:\/\/www.osfs.eu\/salesianum-rosental\/wp-content\/uploads\/sites\/8\/2024\/03\/rosental_konzert-wenn-ich-nicht-mehr-bin_2024-03-17_28-1024x461.jpeg 1024w, https:\/\/www.osfs.eu\/salesianum-rosental\/wp-content\/uploads\/sites\/8\/2024\/03\/rosental_konzert-wenn-ich-nicht-mehr-bin_2024-03-17_28-768x346.jpeg 768w, https:\/\/www.osfs.eu\/salesianum-rosental\/wp-content\/uploads\/sites\/8\/2024\/03\/rosental_konzert-wenn-ich-nicht-mehr-bin_2024-03-17_28-1536x691.jpeg 1536w\" sizes=\"(max-width: 1600px) 100vw, 1600px\" \/>\t\t\t\t\t\t\t\t\t\t\t\t\t\t\t<\/div>\n\t\t\t\t<\/div>\n\t\t\t\t<div data-dce-text-color=\"#A3A3A3\" class=\"elementor-element elementor-element-906bdc5 elementor-widget elementor-widget-post-info\" data-id=\"906bdc5\" data-element_type=\"widget\" data-e-type=\"widget\" data-widget_type=\"post-info.default\">\n\t\t\t\t<div class=\"elementor-widget-container\">\n\t\t\t\t\t\t\t<ul class=\"elementor-inline-items elementor-icon-list-items elementor-post-info\">\n\t\t\t\t\t\t\t\t<li class=\"elementor-icon-list-item elementor-repeater-item-3f53913 elementor-inline-item\" itemprop=\"datePublished\">\n\t\t\t\t\t\t\t\t\t\t\t\t\t<span class=\"elementor-icon-list-text elementor-post-info__item elementor-post-info__item--type-date\">\n\t\t\t\t\t\t\t\t\t\t<time>M\u00e4rz 17, 2024<\/time>\t\t\t\t\t<\/span>\n\t\t\t\t\t\t\t\t<\/li>\n\t\t\t\t<\/ul>\n\t\t\t\t\t\t<\/div>\n\t\t\t\t<\/div>\n\t\t\t\t<div data-dce-title-color=\"#555555\" class=\"elementor-element elementor-element-be7483d elementor-widget elementor-widget-theme-post-title elementor-page-title elementor-widget-heading\" data-id=\"be7483d\" data-element_type=\"widget\" data-e-type=\"widget\" data-widget_type=\"theme-post-title.default\">\n\t\t\t\t<div class=\"elementor-widget-container\">\n\t\t\t\t\t<h3 class=\"elementor-heading-title elementor-size-default\">Konzert: Wenn ich nicht mehr bin<\/h3>\t\t\t\t<\/div>\n\t\t\t\t<\/div>\n\t\t\t\t<div data-dce-title-color=\"#555555\" class=\"elementor-element elementor-element-4e6252c elementor-widget elementor-widget-theme-post-excerpt\" data-id=\"4e6252c\" data-element_type=\"widget\" data-e-type=\"widget\" data-widget_type=\"theme-post-excerpt.default\">\n\t\t\t\t<div class=\"elementor-widget-container\">\n\t\t\t\t\tAm Sonntag, 17. M\u00e4rz 2024, fand ein Konzert des Projektchors 2024 unter der Leitung von Gerhard Reissig in der Kapelle des Salesianums statt.\t\t\t\t<\/div>\n\t\t\t\t<\/div>\n\t\t\t\t\t<\/div>\n\t\t\t\t<\/a>\n\t\t\t\t<\/div>\n\t\t\t\t<div data-elementor-type=\"loop-item\" data-elementor-id=\"693\" class=\"elementor elementor-693 e-loop-item e-loop-item-1488 post-1488 post type-post status-publish format-standard has-post-thumbnail hentry category-allgemein\" data-elementor-post-type=\"elementor_library\" data-custom-edit-handle=\"1\">\n\t\t\t<a class=\"elementor-element elementor-element-79d8d6d e-transform e-flex e-con-boxed elementor-invisible e-con e-parent\" data-id=\"79d8d6d\" data-element_type=\"container\" data-e-type=\"container\" data-settings=\"{&quot;animation&quot;:&quot;fadeIn&quot;,&quot;_transform_translateY_effect_hover&quot;:{&quot;unit&quot;:&quot;px&quot;,&quot;size&quot;:&quot;-5&quot;,&quot;sizes&quot;:[]},&quot;_transform_translateX_effect_hover&quot;:{&quot;unit&quot;:&quot;px&quot;,&quot;size&quot;:&quot;&quot;,&quot;sizes&quot;:[]},&quot;_transform_translateX_effect_hover_tablet&quot;:{&quot;unit&quot;:&quot;px&quot;,&quot;size&quot;:&quot;&quot;,&quot;sizes&quot;:[]},&quot;_transform_translateX_effect_hover_mobile&quot;:{&quot;unit&quot;:&quot;px&quot;,&quot;size&quot;:&quot;&quot;,&quot;sizes&quot;:[]},&quot;_transform_translateY_effect_hover_tablet&quot;:{&quot;unit&quot;:&quot;px&quot;,&quot;size&quot;:&quot;&quot;,&quot;sizes&quot;:[]},&quot;_transform_translateY_effect_hover_mobile&quot;:{&quot;unit&quot;:&quot;px&quot;,&quot;size&quot;:&quot;&quot;,&quot;sizes&quot;:[]}}\" href=\"https:\/\/www.osfs.eu\/salesianum-rosental\/franz-von-sales-fest-2024\/\">\n\t\t\t\t\t<div class=\"e-con-inner\">\n\t\t\t\t<div class=\"elementor-element elementor-element-c5cdfba elementor-widget elementor-widget-theme-post-featured-image elementor-widget-image\" data-id=\"c5cdfba\" data-element_type=\"widget\" data-e-type=\"widget\" data-widget_type=\"theme-post-featured-image.default\">\n\t\t\t\t<div class=\"elementor-widget-container\">\n\t\t\t\t\t\t\t\t\t\t\t\t\t\t\t<img loading=\"lazy\" decoding=\"async\" width=\"1600\" height=\"720\" src=\"https:\/\/www.osfs.eu\/salesianum-rosental\/wp-content\/uploads\/sites\/8\/2024\/01\/rosental_franzvonsales-fest_2024-01-28.jpeg\" class=\"attachment-2048x2048 size-2048x2048 wp-image-1493\" alt=\"\" srcset=\"https:\/\/www.osfs.eu\/salesianum-rosental\/wp-content\/uploads\/sites\/8\/2024\/01\/rosental_franzvonsales-fest_2024-01-28.jpeg 1600w, https:\/\/www.osfs.eu\/salesianum-rosental\/wp-content\/uploads\/sites\/8\/2024\/01\/rosental_franzvonsales-fest_2024-01-28-300x135.jpeg 300w, https:\/\/www.osfs.eu\/salesianum-rosental\/wp-content\/uploads\/sites\/8\/2024\/01\/rosental_franzvonsales-fest_2024-01-28-1024x461.jpeg 1024w, https:\/\/www.osfs.eu\/salesianum-rosental\/wp-content\/uploads\/sites\/8\/2024\/01\/rosental_franzvonsales-fest_2024-01-28-768x346.jpeg 768w, https:\/\/www.osfs.eu\/salesianum-rosental\/wp-content\/uploads\/sites\/8\/2024\/01\/rosental_franzvonsales-fest_2024-01-28-1536x691.jpeg 1536w\" sizes=\"(max-width: 1600px) 100vw, 1600px\" \/>\t\t\t\t\t\t\t\t\t\t\t\t\t\t\t<\/div>\n\t\t\t\t<\/div>\n\t\t\t\t<div data-dce-text-color=\"#A3A3A3\" class=\"elementor-element elementor-element-906bdc5 elementor-widget elementor-widget-post-info\" data-id=\"906bdc5\" data-element_type=\"widget\" data-e-type=\"widget\" data-widget_type=\"post-info.default\">\n\t\t\t\t<div class=\"elementor-widget-container\">\n\t\t\t\t\t\t\t<ul class=\"elementor-inline-items elementor-icon-list-items elementor-post-info\">\n\t\t\t\t\t\t\t\t<li class=\"elementor-icon-list-item elementor-repeater-item-3f53913 elementor-inline-item\" itemprop=\"datePublished\">\n\t\t\t\t\t\t\t\t\t\t\t\t\t<span class=\"elementor-icon-list-text elementor-post-info__item elementor-post-info__item--type-date\">\n\t\t\t\t\t\t\t\t\t\t<time>Januar 28, 2024<\/time>\t\t\t\t\t<\/span>\n\t\t\t\t\t\t\t\t<\/li>\n\t\t\t\t<\/ul>\n\t\t\t\t\t\t<\/div>\n\t\t\t\t<\/div>\n\t\t\t\t<div data-dce-title-color=\"#555555\" class=\"elementor-element elementor-element-be7483d elementor-widget elementor-widget-theme-post-title elementor-page-title elementor-widget-heading\" data-id=\"be7483d\" data-element_type=\"widget\" data-e-type=\"widget\" data-widget_type=\"theme-post-title.default\">\n\t\t\t\t<div class=\"elementor-widget-container\">\n\t\t\t\t\t<h3 class=\"elementor-heading-title elementor-size-default\">Franz von Sales Fest 2024<\/h3>\t\t\t\t<\/div>\n\t\t\t\t<\/div>\n\t\t\t\t<div data-dce-title-color=\"#555555\" class=\"elementor-element elementor-element-4e6252c elementor-widget elementor-widget-theme-post-excerpt\" data-id=\"4e6252c\" data-element_type=\"widget\" data-e-type=\"widget\" data-widget_type=\"theme-post-excerpt.default\">\n\t\t\t\t<div class=\"elementor-widget-container\">\n\t\t\t\t\tAm Sonntag, 28. Januar 2024, wurde im Salesianum Rosental das Franz von Sales Fest gefeiert. Hauptzelebrant und Festprediger war Pater Hans-Werner G\u00fcnther OSFS. Musikalisch gestaltet wurde die Festmesse vom \"Chor Mittendrin\" unter der Leitung von Frau Regina Michl.\t\t\t\t<\/div>\n\t\t\t\t<\/div>\n\t\t\t\t\t<\/div>\n\t\t\t\t<\/a>\n\t\t\t\t<\/div>\n\t\t\t\t<div data-elementor-type=\"loop-item\" data-elementor-id=\"693\" class=\"elementor elementor-693 e-loop-item e-loop-item-1430 post-1430 post type-post status-publish format-standard has-post-thumbnail hentry category-allgemein\" data-elementor-post-type=\"elementor_library\" data-custom-edit-handle=\"1\">\n\t\t\t<a class=\"elementor-element elementor-element-79d8d6d e-transform e-flex e-con-boxed elementor-invisible e-con e-parent\" data-id=\"79d8d6d\" data-element_type=\"container\" data-e-type=\"container\" data-settings=\"{&quot;animation&quot;:&quot;fadeIn&quot;,&quot;_transform_translateY_effect_hover&quot;:{&quot;unit&quot;:&quot;px&quot;,&quot;size&quot;:&quot;-5&quot;,&quot;sizes&quot;:[]},&quot;_transform_translateX_effect_hover&quot;:{&quot;unit&quot;:&quot;px&quot;,&quot;size&quot;:&quot;&quot;,&quot;sizes&quot;:[]},&quot;_transform_translateX_effect_hover_tablet&quot;:{&quot;unit&quot;:&quot;px&quot;,&quot;size&quot;:&quot;&quot;,&quot;sizes&quot;:[]},&quot;_transform_translateX_effect_hover_mobile&quot;:{&quot;unit&quot;:&quot;px&quot;,&quot;size&quot;:&quot;&quot;,&quot;sizes&quot;:[]},&quot;_transform_translateY_effect_hover_tablet&quot;:{&quot;unit&quot;:&quot;px&quot;,&quot;size&quot;:&quot;&quot;,&quot;sizes&quot;:[]},&quot;_transform_translateY_effect_hover_mobile&quot;:{&quot;unit&quot;:&quot;px&quot;,&quot;size&quot;:&quot;&quot;,&quot;sizes&quot;:[]}}\" href=\"https:\/\/www.osfs.eu\/salesianum-rosental\/pater-hans-junker-osfs-verstorben\/\">\n\t\t\t\t\t<div class=\"e-con-inner\">\n\t\t\t\t<div class=\"elementor-element elementor-element-c5cdfba elementor-widget elementor-widget-theme-post-featured-image elementor-widget-image\" data-id=\"c5cdfba\" data-element_type=\"widget\" data-e-type=\"widget\" data-widget_type=\"theme-post-featured-image.default\">\n\t\t\t\t<div class=\"elementor-widget-container\">\n\t\t\t\t\t\t\t\t\t\t\t\t\t\t\t<img loading=\"lazy\" decoding=\"async\" width=\"1913\" height=\"1281\" src=\"https:\/\/www.osfs.eu\/salesianum-rosental\/wp-content\/uploads\/sites\/8\/2024\/01\/pater_hans_junker_2023.jpg\" class=\"attachment-2048x2048 size-2048x2048 wp-image-1431\" alt=\"\" srcset=\"https:\/\/www.osfs.eu\/salesianum-rosental\/wp-content\/uploads\/sites\/8\/2024\/01\/pater_hans_junker_2023.jpg 1913w, https:\/\/www.osfs.eu\/salesianum-rosental\/wp-content\/uploads\/sites\/8\/2024\/01\/pater_hans_junker_2023-300x201.jpg 300w, https:\/\/www.osfs.eu\/salesianum-rosental\/wp-content\/uploads\/sites\/8\/2024\/01\/pater_hans_junker_2023-1024x686.jpg 1024w, https:\/\/www.osfs.eu\/salesianum-rosental\/wp-content\/uploads\/sites\/8\/2024\/01\/pater_hans_junker_2023-768x514.jpg 768w, https:\/\/www.osfs.eu\/salesianum-rosental\/wp-content\/uploads\/sites\/8\/2024\/01\/pater_hans_junker_2023-1536x1029.jpg 1536w\" sizes=\"(max-width: 1913px) 100vw, 1913px\" \/>\t\t\t\t\t\t\t\t\t\t\t\t\t\t\t<\/div>\n\t\t\t\t<\/div>\n\t\t\t\t<div data-dce-text-color=\"#A3A3A3\" class=\"elementor-element elementor-element-906bdc5 elementor-widget elementor-widget-post-info\" data-id=\"906bdc5\" data-element_type=\"widget\" data-e-type=\"widget\" data-widget_type=\"post-info.default\">\n\t\t\t\t<div class=\"elementor-widget-container\">\n\t\t\t\t\t\t\t<ul class=\"elementor-inline-items elementor-icon-list-items elementor-post-info\">\n\t\t\t\t\t\t\t\t<li class=\"elementor-icon-list-item elementor-repeater-item-3f53913 elementor-inline-item\" itemprop=\"datePublished\">\n\t\t\t\t\t\t\t\t\t\t\t\t\t<span class=\"elementor-icon-list-text elementor-post-info__item elementor-post-info__item--type-date\">\n\t\t\t\t\t\t\t\t\t\t<time>Januar 17, 2024<\/time>\t\t\t\t\t<\/span>\n\t\t\t\t\t\t\t\t<\/li>\n\t\t\t\t<\/ul>\n\t\t\t\t\t\t<\/div>\n\t\t\t\t<\/div>\n\t\t\t\t<div data-dce-title-color=\"#555555\" class=\"elementor-element elementor-element-be7483d elementor-widget elementor-widget-theme-post-title elementor-page-title elementor-widget-heading\" data-id=\"be7483d\" data-element_type=\"widget\" data-e-type=\"widget\" data-widget_type=\"theme-post-title.default\">\n\t\t\t\t<div class=\"elementor-widget-container\">\n\t\t\t\t\t<h3 class=\"elementor-heading-title elementor-size-default\">Pater Hans Junker OSFS verstorben<\/h3>\t\t\t\t<\/div>\n\t\t\t\t<\/div>\n\t\t\t\t<div data-dce-title-color=\"#555555\" class=\"elementor-element elementor-element-4e6252c elementor-widget elementor-widget-theme-post-excerpt\" data-id=\"4e6252c\" data-element_type=\"widget\" data-e-type=\"widget\" data-widget_type=\"theme-post-excerpt.default\">\n\t\t\t\t<div class=\"elementor-widget-container\">\n\t\t\t\t\tAm Mittwoch, 17. Januar 2024, verstarb unser Mitbruder Pater Hans Junker OSFS im Krankenhaus in Eichst\u00e4tt, Bayern, im 88. Lebensjahr, im 61. Professjahr und im 58. Jahr seiner Priesterweihe. Die Beerdigung fand am 25. Januar 2024 statt.\t\t\t\t<\/div>\n\t\t\t\t<\/div>\n\t\t\t\t\t<\/div>\n\t\t\t\t<\/a>\n\t\t\t\t<\/div>\n\t\t\t\t<div data-elementor-type=\"loop-item\" data-elementor-id=\"693\" class=\"elementor elementor-693 e-loop-item e-loop-item-1418 post-1418 post type-post status-publish format-standard has-post-thumbnail hentry category-allgemein\" data-elementor-post-type=\"elementor_library\" data-custom-edit-handle=\"1\">\n\t\t\t<a class=\"elementor-element elementor-element-79d8d6d e-transform e-flex e-con-boxed elementor-invisible e-con e-parent\" data-id=\"79d8d6d\" data-element_type=\"container\" data-e-type=\"container\" data-settings=\"{&quot;animation&quot;:&quot;fadeIn&quot;,&quot;_transform_translateY_effect_hover&quot;:{&quot;unit&quot;:&quot;px&quot;,&quot;size&quot;:&quot;-5&quot;,&quot;sizes&quot;:[]},&quot;_transform_translateX_effect_hover&quot;:{&quot;unit&quot;:&quot;px&quot;,&quot;size&quot;:&quot;&quot;,&quot;sizes&quot;:[]},&quot;_transform_translateX_effect_hover_tablet&quot;:{&quot;unit&quot;:&quot;px&quot;,&quot;size&quot;:&quot;&quot;,&quot;sizes&quot;:[]},&quot;_transform_translateX_effect_hover_mobile&quot;:{&quot;unit&quot;:&quot;px&quot;,&quot;size&quot;:&quot;&quot;,&quot;sizes&quot;:[]},&quot;_transform_translateY_effect_hover_tablet&quot;:{&quot;unit&quot;:&quot;px&quot;,&quot;size&quot;:&quot;&quot;,&quot;sizes&quot;:[]},&quot;_transform_translateY_effect_hover_mobile&quot;:{&quot;unit&quot;:&quot;px&quot;,&quot;size&quot;:&quot;&quot;,&quot;sizes&quot;:[]}}\" href=\"https:\/\/www.osfs.eu\/salesianum-rosental\/unsere-berufung-leben\/\">\n\t\t\t\t\t<div class=\"e-con-inner\">\n\t\t\t\t<div class=\"elementor-element elementor-element-c5cdfba elementor-widget elementor-widget-theme-post-featured-image elementor-widget-image\" data-id=\"c5cdfba\" data-element_type=\"widget\" data-e-type=\"widget\" data-widget_type=\"theme-post-featured-image.default\">\n\t\t\t\t<div class=\"elementor-widget-container\">\n\t\t\t\t\t\t\t\t\t\t\t\t\t\t\t<img loading=\"lazy\" decoding=\"async\" width=\"1600\" height=\"720\" src=\"https:\/\/www.osfs.eu\/salesianum-rosental\/wp-content\/uploads\/sites\/8\/2024\/01\/rosental_teammesse_2024-01-14_07.jpeg\" class=\"attachment-2048x2048 size-2048x2048 wp-image-1419\" alt=\"\" srcset=\"https:\/\/www.osfs.eu\/salesianum-rosental\/wp-content\/uploads\/sites\/8\/2024\/01\/rosental_teammesse_2024-01-14_07.jpeg 1600w, https:\/\/www.osfs.eu\/salesianum-rosental\/wp-content\/uploads\/sites\/8\/2024\/01\/rosental_teammesse_2024-01-14_07-300x135.jpeg 300w, https:\/\/www.osfs.eu\/salesianum-rosental\/wp-content\/uploads\/sites\/8\/2024\/01\/rosental_teammesse_2024-01-14_07-1024x461.jpeg 1024w, https:\/\/www.osfs.eu\/salesianum-rosental\/wp-content\/uploads\/sites\/8\/2024\/01\/rosental_teammesse_2024-01-14_07-768x346.jpeg 768w, https:\/\/www.osfs.eu\/salesianum-rosental\/wp-content\/uploads\/sites\/8\/2024\/01\/rosental_teammesse_2024-01-14_07-1536x691.jpeg 1536w\" sizes=\"(max-width: 1600px) 100vw, 1600px\" \/>\t\t\t\t\t\t\t\t\t\t\t\t\t\t\t<\/div>\n\t\t\t\t<\/div>\n\t\t\t\t<div data-dce-text-color=\"#A3A3A3\" class=\"elementor-element elementor-element-906bdc5 elementor-widget elementor-widget-post-info\" data-id=\"906bdc5\" data-element_type=\"widget\" data-e-type=\"widget\" data-widget_type=\"post-info.default\">\n\t\t\t\t<div class=\"elementor-widget-container\">\n\t\t\t\t\t\t\t<ul class=\"elementor-inline-items elementor-icon-list-items elementor-post-info\">\n\t\t\t\t\t\t\t\t<li class=\"elementor-icon-list-item elementor-repeater-item-3f53913 elementor-inline-item\" itemprop=\"datePublished\">\n\t\t\t\t\t\t\t\t\t\t\t\t\t<span class=\"elementor-icon-list-text elementor-post-info__item elementor-post-info__item--type-date\">\n\t\t\t\t\t\t\t\t\t\t<time>Januar 14, 2024<\/time>\t\t\t\t\t<\/span>\n\t\t\t\t\t\t\t\t<\/li>\n\t\t\t\t<\/ul>\n\t\t\t\t\t\t<\/div>\n\t\t\t\t<\/div>\n\t\t\t\t<div data-dce-title-color=\"#555555\" class=\"elementor-element elementor-element-be7483d elementor-widget elementor-widget-theme-post-title elementor-page-title elementor-widget-heading\" data-id=\"be7483d\" data-element_type=\"widget\" data-e-type=\"widget\" data-widget_type=\"theme-post-title.default\">\n\t\t\t\t<div class=\"elementor-widget-container\">\n\t\t\t\t\t<h3 class=\"elementor-heading-title elementor-size-default\">Unsere Berufung leben<\/h3>\t\t\t\t<\/div>\n\t\t\t\t<\/div>\n\t\t\t\t<div data-dce-title-color=\"#555555\" class=\"elementor-element elementor-element-4e6252c elementor-widget elementor-widget-theme-post-excerpt\" data-id=\"4e6252c\" data-element_type=\"widget\" data-e-type=\"widget\" data-widget_type=\"theme-post-excerpt.default\">\n\t\t\t\t<div class=\"elementor-widget-container\">\n\t\t\t\t\tDas Thema \"Berufung\" stand im Mittelpunkt der Sonntagsmesse im Salesianum Rosental am 14. Januar 2024.\t\t\t\t<\/div>\n\t\t\t\t<\/div>\n\t\t\t\t\t<\/div>\n\t\t\t\t<\/a>\n\t\t\t\t<\/div>\n\t\t\t\t<div data-elementor-type=\"loop-item\" data-elementor-id=\"693\" class=\"elementor elementor-693 e-loop-item e-loop-item-1400 post-1400 post type-post status-publish format-standard has-post-thumbnail hentry category-allgemein\" data-elementor-post-type=\"elementor_library\" data-custom-edit-handle=\"1\">\n\t\t\t<a class=\"elementor-element elementor-element-79d8d6d e-transform e-flex e-con-boxed elementor-invisible e-con e-parent\" data-id=\"79d8d6d\" data-element_type=\"container\" data-e-type=\"container\" data-settings=\"{&quot;animation&quot;:&quot;fadeIn&quot;,&quot;_transform_translateY_effect_hover&quot;:{&quot;unit&quot;:&quot;px&quot;,&quot;size&quot;:&quot;-5&quot;,&quot;sizes&quot;:[]},&quot;_transform_translateX_effect_hover&quot;:{&quot;unit&quot;:&quot;px&quot;,&quot;size&quot;:&quot;&quot;,&quot;sizes&quot;:[]},&quot;_transform_translateX_effect_hover_tablet&quot;:{&quot;unit&quot;:&quot;px&quot;,&quot;size&quot;:&quot;&quot;,&quot;sizes&quot;:[]},&quot;_transform_translateX_effect_hover_mobile&quot;:{&quot;unit&quot;:&quot;px&quot;,&quot;size&quot;:&quot;&quot;,&quot;sizes&quot;:[]},&quot;_transform_translateY_effect_hover_tablet&quot;:{&quot;unit&quot;:&quot;px&quot;,&quot;size&quot;:&quot;&quot;,&quot;sizes&quot;:[]},&quot;_transform_translateY_effect_hover_mobile&quot;:{&quot;unit&quot;:&quot;px&quot;,&quot;size&quot;:&quot;&quot;,&quot;sizes&quot;:[]}}\" href=\"https:\/\/www.osfs.eu\/salesianum-rosental\/hochfest-erscheinung-des-herrn\/\">\n\t\t\t\t\t<div class=\"e-con-inner\">\n\t\t\t\t<div class=\"elementor-element elementor-element-c5cdfba elementor-widget elementor-widget-theme-post-featured-image elementor-widget-image\" data-id=\"c5cdfba\" data-element_type=\"widget\" data-e-type=\"widget\" data-widget_type=\"theme-post-featured-image.default\">\n\t\t\t\t<div class=\"elementor-widget-container\">\n\t\t\t\t\t\t\t\t\t\t\t\t\t\t\t<img loading=\"lazy\" decoding=\"async\" width=\"1600\" height=\"720\" src=\"https:\/\/www.osfs.eu\/salesianum-rosental\/wp-content\/uploads\/sites\/8\/2024\/01\/rosental_epiphanie_2024-01-06_25.jpeg\" class=\"attachment-2048x2048 size-2048x2048 wp-image-1413\" alt=\"\" srcset=\"https:\/\/www.osfs.eu\/salesianum-rosental\/wp-content\/uploads\/sites\/8\/2024\/01\/rosental_epiphanie_2024-01-06_25.jpeg 1600w, https:\/\/www.osfs.eu\/salesianum-rosental\/wp-content\/uploads\/sites\/8\/2024\/01\/rosental_epiphanie_2024-01-06_25-300x135.jpeg 300w, https:\/\/www.osfs.eu\/salesianum-rosental\/wp-content\/uploads\/sites\/8\/2024\/01\/rosental_epiphanie_2024-01-06_25-1024x461.jpeg 1024w, https:\/\/www.osfs.eu\/salesianum-rosental\/wp-content\/uploads\/sites\/8\/2024\/01\/rosental_epiphanie_2024-01-06_25-768x346.jpeg 768w, https:\/\/www.osfs.eu\/salesianum-rosental\/wp-content\/uploads\/sites\/8\/2024\/01\/rosental_epiphanie_2024-01-06_25-1536x691.jpeg 1536w\" sizes=\"(max-width: 1600px) 100vw, 1600px\" \/>\t\t\t\t\t\t\t\t\t\t\t\t\t\t\t<\/div>\n\t\t\t\t<\/div>\n\t\t\t\t<div data-dce-text-color=\"#A3A3A3\" class=\"elementor-element elementor-element-906bdc5 elementor-widget elementor-widget-post-info\" data-id=\"906bdc5\" data-element_type=\"widget\" data-e-type=\"widget\" data-widget_type=\"post-info.default\">\n\t\t\t\t<div class=\"elementor-widget-container\">\n\t\t\t\t\t\t\t<ul class=\"elementor-inline-items elementor-icon-list-items elementor-post-info\">\n\t\t\t\t\t\t\t\t<li class=\"elementor-icon-list-item elementor-repeater-item-3f53913 elementor-inline-item\" itemprop=\"datePublished\">\n\t\t\t\t\t\t\t\t\t\t\t\t\t<span class=\"elementor-icon-list-text elementor-post-info__item elementor-post-info__item--type-date\">\n\t\t\t\t\t\t\t\t\t\t<time>Januar 6, 2024<\/time>\t\t\t\t\t<\/span>\n\t\t\t\t\t\t\t\t<\/li>\n\t\t\t\t<\/ul>\n\t\t\t\t\t\t<\/div>\n\t\t\t\t<\/div>\n\t\t\t\t<div data-dce-title-color=\"#555555\" class=\"elementor-element elementor-element-be7483d elementor-widget elementor-widget-theme-post-title elementor-page-title elementor-widget-heading\" data-id=\"be7483d\" data-element_type=\"widget\" data-e-type=\"widget\" data-widget_type=\"theme-post-title.default\">\n\t\t\t\t<div class=\"elementor-widget-container\">\n\t\t\t\t\t<h3 class=\"elementor-heading-title elementor-size-default\">Hochfest Erscheinung des Herrn<\/h3>\t\t\t\t<\/div>\n\t\t\t\t<\/div>\n\t\t\t\t<div data-dce-title-color=\"#555555\" class=\"elementor-element elementor-element-4e6252c elementor-widget elementor-widget-theme-post-excerpt\" data-id=\"4e6252c\" data-element_type=\"widget\" data-e-type=\"widget\" data-widget_type=\"theme-post-excerpt.default\">\n\t\t\t\t<div class=\"elementor-widget-container\">\n\t\t\t\t\tAm Samstag, 6. Januar 2023, gestaltete die Heilige Messe zum Hochfest Erscheinung des Herrn die Gruppe Cantabile unter der Leitung von Helmut Enzenberger.\t\t\t\t<\/div>\n\t\t\t\t<\/div>\n\t\t\t\t\t<\/div>\n\t\t\t\t<\/a>\n\t\t\t\t<\/div>\n\t\t\t\t<div data-elementor-type=\"loop-item\" data-elementor-id=\"693\" class=\"elementor elementor-693 e-loop-item e-loop-item-1376 post-1376 post type-post status-publish format-standard has-post-thumbnail hentry category-allgemein\" data-elementor-post-type=\"elementor_library\" data-custom-edit-handle=\"1\">\n\t\t\t<a class=\"elementor-element elementor-element-79d8d6d e-transform e-flex e-con-boxed elementor-invisible e-con e-parent\" data-id=\"79d8d6d\" data-element_type=\"container\" data-e-type=\"container\" data-settings=\"{&quot;animation&quot;:&quot;fadeIn&quot;,&quot;_transform_translateY_effect_hover&quot;:{&quot;unit&quot;:&quot;px&quot;,&quot;size&quot;:&quot;-5&quot;,&quot;sizes&quot;:[]},&quot;_transform_translateX_effect_hover&quot;:{&quot;unit&quot;:&quot;px&quot;,&quot;size&quot;:&quot;&quot;,&quot;sizes&quot;:[]},&quot;_transform_translateX_effect_hover_tablet&quot;:{&quot;unit&quot;:&quot;px&quot;,&quot;size&quot;:&quot;&quot;,&quot;sizes&quot;:[]},&quot;_transform_translateX_effect_hover_mobile&quot;:{&quot;unit&quot;:&quot;px&quot;,&quot;size&quot;:&quot;&quot;,&quot;sizes&quot;:[]},&quot;_transform_translateY_effect_hover_tablet&quot;:{&quot;unit&quot;:&quot;px&quot;,&quot;size&quot;:&quot;&quot;,&quot;sizes&quot;:[]},&quot;_transform_translateY_effect_hover_mobile&quot;:{&quot;unit&quot;:&quot;px&quot;,&quot;size&quot;:&quot;&quot;,&quot;sizes&quot;:[]}}\" href=\"https:\/\/www.osfs.eu\/salesianum-rosental\/erster-adventsonntag\/\">\n\t\t\t\t\t<div class=\"e-con-inner\">\n\t\t\t\t<div class=\"elementor-element elementor-element-c5cdfba elementor-widget elementor-widget-theme-post-featured-image elementor-widget-image\" data-id=\"c5cdfba\" data-element_type=\"widget\" data-e-type=\"widget\" data-widget_type=\"theme-post-featured-image.default\">\n\t\t\t\t<div class=\"elementor-widget-container\">\n\t\t\t\t\t\t\t\t\t\t\t\t\t\t\t<img loading=\"lazy\" decoding=\"async\" width=\"1600\" height=\"720\" src=\"https:\/\/www.osfs.eu\/salesianum-rosental\/wp-content\/uploads\/sites\/8\/2023\/12\/rosental_ersteradventsonntag_2023-12-03_05.jpeg\" class=\"attachment-2048x2048 size-2048x2048 wp-image-1383\" alt=\"\" srcset=\"https:\/\/www.osfs.eu\/salesianum-rosental\/wp-content\/uploads\/sites\/8\/2023\/12\/rosental_ersteradventsonntag_2023-12-03_05.jpeg 1600w, https:\/\/www.osfs.eu\/salesianum-rosental\/wp-content\/uploads\/sites\/8\/2023\/12\/rosental_ersteradventsonntag_2023-12-03_05-300x135.jpeg 300w, https:\/\/www.osfs.eu\/salesianum-rosental\/wp-content\/uploads\/sites\/8\/2023\/12\/rosental_ersteradventsonntag_2023-12-03_05-1024x461.jpeg 1024w, https:\/\/www.osfs.eu\/salesianum-rosental\/wp-content\/uploads\/sites\/8\/2023\/12\/rosental_ersteradventsonntag_2023-12-03_05-768x346.jpeg 768w, https:\/\/www.osfs.eu\/salesianum-rosental\/wp-content\/uploads\/sites\/8\/2023\/12\/rosental_ersteradventsonntag_2023-12-03_05-1536x691.jpeg 1536w\" sizes=\"(max-width: 1600px) 100vw, 1600px\" \/>\t\t\t\t\t\t\t\t\t\t\t\t\t\t\t<\/div>\n\t\t\t\t<\/div>\n\t\t\t\t<div data-dce-text-color=\"#A3A3A3\" class=\"elementor-element elementor-element-906bdc5 elementor-widget elementor-widget-post-info\" data-id=\"906bdc5\" data-element_type=\"widget\" data-e-type=\"widget\" data-widget_type=\"post-info.default\">\n\t\t\t\t<div class=\"elementor-widget-container\">\n\t\t\t\t\t\t\t<ul class=\"elementor-inline-items elementor-icon-list-items elementor-post-info\">\n\t\t\t\t\t\t\t\t<li class=\"elementor-icon-list-item elementor-repeater-item-3f53913 elementor-inline-item\" itemprop=\"datePublished\">\n\t\t\t\t\t\t\t\t\t\t\t\t\t<span class=\"elementor-icon-list-text elementor-post-info__item elementor-post-info__item--type-date\">\n\t\t\t\t\t\t\t\t\t\t<time>Dezember 4, 2023<\/time>\t\t\t\t\t<\/span>\n\t\t\t\t\t\t\t\t<\/li>\n\t\t\t\t<\/ul>\n\t\t\t\t\t\t<\/div>\n\t\t\t\t<\/div>\n\t\t\t\t<div data-dce-title-color=\"#555555\" class=\"elementor-element elementor-element-be7483d elementor-widget elementor-widget-theme-post-title elementor-page-title elementor-widget-heading\" data-id=\"be7483d\" data-element_type=\"widget\" data-e-type=\"widget\" data-widget_type=\"theme-post-title.default\">\n\t\t\t\t<div class=\"elementor-widget-container\">\n\t\t\t\t\t<h3 class=\"elementor-heading-title elementor-size-default\">Erster Adventsonntag<\/h3>\t\t\t\t<\/div>\n\t\t\t\t<\/div>\n\t\t\t\t<div data-dce-title-color=\"#555555\" class=\"elementor-element elementor-element-4e6252c elementor-widget elementor-widget-theme-post-excerpt\" data-id=\"4e6252c\" data-element_type=\"widget\" data-e-type=\"widget\" data-widget_type=\"theme-post-excerpt.default\">\n\t\t\t\t<div class=\"elementor-widget-container\">\n\t\t\t\t\tDie Heilige Messe am Ersten Adventsonntag, 3. Dezember 2023, wurde vom TEAM gestaltet. Mit dabi war auch die Kinderkirche. Zelebrant war Pater Josef Prinz OSFS.\t\t\t\t<\/div>\n\t\t\t\t<\/div>\n\t\t\t\t\t<\/div>\n\t\t\t\t<\/a>\n\t\t\t\t<\/div>\n\t\t\t\t<div data-elementor-type=\"loop-item\" data-elementor-id=\"693\" class=\"elementor elementor-693 e-loop-item e-loop-item-1363 post-1363 post type-post status-publish format-standard has-post-thumbnail hentry category-allgemein\" data-elementor-post-type=\"elementor_library\" data-custom-edit-handle=\"1\">\n\t\t\t<a class=\"elementor-element elementor-element-79d8d6d e-transform e-flex e-con-boxed elementor-invisible e-con e-parent\" data-id=\"79d8d6d\" data-element_type=\"container\" data-e-type=\"container\" data-settings=\"{&quot;animation&quot;:&quot;fadeIn&quot;,&quot;_transform_translateY_effect_hover&quot;:{&quot;unit&quot;:&quot;px&quot;,&quot;size&quot;:&quot;-5&quot;,&quot;sizes&quot;:[]},&quot;_transform_translateX_effect_hover&quot;:{&quot;unit&quot;:&quot;px&quot;,&quot;size&quot;:&quot;&quot;,&quot;sizes&quot;:[]},&quot;_transform_translateX_effect_hover_tablet&quot;:{&quot;unit&quot;:&quot;px&quot;,&quot;size&quot;:&quot;&quot;,&quot;sizes&quot;:[]},&quot;_transform_translateX_effect_hover_mobile&quot;:{&quot;unit&quot;:&quot;px&quot;,&quot;size&quot;:&quot;&quot;,&quot;sizes&quot;:[]},&quot;_transform_translateY_effect_hover_tablet&quot;:{&quot;unit&quot;:&quot;px&quot;,&quot;size&quot;:&quot;&quot;,&quot;sizes&quot;:[]},&quot;_transform_translateY_effect_hover_mobile&quot;:{&quot;unit&quot;:&quot;px&quot;,&quot;size&quot;:&quot;&quot;,&quot;sizes&quot;:[]}}\" href=\"https:\/\/www.osfs.eu\/salesianum-rosental\/messe-mit-adelschlager-frauenchor\/\">\n\t\t\t\t\t<div class=\"e-con-inner\">\n\t\t\t\t<div class=\"elementor-element elementor-element-c5cdfba elementor-widget elementor-widget-theme-post-featured-image elementor-widget-image\" data-id=\"c5cdfba\" data-element_type=\"widget\" data-e-type=\"widget\" data-widget_type=\"theme-post-featured-image.default\">\n\t\t\t\t<div class=\"elementor-widget-container\">\n\t\t\t\t\t\t\t\t\t\t\t\t\t\t\t<img loading=\"lazy\" decoding=\"async\" width=\"1600\" height=\"720\" src=\"https:\/\/www.osfs.eu\/salesianum-rosental\/wp-content\/uploads\/sites\/8\/2023\/11\/rosental_adelschlager-frauenchor_2023-11-26.jpeg\" class=\"attachment-2048x2048 size-2048x2048 wp-image-1365\" alt=\"\" srcset=\"https:\/\/www.osfs.eu\/salesianum-rosental\/wp-content\/uploads\/sites\/8\/2023\/11\/rosental_adelschlager-frauenchor_2023-11-26.jpeg 1600w, https:\/\/www.osfs.eu\/salesianum-rosental\/wp-content\/uploads\/sites\/8\/2023\/11\/rosental_adelschlager-frauenchor_2023-11-26-300x135.jpeg 300w, https:\/\/www.osfs.eu\/salesianum-rosental\/wp-content\/uploads\/sites\/8\/2023\/11\/rosental_adelschlager-frauenchor_2023-11-26-1024x461.jpeg 1024w, https:\/\/www.osfs.eu\/salesianum-rosental\/wp-content\/uploads\/sites\/8\/2023\/11\/rosental_adelschlager-frauenchor_2023-11-26-768x346.jpeg 768w, https:\/\/www.osfs.eu\/salesianum-rosental\/wp-content\/uploads\/sites\/8\/2023\/11\/rosental_adelschlager-frauenchor_2023-11-26-1536x691.jpeg 1536w\" sizes=\"(max-width: 1600px) 100vw, 1600px\" \/>\t\t\t\t\t\t\t\t\t\t\t\t\t\t\t<\/div>\n\t\t\t\t<\/div>\n\t\t\t\t<div data-dce-text-color=\"#A3A3A3\" class=\"elementor-element elementor-element-906bdc5 elementor-widget elementor-widget-post-info\" data-id=\"906bdc5\" data-element_type=\"widget\" data-e-type=\"widget\" data-widget_type=\"post-info.default\">\n\t\t\t\t<div class=\"elementor-widget-container\">\n\t\t\t\t\t\t\t<ul class=\"elementor-inline-items elementor-icon-list-items elementor-post-info\">\n\t\t\t\t\t\t\t\t<li class=\"elementor-icon-list-item elementor-repeater-item-3f53913 elementor-inline-item\" itemprop=\"datePublished\">\n\t\t\t\t\t\t\t\t\t\t\t\t\t<span class=\"elementor-icon-list-text elementor-post-info__item elementor-post-info__item--type-date\">\n\t\t\t\t\t\t\t\t\t\t<time>November 26, 2023<\/time>\t\t\t\t\t<\/span>\n\t\t\t\t\t\t\t\t<\/li>\n\t\t\t\t<\/ul>\n\t\t\t\t\t\t<\/div>\n\t\t\t\t<\/div>\n\t\t\t\t<div data-dce-title-color=\"#555555\" class=\"elementor-element elementor-element-be7483d elementor-widget elementor-widget-theme-post-title elementor-page-title elementor-widget-heading\" data-id=\"be7483d\" data-element_type=\"widget\" data-e-type=\"widget\" data-widget_type=\"theme-post-title.default\">\n\t\t\t\t<div class=\"elementor-widget-container\">\n\t\t\t\t\t<h3 class=\"elementor-heading-title elementor-size-default\">Messe mit Adelschlager Frauenchor<\/h3>\t\t\t\t<\/div>\n\t\t\t\t<\/div>\n\t\t\t\t<div data-dce-title-color=\"#555555\" class=\"elementor-element elementor-element-4e6252c elementor-widget elementor-widget-theme-post-excerpt\" data-id=\"4e6252c\" data-element_type=\"widget\" data-e-type=\"widget\" data-widget_type=\"theme-post-excerpt.default\">\n\t\t\t\t<div class=\"elementor-widget-container\">\n\t\t\t\t\tAm Christk\u00f6nigssonntag, 26. November 2023, wurde die Heilige Messe im Salesianum Rosental vom Adelschlager Frauenchor gestaltet.\t\t\t\t<\/div>\n\t\t\t\t<\/div>\n\t\t\t\t\t<\/div>\n\t\t\t\t<\/a>\n\t\t\t\t<\/div>\n\t\t\t\t<div data-elementor-type=\"loop-item\" data-elementor-id=\"693\" class=\"elementor elementor-693 e-loop-item e-loop-item-1344 post-1344 post type-post status-publish format-standard has-post-thumbnail hentry category-allgemein\" data-elementor-post-type=\"elementor_library\" data-custom-edit-handle=\"1\">\n\t\t\t<a class=\"elementor-element elementor-element-79d8d6d e-transform e-flex e-con-boxed elementor-invisible e-con e-parent\" data-id=\"79d8d6d\" data-element_type=\"container\" data-e-type=\"container\" data-settings=\"{&quot;animation&quot;:&quot;fadeIn&quot;,&quot;_transform_translateY_effect_hover&quot;:{&quot;unit&quot;:&quot;px&quot;,&quot;size&quot;:&quot;-5&quot;,&quot;sizes&quot;:[]},&quot;_transform_translateX_effect_hover&quot;:{&quot;unit&quot;:&quot;px&quot;,&quot;size&quot;:&quot;&quot;,&quot;sizes&quot;:[]},&quot;_transform_translateX_effect_hover_tablet&quot;:{&quot;unit&quot;:&quot;px&quot;,&quot;size&quot;:&quot;&quot;,&quot;sizes&quot;:[]},&quot;_transform_translateX_effect_hover_mobile&quot;:{&quot;unit&quot;:&quot;px&quot;,&quot;size&quot;:&quot;&quot;,&quot;sizes&quot;:[]},&quot;_transform_translateY_effect_hover_tablet&quot;:{&quot;unit&quot;:&quot;px&quot;,&quot;size&quot;:&quot;&quot;,&quot;sizes&quot;:[]},&quot;_transform_translateY_effect_hover_mobile&quot;:{&quot;unit&quot;:&quot;px&quot;,&quot;size&quot;:&quot;&quot;,&quot;sizes&quot;:[]}}\" href=\"https:\/\/www.osfs.eu\/salesianum-rosental\/afrikanische-elemente\/\">\n\t\t\t\t\t<div class=\"e-con-inner\">\n\t\t\t\t<div class=\"elementor-element elementor-element-c5cdfba elementor-widget elementor-widget-theme-post-featured-image elementor-widget-image\" data-id=\"c5cdfba\" data-element_type=\"widget\" data-e-type=\"widget\" data-widget_type=\"theme-post-featured-image.default\">\n\t\t\t\t<div class=\"elementor-widget-container\">\n\t\t\t\t\t\t\t\t\t\t\t\t\t\t\t<img loading=\"lazy\" decoding=\"async\" width=\"1600\" height=\"720\" src=\"https:\/\/www.osfs.eu\/salesianum-rosental\/wp-content\/uploads\/sites\/8\/2023\/11\/rosental_kenia_2023-11-19.jpeg\" class=\"attachment-2048x2048 size-2048x2048 wp-image-1346\" alt=\"\" srcset=\"https:\/\/www.osfs.eu\/salesianum-rosental\/wp-content\/uploads\/sites\/8\/2023\/11\/rosental_kenia_2023-11-19.jpeg 1600w, https:\/\/www.osfs.eu\/salesianum-rosental\/wp-content\/uploads\/sites\/8\/2023\/11\/rosental_kenia_2023-11-19-300x135.jpeg 300w, https:\/\/www.osfs.eu\/salesianum-rosental\/wp-content\/uploads\/sites\/8\/2023\/11\/rosental_kenia_2023-11-19-1024x461.jpeg 1024w, https:\/\/www.osfs.eu\/salesianum-rosental\/wp-content\/uploads\/sites\/8\/2023\/11\/rosental_kenia_2023-11-19-768x346.jpeg 768w, https:\/\/www.osfs.eu\/salesianum-rosental\/wp-content\/uploads\/sites\/8\/2023\/11\/rosental_kenia_2023-11-19-1536x691.jpeg 1536w\" sizes=\"(max-width: 1600px) 100vw, 1600px\" \/>\t\t\t\t\t\t\t\t\t\t\t\t\t\t\t<\/div>\n\t\t\t\t<\/div>\n\t\t\t\t<div data-dce-text-color=\"#A3A3A3\" class=\"elementor-element elementor-element-906bdc5 elementor-widget elementor-widget-post-info\" data-id=\"906bdc5\" data-element_type=\"widget\" data-e-type=\"widget\" data-widget_type=\"post-info.default\">\n\t\t\t\t<div class=\"elementor-widget-container\">\n\t\t\t\t\t\t\t<ul class=\"elementor-inline-items elementor-icon-list-items elementor-post-info\">\n\t\t\t\t\t\t\t\t<li class=\"elementor-icon-list-item elementor-repeater-item-3f53913 elementor-inline-item\" itemprop=\"datePublished\">\n\t\t\t\t\t\t\t\t\t\t\t\t\t<span class=\"elementor-icon-list-text elementor-post-info__item elementor-post-info__item--type-date\">\n\t\t\t\t\t\t\t\t\t\t<time>November 19, 2023<\/time>\t\t\t\t\t<\/span>\n\t\t\t\t\t\t\t\t<\/li>\n\t\t\t\t<\/ul>\n\t\t\t\t\t\t<\/div>\n\t\t\t\t<\/div>\n\t\t\t\t<div data-dce-title-color=\"#555555\" class=\"elementor-element elementor-element-be7483d elementor-widget elementor-widget-theme-post-title elementor-page-title elementor-widget-heading\" data-id=\"be7483d\" data-element_type=\"widget\" data-e-type=\"widget\" data-widget_type=\"theme-post-title.default\">\n\t\t\t\t<div class=\"elementor-widget-container\">\n\t\t\t\t\t<h3 class=\"elementor-heading-title elementor-size-default\">Afrikanische Elemente<\/h3>\t\t\t\t<\/div>\n\t\t\t\t<\/div>\n\t\t\t\t<div data-dce-title-color=\"#555555\" class=\"elementor-element elementor-element-4e6252c elementor-widget elementor-widget-theme-post-excerpt\" data-id=\"4e6252c\" data-element_type=\"widget\" data-e-type=\"widget\" data-widget_type=\"theme-post-excerpt.default\">\n\t\t\t\t<div class=\"elementor-widget-container\">\n\t\t\t\t\tIm Salesianum Rosental wurde nach Kenia geschaut. Josef Bauch und sein Chor, die k\u00fcrzlich Kenia besuchten, organisierten einen Trommel-Workshop in der Bibliothek und kenianischen Gesang in der Kapelle.\t\t\t\t<\/div>\n\t\t\t\t<\/div>\n\t\t\t\t\t<\/div>\n\t\t\t\t<\/a>\n\t\t\t\t<\/div>\n\t\t\t\t<div data-elementor-type=\"loop-item\" data-elementor-id=\"693\" class=\"elementor elementor-693 e-loop-item e-loop-item-1329 post-1329 post type-post status-publish format-standard has-post-thumbnail hentry category-allgemein\" data-elementor-post-type=\"elementor_library\" data-custom-edit-handle=\"1\">\n\t\t\t<a class=\"elementor-element elementor-element-79d8d6d e-transform e-flex e-con-boxed elementor-invisible e-con e-parent\" data-id=\"79d8d6d\" data-element_type=\"container\" data-e-type=\"container\" data-settings=\"{&quot;animation&quot;:&quot;fadeIn&quot;,&quot;_transform_translateY_effect_hover&quot;:{&quot;unit&quot;:&quot;px&quot;,&quot;size&quot;:&quot;-5&quot;,&quot;sizes&quot;:[]},&quot;_transform_translateX_effect_hover&quot;:{&quot;unit&quot;:&quot;px&quot;,&quot;size&quot;:&quot;&quot;,&quot;sizes&quot;:[]},&quot;_transform_translateX_effect_hover_tablet&quot;:{&quot;unit&quot;:&quot;px&quot;,&quot;size&quot;:&quot;&quot;,&quot;sizes&quot;:[]},&quot;_transform_translateX_effect_hover_mobile&quot;:{&quot;unit&quot;:&quot;px&quot;,&quot;size&quot;:&quot;&quot;,&quot;sizes&quot;:[]},&quot;_transform_translateY_effect_hover_tablet&quot;:{&quot;unit&quot;:&quot;px&quot;,&quot;size&quot;:&quot;&quot;,&quot;sizes&quot;:[]},&quot;_transform_translateY_effect_hover_mobile&quot;:{&quot;unit&quot;:&quot;px&quot;,&quot;size&quot;:&quot;&quot;,&quot;sizes&quot;:[]}}\" href=\"https:\/\/www.osfs.eu\/salesianum-rosental\/klarinetten-ensemble-gestaltete-gottesdienst\/\">\n\t\t\t\t\t<div class=\"e-con-inner\">\n\t\t\t\t<div class=\"elementor-element elementor-element-c5cdfba elementor-widget elementor-widget-theme-post-featured-image elementor-widget-image\" data-id=\"c5cdfba\" data-element_type=\"widget\" data-e-type=\"widget\" data-widget_type=\"theme-post-featured-image.default\">\n\t\t\t\t<div class=\"elementor-widget-container\">\n\t\t\t\t\t\t\t\t\t\t\t\t\t\t\t<img loading=\"lazy\" decoding=\"async\" width=\"1600\" height=\"720\" src=\"https:\/\/www.osfs.eu\/salesianum-rosental\/wp-content\/uploads\/sites\/8\/2023\/11\/rosental_messemitklarinettenensembleundkinderkirche_2023-11-12_18.jpeg\" class=\"attachment-2048x2048 size-2048x2048 wp-image-1341\" alt=\"\" srcset=\"https:\/\/www.osfs.eu\/salesianum-rosental\/wp-content\/uploads\/sites\/8\/2023\/11\/rosental_messemitklarinettenensembleundkinderkirche_2023-11-12_18.jpeg 1600w, https:\/\/www.osfs.eu\/salesianum-rosental\/wp-content\/uploads\/sites\/8\/2023\/11\/rosental_messemitklarinettenensembleundkinderkirche_2023-11-12_18-300x135.jpeg 300w, https:\/\/www.osfs.eu\/salesianum-rosental\/wp-content\/uploads\/sites\/8\/2023\/11\/rosental_messemitklarinettenensembleundkinderkirche_2023-11-12_18-1024x461.jpeg 1024w, https:\/\/www.osfs.eu\/salesianum-rosental\/wp-content\/uploads\/sites\/8\/2023\/11\/rosental_messemitklarinettenensembleundkinderkirche_2023-11-12_18-768x346.jpeg 768w, https:\/\/www.osfs.eu\/salesianum-rosental\/wp-content\/uploads\/sites\/8\/2023\/11\/rosental_messemitklarinettenensembleundkinderkirche_2023-11-12_18-1536x691.jpeg 1536w\" sizes=\"(max-width: 1600px) 100vw, 1600px\" \/>\t\t\t\t\t\t\t\t\t\t\t\t\t\t\t<\/div>\n\t\t\t\t<\/div>\n\t\t\t\t<div data-dce-text-color=\"#A3A3A3\" class=\"elementor-element elementor-element-906bdc5 elementor-widget elementor-widget-post-info\" data-id=\"906bdc5\" data-element_type=\"widget\" data-e-type=\"widget\" data-widget_type=\"post-info.default\">\n\t\t\t\t<div class=\"elementor-widget-container\">\n\t\t\t\t\t\t\t<ul class=\"elementor-inline-items elementor-icon-list-items elementor-post-info\">\n\t\t\t\t\t\t\t\t<li class=\"elementor-icon-list-item elementor-repeater-item-3f53913 elementor-inline-item\" itemprop=\"datePublished\">\n\t\t\t\t\t\t\t\t\t\t\t\t\t<span class=\"elementor-icon-list-text elementor-post-info__item elementor-post-info__item--type-date\">\n\t\t\t\t\t\t\t\t\t\t<time>November 13, 2023<\/time>\t\t\t\t\t<\/span>\n\t\t\t\t\t\t\t\t<\/li>\n\t\t\t\t<\/ul>\n\t\t\t\t\t\t<\/div>\n\t\t\t\t<\/div>\n\t\t\t\t<div data-dce-title-color=\"#555555\" class=\"elementor-element elementor-element-be7483d elementor-widget elementor-widget-theme-post-title elementor-page-title elementor-widget-heading\" data-id=\"be7483d\" data-element_type=\"widget\" data-e-type=\"widget\" data-widget_type=\"theme-post-title.default\">\n\t\t\t\t<div class=\"elementor-widget-container\">\n\t\t\t\t\t<h3 class=\"elementor-heading-title elementor-size-default\">Klarinetten-Ensemble gestaltete Gottesdienst<\/h3>\t\t\t\t<\/div>\n\t\t\t\t<\/div>\n\t\t\t\t<div data-dce-title-color=\"#555555\" class=\"elementor-element elementor-element-4e6252c elementor-widget elementor-widget-theme-post-excerpt\" data-id=\"4e6252c\" data-element_type=\"widget\" data-e-type=\"widget\" data-widget_type=\"theme-post-excerpt.default\">\n\t\t\t\t<div class=\"elementor-widget-container\">\n\t\t\t\t\tDie Heilige Messe am Sonntag, 12. November 2023, wurde im Salesianum Rosental von \u201eKlarinetten-Ensemble\u201c unter der Leitung von Markus Beck gestaltet.\t\t\t\t<\/div>\n\t\t\t\t<\/div>\n\t\t\t\t\t<\/div>\n\t\t\t\t<\/a>\n\t\t\t\t<\/div>\n\t\t\t\t<div data-elementor-type=\"loop-item\" data-elementor-id=\"693\" class=\"elementor elementor-693 e-loop-item e-loop-item-1301 post-1301 post type-post status-publish format-standard has-post-thumbnail hentry category-allgemein\" data-elementor-post-type=\"elementor_library\" data-custom-edit-handle=\"1\">\n\t\t\t<a class=\"elementor-element elementor-element-79d8d6d e-transform e-flex e-con-boxed elementor-invisible e-con e-parent\" data-id=\"79d8d6d\" data-element_type=\"container\" data-e-type=\"container\" data-settings=\"{&quot;animation&quot;:&quot;fadeIn&quot;,&quot;_transform_translateY_effect_hover&quot;:{&quot;unit&quot;:&quot;px&quot;,&quot;size&quot;:&quot;-5&quot;,&quot;sizes&quot;:[]},&quot;_transform_translateX_effect_hover&quot;:{&quot;unit&quot;:&quot;px&quot;,&quot;size&quot;:&quot;&quot;,&quot;sizes&quot;:[]},&quot;_transform_translateX_effect_hover_tablet&quot;:{&quot;unit&quot;:&quot;px&quot;,&quot;size&quot;:&quot;&quot;,&quot;sizes&quot;:[]},&quot;_transform_translateX_effect_hover_mobile&quot;:{&quot;unit&quot;:&quot;px&quot;,&quot;size&quot;:&quot;&quot;,&quot;sizes&quot;:[]},&quot;_transform_translateY_effect_hover_tablet&quot;:{&quot;unit&quot;:&quot;px&quot;,&quot;size&quot;:&quot;&quot;,&quot;sizes&quot;:[]},&quot;_transform_translateY_effect_hover_mobile&quot;:{&quot;unit&quot;:&quot;px&quot;,&quot;size&quot;:&quot;&quot;,&quot;sizes&quot;:[]}}\" href=\"https:\/\/www.osfs.eu\/salesianum-rosental\/seit-100-jahren-in-eichstaett\/\">\n\t\t\t\t\t<div class=\"e-con-inner\">\n\t\t\t\t<div class=\"elementor-element elementor-element-c5cdfba elementor-widget elementor-widget-theme-post-featured-image elementor-widget-image\" data-id=\"c5cdfba\" data-element_type=\"widget\" data-e-type=\"widget\" data-widget_type=\"theme-post-featured-image.default\">\n\t\t\t\t<div class=\"elementor-widget-container\">\n\t\t\t\t\t\t\t\t\t\t\t\t\t\t\t<img loading=\"lazy\" decoding=\"async\" width=\"250\" height=\"188\" src=\"https:\/\/www.osfs.eu\/salesianum-rosental\/wp-content\/uploads\/sites\/8\/2023\/05\/g_aufderwillibaldsburg.png\" class=\"attachment-2048x2048 size-2048x2048 wp-image-628\" alt=\"\" \/>\t\t\t\t\t\t\t\t\t\t\t\t\t\t\t<\/div>\n\t\t\t\t<\/div>\n\t\t\t\t<div data-dce-text-color=\"#A3A3A3\" class=\"elementor-element elementor-element-906bdc5 elementor-widget elementor-widget-post-info\" data-id=\"906bdc5\" data-element_type=\"widget\" data-e-type=\"widget\" data-widget_type=\"post-info.default\">\n\t\t\t\t<div class=\"elementor-widget-container\">\n\t\t\t\t\t\t\t<ul class=\"elementor-inline-items elementor-icon-list-items elementor-post-info\">\n\t\t\t\t\t\t\t\t<li class=\"elementor-icon-list-item elementor-repeater-item-3f53913 elementor-inline-item\" itemprop=\"datePublished\">\n\t\t\t\t\t\t\t\t\t\t\t\t\t<span class=\"elementor-icon-list-text elementor-post-info__item elementor-post-info__item--type-date\">\n\t\t\t\t\t\t\t\t\t\t<time>Oktober 16, 2023<\/time>\t\t\t\t\t<\/span>\n\t\t\t\t\t\t\t\t<\/li>\n\t\t\t\t<\/ul>\n\t\t\t\t\t\t<\/div>\n\t\t\t\t<\/div>\n\t\t\t\t<div data-dce-title-color=\"#555555\" class=\"elementor-element elementor-element-be7483d elementor-widget elementor-widget-theme-post-title elementor-page-title elementor-widget-heading\" data-id=\"be7483d\" data-element_type=\"widget\" data-e-type=\"widget\" data-widget_type=\"theme-post-title.default\">\n\t\t\t\t<div class=\"elementor-widget-container\">\n\t\t\t\t\t<h3 class=\"elementor-heading-title elementor-size-default\">Seit 100 Jahren in Eichst\u00e4tt<\/h3>\t\t\t\t<\/div>\n\t\t\t\t<\/div>\n\t\t\t\t<div data-dce-title-color=\"#555555\" class=\"elementor-element elementor-element-4e6252c elementor-widget elementor-widget-theme-post-excerpt\" data-id=\"4e6252c\" data-element_type=\"widget\" data-e-type=\"widget\" data-widget_type=\"theme-post-excerpt.default\">\n\t\t\t\t<div class=\"elementor-widget-container\">\n\t\t\t\t\tIm Oktober 2023 sind es 100 Jahre, dass die Oblaten des heiligen Franz von Sales in Eichst\u00e4tt t\u00e4tig sind.\t\t\t\t<\/div>\n\t\t\t\t<\/div>\n\t\t\t\t\t<\/div>\n\t\t\t\t<\/a>\n\t\t\t\t<\/div>\n\t\t\t\t<div data-elementor-type=\"loop-item\" data-elementor-id=\"693\" class=\"elementor elementor-693 e-loop-item e-loop-item-1265 post-1265 post type-post status-publish format-standard has-post-thumbnail hentry category-allgemein\" data-elementor-post-type=\"elementor_library\" data-custom-edit-handle=\"1\">\n\t\t\t<a class=\"elementor-element elementor-element-79d8d6d e-transform e-flex e-con-boxed elementor-invisible e-con e-parent\" data-id=\"79d8d6d\" data-element_type=\"container\" data-e-type=\"container\" data-settings=\"{&quot;animation&quot;:&quot;fadeIn&quot;,&quot;_transform_translateY_effect_hover&quot;:{&quot;unit&quot;:&quot;px&quot;,&quot;size&quot;:&quot;-5&quot;,&quot;sizes&quot;:[]},&quot;_transform_translateX_effect_hover&quot;:{&quot;unit&quot;:&quot;px&quot;,&quot;size&quot;:&quot;&quot;,&quot;sizes&quot;:[]},&quot;_transform_translateX_effect_hover_tablet&quot;:{&quot;unit&quot;:&quot;px&quot;,&quot;size&quot;:&quot;&quot;,&quot;sizes&quot;:[]},&quot;_transform_translateX_effect_hover_mobile&quot;:{&quot;unit&quot;:&quot;px&quot;,&quot;size&quot;:&quot;&quot;,&quot;sizes&quot;:[]},&quot;_transform_translateY_effect_hover_tablet&quot;:{&quot;unit&quot;:&quot;px&quot;,&quot;size&quot;:&quot;&quot;,&quot;sizes&quot;:[]},&quot;_transform_translateY_effect_hover_mobile&quot;:{&quot;unit&quot;:&quot;px&quot;,&quot;size&quot;:&quot;&quot;,&quot;sizes&quot;:[]}}\" href=\"https:\/\/www.osfs.eu\/salesianum-rosental\/pater-josef-prinz-feiert-75-geburtstag\/\">\n\t\t\t\t\t<div class=\"e-con-inner\">\n\t\t\t\t<div class=\"elementor-element elementor-element-c5cdfba elementor-widget elementor-widget-theme-post-featured-image elementor-widget-image\" data-id=\"c5cdfba\" data-element_type=\"widget\" data-e-type=\"widget\" data-widget_type=\"theme-post-featured-image.default\">\n\t\t\t\t<div class=\"elementor-widget-container\">\n\t\t\t\t\t\t\t\t\t\t\t\t\t\t\t<img loading=\"lazy\" decoding=\"async\" width=\"1077\" height=\"825\" src=\"https:\/\/www.osfs.eu\/salesianum-rosental\/wp-content\/uploads\/sites\/8\/2023\/08\/prinz75_titel.jpg\" class=\"attachment-2048x2048 size-2048x2048 wp-image-1298\" alt=\"\" srcset=\"https:\/\/www.osfs.eu\/salesianum-rosental\/wp-content\/uploads\/sites\/8\/2023\/08\/prinz75_titel.jpg 1077w, https:\/\/www.osfs.eu\/salesianum-rosental\/wp-content\/uploads\/sites\/8\/2023\/08\/prinz75_titel-300x230.jpg 300w, https:\/\/www.osfs.eu\/salesianum-rosental\/wp-content\/uploads\/sites\/8\/2023\/08\/prinz75_titel-1024x784.jpg 1024w, https:\/\/www.osfs.eu\/salesianum-rosental\/wp-content\/uploads\/sites\/8\/2023\/08\/prinz75_titel-768x588.jpg 768w\" sizes=\"(max-width: 1077px) 100vw, 1077px\" \/>\t\t\t\t\t\t\t\t\t\t\t\t\t\t\t<\/div>\n\t\t\t\t<\/div>\n\t\t\t\t<div data-dce-text-color=\"#A3A3A3\" class=\"elementor-element elementor-element-906bdc5 elementor-widget elementor-widget-post-info\" data-id=\"906bdc5\" data-element_type=\"widget\" data-e-type=\"widget\" data-widget_type=\"post-info.default\">\n\t\t\t\t<div class=\"elementor-widget-container\">\n\t\t\t\t\t\t\t<ul class=\"elementor-inline-items elementor-icon-list-items elementor-post-info\">\n\t\t\t\t\t\t\t\t<li class=\"elementor-icon-list-item elementor-repeater-item-3f53913 elementor-inline-item\" itemprop=\"datePublished\">\n\t\t\t\t\t\t\t\t\t\t\t\t\t<span class=\"elementor-icon-list-text elementor-post-info__item elementor-post-info__item--type-date\">\n\t\t\t\t\t\t\t\t\t\t<time>August 24, 2023<\/time>\t\t\t\t\t<\/span>\n\t\t\t\t\t\t\t\t<\/li>\n\t\t\t\t<\/ul>\n\t\t\t\t\t\t<\/div>\n\t\t\t\t<\/div>\n\t\t\t\t<div data-dce-title-color=\"#555555\" class=\"elementor-element elementor-element-be7483d elementor-widget elementor-widget-theme-post-title elementor-page-title elementor-widget-heading\" data-id=\"be7483d\" data-element_type=\"widget\" data-e-type=\"widget\" data-widget_type=\"theme-post-title.default\">\n\t\t\t\t<div class=\"elementor-widget-container\">\n\t\t\t\t\t<h3 class=\"elementor-heading-title elementor-size-default\">Pater Josef Prinz feierte 75. Geburtstag<\/h3>\t\t\t\t<\/div>\n\t\t\t\t<\/div>\n\t\t\t\t<div data-dce-title-color=\"#555555\" class=\"elementor-element elementor-element-4e6252c elementor-widget elementor-widget-theme-post-excerpt\" data-id=\"4e6252c\" data-element_type=\"widget\" data-e-type=\"widget\" data-widget_type=\"theme-post-excerpt.default\">\n\t\t\t\t<div class=\"elementor-widget-container\">\n\t\t\t\t\tAm Sonntag, 17. September 2023, feierte der Hausobere des Salesianums Rosental seinen 75. Geburtstag \"nach\".\t\t\t\t<\/div>\n\t\t\t\t<\/div>\n\t\t\t\t\t<\/div>\n\t\t\t\t<\/a>\n\t\t\t\t<\/div>\n\t\t\t\t<div data-elementor-type=\"loop-item\" data-elementor-id=\"693\" class=\"elementor elementor-693 e-loop-item e-loop-item-1220 post-1220 post type-post status-publish format-standard has-post-thumbnail hentry category-allgemein\" data-elementor-post-type=\"elementor_library\" data-custom-edit-handle=\"1\">\n\t\t\t<a class=\"elementor-element elementor-element-79d8d6d e-transform e-flex e-con-boxed elementor-invisible e-con e-parent\" data-id=\"79d8d6d\" data-element_type=\"container\" data-e-type=\"container\" data-settings=\"{&quot;animation&quot;:&quot;fadeIn&quot;,&quot;_transform_translateY_effect_hover&quot;:{&quot;unit&quot;:&quot;px&quot;,&quot;size&quot;:&quot;-5&quot;,&quot;sizes&quot;:[]},&quot;_transform_translateX_effect_hover&quot;:{&quot;unit&quot;:&quot;px&quot;,&quot;size&quot;:&quot;&quot;,&quot;sizes&quot;:[]},&quot;_transform_translateX_effect_hover_tablet&quot;:{&quot;unit&quot;:&quot;px&quot;,&quot;size&quot;:&quot;&quot;,&quot;sizes&quot;:[]},&quot;_transform_translateX_effect_hover_mobile&quot;:{&quot;unit&quot;:&quot;px&quot;,&quot;size&quot;:&quot;&quot;,&quot;sizes&quot;:[]},&quot;_transform_translateY_effect_hover_tablet&quot;:{&quot;unit&quot;:&quot;px&quot;,&quot;size&quot;:&quot;&quot;,&quot;sizes&quot;:[]},&quot;_transform_translateY_effect_hover_mobile&quot;:{&quot;unit&quot;:&quot;px&quot;,&quot;size&quot;:&quot;&quot;,&quot;sizes&quot;:[]}}\" href=\"https:\/\/www.osfs.eu\/salesianum-rosental\/requiem-fuer-bernd-stowasser\/\">\n\t\t\t\t\t<div class=\"e-con-inner\">\n\t\t\t\t<div class=\"elementor-element elementor-element-c5cdfba elementor-widget elementor-widget-theme-post-featured-image elementor-widget-image\" data-id=\"c5cdfba\" data-element_type=\"widget\" data-e-type=\"widget\" data-widget_type=\"theme-post-featured-image.default\">\n\t\t\t\t<div class=\"elementor-widget-container\">\n\t\t\t\t\t\t\t\t\t\t\t\t\t\t\t<img loading=\"lazy\" decoding=\"async\" width=\"1920\" height=\"1080\" src=\"https:\/\/www.osfs.eu\/salesianum-rosental\/wp-content\/uploads\/sites\/8\/2023\/08\/requiem_bernd-stowasser_rosental_2023-08-11_13.jpg\" class=\"attachment-2048x2048 size-2048x2048 wp-image-1230\" alt=\"\" srcset=\"https:\/\/www.osfs.eu\/salesianum-rosental\/wp-content\/uploads\/sites\/8\/2023\/08\/requiem_bernd-stowasser_rosental_2023-08-11_13.jpg 1920w, https:\/\/www.osfs.eu\/salesianum-rosental\/wp-content\/uploads\/sites\/8\/2023\/08\/requiem_bernd-stowasser_rosental_2023-08-11_13-300x169.jpg 300w, https:\/\/www.osfs.eu\/salesianum-rosental\/wp-content\/uploads\/sites\/8\/2023\/08\/requiem_bernd-stowasser_rosental_2023-08-11_13-1024x576.jpg 1024w, https:\/\/www.osfs.eu\/salesianum-rosental\/wp-content\/uploads\/sites\/8\/2023\/08\/requiem_bernd-stowasser_rosental_2023-08-11_13-768x432.jpg 768w, https:\/\/www.osfs.eu\/salesianum-rosental\/wp-content\/uploads\/sites\/8\/2023\/08\/requiem_bernd-stowasser_rosental_2023-08-11_13-1536x864.jpg 1536w\" sizes=\"(max-width: 1920px) 100vw, 1920px\" \/>\t\t\t\t\t\t\t\t\t\t\t\t\t\t\t<\/div>\n\t\t\t\t<\/div>\n\t\t\t\t<div data-dce-text-color=\"#A3A3A3\" class=\"elementor-element elementor-element-906bdc5 elementor-widget elementor-widget-post-info\" data-id=\"906bdc5\" data-element_type=\"widget\" data-e-type=\"widget\" data-widget_type=\"post-info.default\">\n\t\t\t\t<div class=\"elementor-widget-container\">\n\t\t\t\t\t\t\t<ul class=\"elementor-inline-items elementor-icon-list-items elementor-post-info\">\n\t\t\t\t\t\t\t\t<li class=\"elementor-icon-list-item elementor-repeater-item-3f53913 elementor-inline-item\" itemprop=\"datePublished\">\n\t\t\t\t\t\t\t\t\t\t\t\t\t<span class=\"elementor-icon-list-text elementor-post-info__item elementor-post-info__item--type-date\">\n\t\t\t\t\t\t\t\t\t\t<time>August 12, 2023<\/time>\t\t\t\t\t<\/span>\n\t\t\t\t\t\t\t\t<\/li>\n\t\t\t\t<\/ul>\n\t\t\t\t\t\t<\/div>\n\t\t\t\t<\/div>\n\t\t\t\t<div data-dce-title-color=\"#555555\" class=\"elementor-element elementor-element-be7483d elementor-widget elementor-widget-theme-post-title elementor-page-title elementor-widget-heading\" data-id=\"be7483d\" data-element_type=\"widget\" data-e-type=\"widget\" data-widget_type=\"theme-post-title.default\">\n\t\t\t\t<div class=\"elementor-widget-container\">\n\t\t\t\t\t<h3 class=\"elementor-heading-title elementor-size-default\">Requiem f\u00fcr Bernd Stowasser<\/h3>\t\t\t\t<\/div>\n\t\t\t\t<\/div>\n\t\t\t\t<div data-dce-title-color=\"#555555\" class=\"elementor-element elementor-element-4e6252c elementor-widget elementor-widget-theme-post-excerpt\" data-id=\"4e6252c\" data-element_type=\"widget\" data-e-type=\"widget\" data-widget_type=\"theme-post-excerpt.default\">\n\t\t\t\t<div class=\"elementor-widget-container\">\n\t\t\t\t\tDer Eichst\u00e4tter Buchh\u00e4ndler Bernd Stowasser war seit seiner Studienzeit mit dem Sales-Oblaten des Salesianums Rosental verbunden. Er verstarb am 2. August 2023 im 68. Lebensjahr. Am Freitag, 11. August 2023, feierten wir f\u00fcr ihn das Requiem.\t\t\t\t<\/div>\n\t\t\t\t<\/div>\n\t\t\t\t\t<\/div>\n\t\t\t\t<\/a>\n\t\t\t\t<\/div>\n\t\t\t\t<div data-elementor-type=\"loop-item\" data-elementor-id=\"693\" class=\"elementor elementor-693 e-loop-item e-loop-item-1186 post-1186 post type-post status-publish format-standard has-post-thumbnail hentry category-allgemein\" data-elementor-post-type=\"elementor_library\" data-custom-edit-handle=\"1\">\n\t\t\t<a class=\"elementor-element elementor-element-79d8d6d e-transform e-flex e-con-boxed elementor-invisible e-con e-parent\" data-id=\"79d8d6d\" data-element_type=\"container\" data-e-type=\"container\" data-settings=\"{&quot;animation&quot;:&quot;fadeIn&quot;,&quot;_transform_translateY_effect_hover&quot;:{&quot;unit&quot;:&quot;px&quot;,&quot;size&quot;:&quot;-5&quot;,&quot;sizes&quot;:[]},&quot;_transform_translateX_effect_hover&quot;:{&quot;unit&quot;:&quot;px&quot;,&quot;size&quot;:&quot;&quot;,&quot;sizes&quot;:[]},&quot;_transform_translateX_effect_hover_tablet&quot;:{&quot;unit&quot;:&quot;px&quot;,&quot;size&quot;:&quot;&quot;,&quot;sizes&quot;:[]},&quot;_transform_translateX_effect_hover_mobile&quot;:{&quot;unit&quot;:&quot;px&quot;,&quot;size&quot;:&quot;&quot;,&quot;sizes&quot;:[]},&quot;_transform_translateY_effect_hover_tablet&quot;:{&quot;unit&quot;:&quot;px&quot;,&quot;size&quot;:&quot;&quot;,&quot;sizes&quot;:[]},&quot;_transform_translateY_effect_hover_mobile&quot;:{&quot;unit&quot;:&quot;px&quot;,&quot;size&quot;:&quot;&quot;,&quot;sizes&quot;:[]}}\" href=\"https:\/\/www.osfs.eu\/salesianum-rosental\/volksmusik-mittendrin-im-salesianum\/\">\n\t\t\t\t\t<div class=\"e-con-inner\">\n\t\t\t\t<div class=\"elementor-element elementor-element-c5cdfba elementor-widget elementor-widget-theme-post-featured-image elementor-widget-image\" data-id=\"c5cdfba\" data-element_type=\"widget\" data-e-type=\"widget\" data-widget_type=\"theme-post-featured-image.default\">\n\t\t\t\t<div class=\"elementor-widget-container\">\n\t\t\t\t\t\t\t\t\t\t\t\t\t\t\t<img loading=\"lazy\" decoding=\"async\" width=\"1000\" height=\"563\" src=\"https:\/\/www.osfs.eu\/salesianum-rosental\/wp-content\/uploads\/sites\/8\/2023\/08\/rosental_volksmusik-mittendrin_2023-07-16_04.jpeg\" class=\"attachment-2048x2048 size-2048x2048 wp-image-1187\" alt=\"\" srcset=\"https:\/\/www.osfs.eu\/salesianum-rosental\/wp-content\/uploads\/sites\/8\/2023\/08\/rosental_volksmusik-mittendrin_2023-07-16_04.jpeg 1000w, https:\/\/www.osfs.eu\/salesianum-rosental\/wp-content\/uploads\/sites\/8\/2023\/08\/rosental_volksmusik-mittendrin_2023-07-16_04-300x169.jpeg 300w, https:\/\/www.osfs.eu\/salesianum-rosental\/wp-content\/uploads\/sites\/8\/2023\/08\/rosental_volksmusik-mittendrin_2023-07-16_04-768x432.jpeg 768w\" sizes=\"(max-width: 1000px) 100vw, 1000px\" \/>\t\t\t\t\t\t\t\t\t\t\t\t\t\t\t<\/div>\n\t\t\t\t<\/div>\n\t\t\t\t<div data-dce-text-color=\"#A3A3A3\" class=\"elementor-element elementor-element-906bdc5 elementor-widget elementor-widget-post-info\" data-id=\"906bdc5\" data-element_type=\"widget\" data-e-type=\"widget\" data-widget_type=\"post-info.default\">\n\t\t\t\t<div class=\"elementor-widget-container\">\n\t\t\t\t\t\t\t<ul class=\"elementor-inline-items elementor-icon-list-items elementor-post-info\">\n\t\t\t\t\t\t\t\t<li class=\"elementor-icon-list-item elementor-repeater-item-3f53913 elementor-inline-item\" itemprop=\"datePublished\">\n\t\t\t\t\t\t\t\t\t\t\t\t\t<span class=\"elementor-icon-list-text elementor-post-info__item elementor-post-info__item--type-date\">\n\t\t\t\t\t\t\t\t\t\t<time>August 1, 2023<\/time>\t\t\t\t\t<\/span>\n\t\t\t\t\t\t\t\t<\/li>\n\t\t\t\t<\/ul>\n\t\t\t\t\t\t<\/div>\n\t\t\t\t<\/div>\n\t\t\t\t<div data-dce-title-color=\"#555555\" class=\"elementor-element elementor-element-be7483d elementor-widget elementor-widget-theme-post-title elementor-page-title elementor-widget-heading\" data-id=\"be7483d\" data-element_type=\"widget\" data-e-type=\"widget\" data-widget_type=\"theme-post-title.default\">\n\t\t\t\t<div class=\"elementor-widget-container\">\n\t\t\t\t\t<h3 class=\"elementor-heading-title elementor-size-default\">Volksmusik mittendrin im Salesianum<\/h3>\t\t\t\t<\/div>\n\t\t\t\t<\/div>\n\t\t\t\t<div data-dce-title-color=\"#555555\" class=\"elementor-element elementor-element-4e6252c elementor-widget elementor-widget-theme-post-excerpt\" data-id=\"4e6252c\" data-element_type=\"widget\" data-e-type=\"widget\" data-widget_type=\"theme-post-excerpt.default\">\n\t\t\t\t<div class=\"elementor-widget-container\">\n\t\t\t\t\t<p>Am Sonntag, 16. Juli 2023 gestaltete die Musikgruppe &#8222;BeGeistert&#8220; aus Lippertshofen im Rahmen der Eichst\u00e4tter Veranstaltung &#8222;Volksmusik mittendrin&#8220; die Sonntagsmesse. Hauptzelebrant war Pater Stefan Weig OSFS.Fotos von der Heiligen Messe findet man &gt;&gt;&gt;hier&#8230;<\/p>\t\t\t\t<\/div>\n\t\t\t\t<\/div>\n\t\t\t\t\t<\/div>\n\t\t\t\t<\/a>\n\t\t\t\t<\/div>\n\t\t\t\t<div data-elementor-type=\"loop-item\" data-elementor-id=\"693\" class=\"elementor elementor-693 e-loop-item e-loop-item-1183 post-1183 post type-post status-publish format-standard has-post-thumbnail hentry category-allgemein\" data-elementor-post-type=\"elementor_library\" data-custom-edit-handle=\"1\">\n\t\t\t<a class=\"elementor-element elementor-element-79d8d6d e-transform e-flex e-con-boxed elementor-invisible e-con e-parent\" data-id=\"79d8d6d\" data-element_type=\"container\" data-e-type=\"container\" data-settings=\"{&quot;animation&quot;:&quot;fadeIn&quot;,&quot;_transform_translateY_effect_hover&quot;:{&quot;unit&quot;:&quot;px&quot;,&quot;size&quot;:&quot;-5&quot;,&quot;sizes&quot;:[]},&quot;_transform_translateX_effect_hover&quot;:{&quot;unit&quot;:&quot;px&quot;,&quot;size&quot;:&quot;&quot;,&quot;sizes&quot;:[]},&quot;_transform_translateX_effect_hover_tablet&quot;:{&quot;unit&quot;:&quot;px&quot;,&quot;size&quot;:&quot;&quot;,&quot;sizes&quot;:[]},&quot;_transform_translateX_effect_hover_mobile&quot;:{&quot;unit&quot;:&quot;px&quot;,&quot;size&quot;:&quot;&quot;,&quot;sizes&quot;:[]},&quot;_transform_translateY_effect_hover_tablet&quot;:{&quot;unit&quot;:&quot;px&quot;,&quot;size&quot;:&quot;&quot;,&quot;sizes&quot;:[]},&quot;_transform_translateY_effect_hover_mobile&quot;:{&quot;unit&quot;:&quot;px&quot;,&quot;size&quot;:&quot;&quot;,&quot;sizes&quot;:[]}}\" href=\"https:\/\/www.osfs.eu\/salesianum-rosental\/diakon-markus-siefermann-osfs-verstorben\/\">\n\t\t\t\t\t<div class=\"e-con-inner\">\n\t\t\t\t<div class=\"elementor-element elementor-element-c5cdfba elementor-widget elementor-widget-theme-post-featured-image elementor-widget-image\" data-id=\"c5cdfba\" data-element_type=\"widget\" data-e-type=\"widget\" data-widget_type=\"theme-post-featured-image.default\">\n\t\t\t\t<div class=\"elementor-widget-container\">\n\t\t\t\t\t\t\t\t\t\t\t\t\t\t\t<img loading=\"lazy\" decoding=\"async\" width=\"1525\" height=\"1060\" src=\"https:\/\/www.osfs.eu\/salesianum-rosental\/wp-content\/uploads\/sites\/8\/2023\/08\/siefermann_markus_kleiner.jpg\" class=\"attachment-2048x2048 size-2048x2048 wp-image-1194\" alt=\"\" srcset=\"https:\/\/www.osfs.eu\/salesianum-rosental\/wp-content\/uploads\/sites\/8\/2023\/08\/siefermann_markus_kleiner.jpg 1525w, https:\/\/www.osfs.eu\/salesianum-rosental\/wp-content\/uploads\/sites\/8\/2023\/08\/siefermann_markus_kleiner-300x209.jpg 300w, https:\/\/www.osfs.eu\/salesianum-rosental\/wp-content\/uploads\/sites\/8\/2023\/08\/siefermann_markus_kleiner-1024x712.jpg 1024w, https:\/\/www.osfs.eu\/salesianum-rosental\/wp-content\/uploads\/sites\/8\/2023\/08\/siefermann_markus_kleiner-768x534.jpg 768w\" sizes=\"(max-width: 1525px) 100vw, 1525px\" \/>\t\t\t\t\t\t\t\t\t\t\t\t\t\t\t<\/div>\n\t\t\t\t<\/div>\n\t\t\t\t<div data-dce-text-color=\"#A3A3A3\" class=\"elementor-element elementor-element-906bdc5 elementor-widget elementor-widget-post-info\" data-id=\"906bdc5\" data-element_type=\"widget\" data-e-type=\"widget\" data-widget_type=\"post-info.default\">\n\t\t\t\t<div class=\"elementor-widget-container\">\n\t\t\t\t\t\t\t<ul class=\"elementor-inline-items elementor-icon-list-items elementor-post-info\">\n\t\t\t\t\t\t\t\t<li class=\"elementor-icon-list-item elementor-repeater-item-3f53913 elementor-inline-item\" itemprop=\"datePublished\">\n\t\t\t\t\t\t\t\t\t\t\t\t\t<span class=\"elementor-icon-list-text elementor-post-info__item elementor-post-info__item--type-date\">\n\t\t\t\t\t\t\t\t\t\t<time>August 1, 2023<\/time>\t\t\t\t\t<\/span>\n\t\t\t\t\t\t\t\t<\/li>\n\t\t\t\t<\/ul>\n\t\t\t\t\t\t<\/div>\n\t\t\t\t<\/div>\n\t\t\t\t<div data-dce-title-color=\"#555555\" class=\"elementor-element elementor-element-be7483d elementor-widget elementor-widget-theme-post-title elementor-page-title elementor-widget-heading\" data-id=\"be7483d\" data-element_type=\"widget\" data-e-type=\"widget\" data-widget_type=\"theme-post-title.default\">\n\t\t\t\t<div class=\"elementor-widget-container\">\n\t\t\t\t\t<h3 class=\"elementor-heading-title elementor-size-default\">Diakon Markus Siefermann OSFS verstorben<\/h3>\t\t\t\t<\/div>\n\t\t\t\t<\/div>\n\t\t\t\t<div data-dce-title-color=\"#555555\" class=\"elementor-element elementor-element-4e6252c elementor-widget elementor-widget-theme-post-excerpt\" data-id=\"4e6252c\" data-element_type=\"widget\" data-e-type=\"widget\" data-widget_type=\"theme-post-excerpt.default\">\n\t\t\t\t<div class=\"elementor-widget-container\">\n\t\t\t\t\t<p>Am&nbsp;Sonntag, 2. Juli 2023, verstarb unser Mitbruder Diakon Markus Siefermann OSFS im Klinikum in Ingolstadt, Bayern, im 80. Lebensjahr, im 60. Professjahr und im 49. Jahr seines Diakonats.&gt;&gt;&gt;mehr&#8230; Die Beerdigung fand am 7. Juli 2023 auf dem Ordensfriedhof im Rosental (85072 Eichst\u00e4tt) statt. Im Anschluss daran wurde das Requiem in der Kapelle des Salesianums Rosental [&hellip;]<\/p>\t\t\t\t<\/div>\n\t\t\t\t<\/div>\n\t\t\t\t\t<\/div>\n\t\t\t\t<\/a>\n\t\t\t\t<\/div>\n\t\t\t\t<div data-elementor-type=\"loop-item\" data-elementor-id=\"693\" class=\"elementor elementor-693 e-loop-item e-loop-item-1176 post-1176 post type-post status-publish format-standard has-post-thumbnail hentry category-allgemein\" data-elementor-post-type=\"elementor_library\" data-custom-edit-handle=\"1\">\n\t\t\t<a class=\"elementor-element elementor-element-79d8d6d e-transform e-flex e-con-boxed elementor-invisible e-con e-parent\" data-id=\"79d8d6d\" data-element_type=\"container\" data-e-type=\"container\" data-settings=\"{&quot;animation&quot;:&quot;fadeIn&quot;,&quot;_transform_translateY_effect_hover&quot;:{&quot;unit&quot;:&quot;px&quot;,&quot;size&quot;:&quot;-5&quot;,&quot;sizes&quot;:[]},&quot;_transform_translateX_effect_hover&quot;:{&quot;unit&quot;:&quot;px&quot;,&quot;size&quot;:&quot;&quot;,&quot;sizes&quot;:[]},&quot;_transform_translateX_effect_hover_tablet&quot;:{&quot;unit&quot;:&quot;px&quot;,&quot;size&quot;:&quot;&quot;,&quot;sizes&quot;:[]},&quot;_transform_translateX_effect_hover_mobile&quot;:{&quot;unit&quot;:&quot;px&quot;,&quot;size&quot;:&quot;&quot;,&quot;sizes&quot;:[]},&quot;_transform_translateY_effect_hover_tablet&quot;:{&quot;unit&quot;:&quot;px&quot;,&quot;size&quot;:&quot;&quot;,&quot;sizes&quot;:[]},&quot;_transform_translateY_effect_hover_mobile&quot;:{&quot;unit&quot;:&quot;px&quot;,&quot;size&quot;:&quot;&quot;,&quot;sizes&quot;:[]}}\" href=\"https:\/\/www.osfs.eu\/salesianum-rosental\/fest-der-begegnung-mit-firmung\/\">\n\t\t\t\t\t<div class=\"e-con-inner\">\n\t\t\t\t<div class=\"elementor-element elementor-element-c5cdfba elementor-widget elementor-widget-theme-post-featured-image elementor-widget-image\" data-id=\"c5cdfba\" data-element_type=\"widget\" data-e-type=\"widget\" data-widget_type=\"theme-post-featured-image.default\">\n\t\t\t\t<div class=\"elementor-widget-container\">\n\t\t\t\t\t\t\t\t\t\t\t\t\t\t\t<img loading=\"lazy\" decoding=\"async\" width=\"1000\" height=\"563\" src=\"https:\/\/www.osfs.eu\/salesianum-rosental\/wp-content\/uploads\/sites\/8\/2023\/08\/rosental_festderbegegnungmitfirmung_2023-06-25_05.jpeg\" class=\"attachment-2048x2048 size-2048x2048 wp-image-1178\" alt=\"\" srcset=\"https:\/\/www.osfs.eu\/salesianum-rosental\/wp-content\/uploads\/sites\/8\/2023\/08\/rosental_festderbegegnungmitfirmung_2023-06-25_05.jpeg 1000w, https:\/\/www.osfs.eu\/salesianum-rosental\/wp-content\/uploads\/sites\/8\/2023\/08\/rosental_festderbegegnungmitfirmung_2023-06-25_05-300x169.jpeg 300w, https:\/\/www.osfs.eu\/salesianum-rosental\/wp-content\/uploads\/sites\/8\/2023\/08\/rosental_festderbegegnungmitfirmung_2023-06-25_05-768x432.jpeg 768w\" sizes=\"(max-width: 1000px) 100vw, 1000px\" \/>\t\t\t\t\t\t\t\t\t\t\t\t\t\t\t<\/div>\n\t\t\t\t<\/div>\n\t\t\t\t<div data-dce-text-color=\"#A3A3A3\" class=\"elementor-element elementor-element-906bdc5 elementor-widget elementor-widget-post-info\" data-id=\"906bdc5\" data-element_type=\"widget\" data-e-type=\"widget\" data-widget_type=\"post-info.default\">\n\t\t\t\t<div class=\"elementor-widget-container\">\n\t\t\t\t\t\t\t<ul class=\"elementor-inline-items elementor-icon-list-items elementor-post-info\">\n\t\t\t\t\t\t\t\t<li class=\"elementor-icon-list-item elementor-repeater-item-3f53913 elementor-inline-item\" itemprop=\"datePublished\">\n\t\t\t\t\t\t\t\t\t\t\t\t\t<span class=\"elementor-icon-list-text elementor-post-info__item elementor-post-info__item--type-date\">\n\t\t\t\t\t\t\t\t\t\t<time>Juni 25, 2023<\/time>\t\t\t\t\t<\/span>\n\t\t\t\t\t\t\t\t<\/li>\n\t\t\t\t<\/ul>\n\t\t\t\t\t\t<\/div>\n\t\t\t\t<\/div>\n\t\t\t\t<div data-dce-title-color=\"#555555\" class=\"elementor-element elementor-element-be7483d elementor-widget elementor-widget-theme-post-title elementor-page-title elementor-widget-heading\" data-id=\"be7483d\" data-element_type=\"widget\" data-e-type=\"widget\" data-widget_type=\"theme-post-title.default\">\n\t\t\t\t<div class=\"elementor-widget-container\">\n\t\t\t\t\t<h3 class=\"elementor-heading-title elementor-size-default\">Fest der Begegnung mit Firmung<\/h3>\t\t\t\t<\/div>\n\t\t\t\t<\/div>\n\t\t\t\t<div data-dce-title-color=\"#555555\" class=\"elementor-element elementor-element-4e6252c elementor-widget elementor-widget-theme-post-excerpt\" data-id=\"4e6252c\" data-element_type=\"widget\" data-e-type=\"widget\" data-widget_type=\"theme-post-excerpt.default\">\n\t\t\t\t<div class=\"elementor-widget-container\">\n\t\t\t\t\t<p>Am&nbsp;Sonntag, 25. Juni 2023&nbsp;fand im Salesianum das Feste der Begegnung gemeinsam mit einer Firmung statt. Firmspender war Weihbischof Adolf Bittschi aus Bolivien. Musikalisch gestaltet wurde der Gottesdienst von Cantabile unter der Leitung von Helmut Enzenberger. Im Anschluss an die Festmesse gab es eine Agape. Fotos&nbsp;von der Feier findet man&nbsp;&gt;&gt;&gt;hier&#8230;<\/p>\t\t\t\t<\/div>\n\t\t\t\t<\/div>\n\t\t\t\t\t<\/div>\n\t\t\t\t<\/a>\n\t\t\t\t<\/div>\n\t\t\t\t<div data-elementor-type=\"loop-item\" data-elementor-id=\"693\" class=\"elementor elementor-693 e-loop-item e-loop-item-1085 post-1085 post type-post status-publish format-standard has-post-thumbnail hentry category-allgemein\" data-elementor-post-type=\"elementor_library\" data-custom-edit-handle=\"1\">\n\t\t\t<a class=\"elementor-element elementor-element-79d8d6d e-transform e-flex e-con-boxed elementor-invisible e-con e-parent\" data-id=\"79d8d6d\" data-element_type=\"container\" data-e-type=\"container\" data-settings=\"{&quot;animation&quot;:&quot;fadeIn&quot;,&quot;_transform_translateY_effect_hover&quot;:{&quot;unit&quot;:&quot;px&quot;,&quot;size&quot;:&quot;-5&quot;,&quot;sizes&quot;:[]},&quot;_transform_translateX_effect_hover&quot;:{&quot;unit&quot;:&quot;px&quot;,&quot;size&quot;:&quot;&quot;,&quot;sizes&quot;:[]},&quot;_transform_translateX_effect_hover_tablet&quot;:{&quot;unit&quot;:&quot;px&quot;,&quot;size&quot;:&quot;&quot;,&quot;sizes&quot;:[]},&quot;_transform_translateX_effect_hover_mobile&quot;:{&quot;unit&quot;:&quot;px&quot;,&quot;size&quot;:&quot;&quot;,&quot;sizes&quot;:[]},&quot;_transform_translateY_effect_hover_tablet&quot;:{&quot;unit&quot;:&quot;px&quot;,&quot;size&quot;:&quot;&quot;,&quot;sizes&quot;:[]},&quot;_transform_translateY_effect_hover_mobile&quot;:{&quot;unit&quot;:&quot;px&quot;,&quot;size&quot;:&quot;&quot;,&quot;sizes&quot;:[]}}\" href=\"https:\/\/www.osfs.eu\/salesianum-rosental\/pater-franz-peer-verstorben\/\">\n\t\t\t\t\t<div class=\"e-con-inner\">\n\t\t\t\t<div class=\"elementor-element elementor-element-c5cdfba elementor-widget elementor-widget-theme-post-featured-image elementor-widget-image\" data-id=\"c5cdfba\" data-element_type=\"widget\" data-e-type=\"widget\" data-widget_type=\"theme-post-featured-image.default\">\n\t\t\t\t<div class=\"elementor-widget-container\">\n\t\t\t\t\t\t\t\t\t\t\t\t\t\t\t<img loading=\"lazy\" decoding=\"async\" width=\"1920\" height=\"1280\" src=\"https:\/\/www.osfs.eu\/salesianum-rosental\/wp-content\/uploads\/sites\/8\/2023\/06\/peer_franz_02.jpg\" class=\"attachment-2048x2048 size-2048x2048 wp-image-1086\" alt=\"\" srcset=\"https:\/\/www.osfs.eu\/salesianum-rosental\/wp-content\/uploads\/sites\/8\/2023\/06\/peer_franz_02.jpg 1920w, https:\/\/www.osfs.eu\/salesianum-rosental\/wp-content\/uploads\/sites\/8\/2023\/06\/peer_franz_02-300x200.jpg 300w, https:\/\/www.osfs.eu\/salesianum-rosental\/wp-content\/uploads\/sites\/8\/2023\/06\/peer_franz_02-1024x683.jpg 1024w, https:\/\/www.osfs.eu\/salesianum-rosental\/wp-content\/uploads\/sites\/8\/2023\/06\/peer_franz_02-768x512.jpg 768w, https:\/\/www.osfs.eu\/salesianum-rosental\/wp-content\/uploads\/sites\/8\/2023\/06\/peer_franz_02-1536x1024.jpg 1536w\" sizes=\"(max-width: 1920px) 100vw, 1920px\" \/>\t\t\t\t\t\t\t\t\t\t\t\t\t\t\t<\/div>\n\t\t\t\t<\/div>\n\t\t\t\t<div data-dce-text-color=\"#A3A3A3\" class=\"elementor-element elementor-element-906bdc5 elementor-widget elementor-widget-post-info\" data-id=\"906bdc5\" data-element_type=\"widget\" data-e-type=\"widget\" data-widget_type=\"post-info.default\">\n\t\t\t\t<div class=\"elementor-widget-container\">\n\t\t\t\t\t\t\t<ul class=\"elementor-inline-items elementor-icon-list-items elementor-post-info\">\n\t\t\t\t\t\t\t\t<li class=\"elementor-icon-list-item elementor-repeater-item-3f53913 elementor-inline-item\" itemprop=\"datePublished\">\n\t\t\t\t\t\t\t\t\t\t\t\t\t<span class=\"elementor-icon-list-text elementor-post-info__item elementor-post-info__item--type-date\">\n\t\t\t\t\t\t\t\t\t\t<time>Juni 2, 2023<\/time>\t\t\t\t\t<\/span>\n\t\t\t\t\t\t\t\t<\/li>\n\t\t\t\t<\/ul>\n\t\t\t\t\t\t<\/div>\n\t\t\t\t<\/div>\n\t\t\t\t<div data-dce-title-color=\"#555555\" class=\"elementor-element elementor-element-be7483d elementor-widget elementor-widget-theme-post-title elementor-page-title elementor-widget-heading\" data-id=\"be7483d\" data-element_type=\"widget\" data-e-type=\"widget\" data-widget_type=\"theme-post-title.default\">\n\t\t\t\t<div class=\"elementor-widget-container\">\n\t\t\t\t\t<h3 class=\"elementor-heading-title elementor-size-default\">Pater Franz Peer verstorben<\/h3>\t\t\t\t<\/div>\n\t\t\t\t<\/div>\n\t\t\t\t<div data-dce-title-color=\"#555555\" class=\"elementor-element elementor-element-4e6252c elementor-widget elementor-widget-theme-post-excerpt\" data-id=\"4e6252c\" data-element_type=\"widget\" data-e-type=\"widget\" data-widget_type=\"theme-post-excerpt.default\">\n\t\t\t\t<div class=\"elementor-widget-container\">\n\t\t\t\t\tAm Donnerstag, 1. Juni 2023, verstarb unser Mitbruder Pater Franz Peer in Laab im Walde bei Wien, \u00d6sterreich, im 88. Lebensjahr, im 65. Profess- und 59. Priesterjahr.\t\t\t\t<\/div>\n\t\t\t\t<\/div>\n\t\t\t\t\t<\/div>\n\t\t\t\t<\/a>\n\t\t\t\t<\/div>\n\t\t\t\t<div data-elementor-type=\"loop-item\" data-elementor-id=\"693\" class=\"elementor elementor-693 e-loop-item e-loop-item-564 post-564 post type-post status-publish format-standard has-post-thumbnail hentry category-allgemein\" data-elementor-post-type=\"elementor_library\" data-custom-edit-handle=\"1\">\n\t\t\t<a class=\"elementor-element elementor-element-79d8d6d e-transform e-flex e-con-boxed elementor-invisible e-con e-parent\" data-id=\"79d8d6d\" data-element_type=\"container\" data-e-type=\"container\" data-settings=\"{&quot;animation&quot;:&quot;fadeIn&quot;,&quot;_transform_translateY_effect_hover&quot;:{&quot;unit&quot;:&quot;px&quot;,&quot;size&quot;:&quot;-5&quot;,&quot;sizes&quot;:[]},&quot;_transform_translateX_effect_hover&quot;:{&quot;unit&quot;:&quot;px&quot;,&quot;size&quot;:&quot;&quot;,&quot;sizes&quot;:[]},&quot;_transform_translateX_effect_hover_tablet&quot;:{&quot;unit&quot;:&quot;px&quot;,&quot;size&quot;:&quot;&quot;,&quot;sizes&quot;:[]},&quot;_transform_translateX_effect_hover_mobile&quot;:{&quot;unit&quot;:&quot;px&quot;,&quot;size&quot;:&quot;&quot;,&quot;sizes&quot;:[]},&quot;_transform_translateY_effect_hover_tablet&quot;:{&quot;unit&quot;:&quot;px&quot;,&quot;size&quot;:&quot;&quot;,&quot;sizes&quot;:[]},&quot;_transform_translateY_effect_hover_mobile&quot;:{&quot;unit&quot;:&quot;px&quot;,&quot;size&quot;:&quot;&quot;,&quot;sizes&quot;:[]}}\" href=\"https:\/\/www.osfs.eu\/salesianum-rosental\/messe-fuer-kinder-und-mit-dem-frauenchor-adelschlag\/\">\n\t\t\t\t\t<div class=\"e-con-inner\">\n\t\t\t\t<div class=\"elementor-element elementor-element-c5cdfba elementor-widget elementor-widget-theme-post-featured-image elementor-widget-image\" data-id=\"c5cdfba\" data-element_type=\"widget\" data-e-type=\"widget\" data-widget_type=\"theme-post-featured-image.default\">\n\t\t\t\t<div class=\"elementor-widget-container\">\n\t\t\t\t\t\t\t\t\t\t\t\t\t\t\t<img loading=\"lazy\" decoding=\"async\" width=\"1000\" height=\"563\" src=\"https:\/\/www.osfs.eu\/salesianum-rosental\/wp-content\/uploads\/sites\/8\/2023\/05\/rosental_kindermesse_2023-05-07_02.jpeg\" class=\"attachment-2048x2048 size-2048x2048 wp-image-565\" alt=\"\" srcset=\"https:\/\/www.osfs.eu\/salesianum-rosental\/wp-content\/uploads\/sites\/8\/2023\/05\/rosental_kindermesse_2023-05-07_02.jpeg 1000w, https:\/\/www.osfs.eu\/salesianum-rosental\/wp-content\/uploads\/sites\/8\/2023\/05\/rosental_kindermesse_2023-05-07_02-300x169.jpeg 300w, https:\/\/www.osfs.eu\/salesianum-rosental\/wp-content\/uploads\/sites\/8\/2023\/05\/rosental_kindermesse_2023-05-07_02-768x432.jpeg 768w\" sizes=\"(max-width: 1000px) 100vw, 1000px\" \/>\t\t\t\t\t\t\t\t\t\t\t\t\t\t\t<\/div>\n\t\t\t\t<\/div>\n\t\t\t\t<div data-dce-text-color=\"#A3A3A3\" class=\"elementor-element elementor-element-906bdc5 elementor-widget elementor-widget-post-info\" data-id=\"906bdc5\" data-element_type=\"widget\" data-e-type=\"widget\" data-widget_type=\"post-info.default\">\n\t\t\t\t<div class=\"elementor-widget-container\">\n\t\t\t\t\t\t\t<ul class=\"elementor-inline-items elementor-icon-list-items elementor-post-info\">\n\t\t\t\t\t\t\t\t<li class=\"elementor-icon-list-item elementor-repeater-item-3f53913 elementor-inline-item\" itemprop=\"datePublished\">\n\t\t\t\t\t\t\t\t\t\t\t\t\t<span class=\"elementor-icon-list-text elementor-post-info__item elementor-post-info__item--type-date\">\n\t\t\t\t\t\t\t\t\t\t<time>Mai 16, 2023<\/time>\t\t\t\t\t<\/span>\n\t\t\t\t\t\t\t\t<\/li>\n\t\t\t\t<\/ul>\n\t\t\t\t\t\t<\/div>\n\t\t\t\t<\/div>\n\t\t\t\t<div data-dce-title-color=\"#555555\" class=\"elementor-element elementor-element-be7483d elementor-widget elementor-widget-theme-post-title elementor-page-title elementor-widget-heading\" data-id=\"be7483d\" data-element_type=\"widget\" data-e-type=\"widget\" data-widget_type=\"theme-post-title.default\">\n\t\t\t\t<div class=\"elementor-widget-container\">\n\t\t\t\t\t<h3 class=\"elementor-heading-title elementor-size-default\">Messe f\u00fcr Kinder und mit dem Frauenchor Adelschlag<\/h3>\t\t\t\t<\/div>\n\t\t\t\t<\/div>\n\t\t\t\t<div data-dce-title-color=\"#555555\" class=\"elementor-element elementor-element-4e6252c elementor-widget elementor-widget-theme-post-excerpt\" data-id=\"4e6252c\" data-element_type=\"widget\" data-e-type=\"widget\" data-widget_type=\"theme-post-excerpt.default\">\n\t\t\t\t<div class=\"elementor-widget-container\">\n\t\t\t\t\t<p>Am&nbsp;Sonntag, 5. Mai 2023&nbsp;wurde im Salesianum die Sonntagsmesse besonders f\u00fcr Kinder gestaltet. Hauptzelebrant war Pater Josef Prinz OSFS. Die musikalische Gestaltung \u00fcbernahm der Frauenchor Adelschlag.<\/p>\t\t\t\t<\/div>\n\t\t\t\t<\/div>\n\t\t\t\t\t<\/div>\n\t\t\t\t<\/a>\n\t\t\t\t<\/div>\n\t\t\t\t<div data-elementor-type=\"loop-item\" data-elementor-id=\"693\" class=\"elementor elementor-693 e-loop-item e-loop-item-32 post-32 post type-post status-publish format-standard has-post-thumbnail hentry category-allgemein\" data-elementor-post-type=\"elementor_library\" data-custom-edit-handle=\"1\">\n\t\t\t<a class=\"elementor-element elementor-element-79d8d6d e-transform e-flex e-con-boxed elementor-invisible e-con e-parent\" data-id=\"79d8d6d\" data-element_type=\"container\" data-e-type=\"container\" data-settings=\"{&quot;animation&quot;:&quot;fadeIn&quot;,&quot;_transform_translateY_effect_hover&quot;:{&quot;unit&quot;:&quot;px&quot;,&quot;size&quot;:&quot;-5&quot;,&quot;sizes&quot;:[]},&quot;_transform_translateX_effect_hover&quot;:{&quot;unit&quot;:&quot;px&quot;,&quot;size&quot;:&quot;&quot;,&quot;sizes&quot;:[]},&quot;_transform_translateX_effect_hover_tablet&quot;:{&quot;unit&quot;:&quot;px&quot;,&quot;size&quot;:&quot;&quot;,&quot;sizes&quot;:[]},&quot;_transform_translateX_effect_hover_mobile&quot;:{&quot;unit&quot;:&quot;px&quot;,&quot;size&quot;:&quot;&quot;,&quot;sizes&quot;:[]},&quot;_transform_translateY_effect_hover_tablet&quot;:{&quot;unit&quot;:&quot;px&quot;,&quot;size&quot;:&quot;&quot;,&quot;sizes&quot;:[]},&quot;_transform_translateY_effect_hover_mobile&quot;:{&quot;unit&quot;:&quot;px&quot;,&quot;size&quot;:&quot;&quot;,&quot;sizes&quot;:[]}}\" href=\"https:\/\/www.osfs.eu\/salesianum-rosental\/die-feier-der-osternacht\/\">\n\t\t\t\t\t<div class=\"e-con-inner\">\n\t\t\t\t<div class=\"elementor-element elementor-element-c5cdfba elementor-widget elementor-widget-theme-post-featured-image elementor-widget-image\" data-id=\"c5cdfba\" data-element_type=\"widget\" data-e-type=\"widget\" data-widget_type=\"theme-post-featured-image.default\">\n\t\t\t\t<div class=\"elementor-widget-container\">\n\t\t\t\t\t\t\t\t\t\t\t\t\t\t\t<img loading=\"lazy\" decoding=\"async\" width=\"1600\" height=\"900\" src=\"https:\/\/www.osfs.eu\/salesianum-rosental\/wp-content\/uploads\/sites\/8\/2023\/04\/rosental-osternacht_2023-04-08_03.jpeg\" class=\"attachment-2048x2048 size-2048x2048 wp-image-33\" alt=\"\" srcset=\"https:\/\/www.osfs.eu\/salesianum-rosental\/wp-content\/uploads\/sites\/8\/2023\/04\/rosental-osternacht_2023-04-08_03.jpeg 1600w, https:\/\/www.osfs.eu\/salesianum-rosental\/wp-content\/uploads\/sites\/8\/2023\/04\/rosental-osternacht_2023-04-08_03-300x169.jpeg 300w, https:\/\/www.osfs.eu\/salesianum-rosental\/wp-content\/uploads\/sites\/8\/2023\/04\/rosental-osternacht_2023-04-08_03-1024x576.jpeg 1024w, https:\/\/www.osfs.eu\/salesianum-rosental\/wp-content\/uploads\/sites\/8\/2023\/04\/rosental-osternacht_2023-04-08_03-768x432.jpeg 768w, https:\/\/www.osfs.eu\/salesianum-rosental\/wp-content\/uploads\/sites\/8\/2023\/04\/rosental-osternacht_2023-04-08_03-1536x864.jpeg 1536w\" sizes=\"(max-width: 1600px) 100vw, 1600px\" \/>\t\t\t\t\t\t\t\t\t\t\t\t\t\t\t<\/div>\n\t\t\t\t<\/div>\n\t\t\t\t<div data-dce-text-color=\"#A3A3A3\" class=\"elementor-element elementor-element-906bdc5 elementor-widget elementor-widget-post-info\" data-id=\"906bdc5\" data-element_type=\"widget\" data-e-type=\"widget\" data-widget_type=\"post-info.default\">\n\t\t\t\t<div class=\"elementor-widget-container\">\n\t\t\t\t\t\t\t<ul class=\"elementor-inline-items elementor-icon-list-items elementor-post-info\">\n\t\t\t\t\t\t\t\t<li class=\"elementor-icon-list-item elementor-repeater-item-3f53913 elementor-inline-item\" itemprop=\"datePublished\">\n\t\t\t\t\t\t\t\t\t\t\t\t\t<span class=\"elementor-icon-list-text elementor-post-info__item elementor-post-info__item--type-date\">\n\t\t\t\t\t\t\t\t\t\t<time>April 22, 2023<\/time>\t\t\t\t\t<\/span>\n\t\t\t\t\t\t\t\t<\/li>\n\t\t\t\t<\/ul>\n\t\t\t\t\t\t<\/div>\n\t\t\t\t<\/div>\n\t\t\t\t<div data-dce-title-color=\"#555555\" class=\"elementor-element elementor-element-be7483d elementor-widget elementor-widget-theme-post-title elementor-page-title elementor-widget-heading\" data-id=\"be7483d\" data-element_type=\"widget\" data-e-type=\"widget\" data-widget_type=\"theme-post-title.default\">\n\t\t\t\t<div class=\"elementor-widget-container\">\n\t\t\t\t\t<h3 class=\"elementor-heading-title elementor-size-default\">Die Feier der Osternacht<\/h3>\t\t\t\t<\/div>\n\t\t\t\t<\/div>\n\t\t\t\t<div data-dce-title-color=\"#555555\" class=\"elementor-element elementor-element-4e6252c elementor-widget elementor-widget-theme-post-excerpt\" data-id=\"4e6252c\" data-element_type=\"widget\" data-e-type=\"widget\" data-widget_type=\"theme-post-excerpt.default\">\n\t\t\t\t<div class=\"elementor-widget-container\">\n\t\t\t\t\tAm Samstag, 8. April 2023 wurde im Salesianum die Osternacht gefeiert. Hauptzelebrant war Pater Josef Prinz OSFS.\t\t\t\t<\/div>\n\t\t\t\t<\/div>\n\t\t\t\t\t<\/div>\n\t\t\t\t<\/a>\n\t\t\t\t<\/div>\n\t\t\t\t<div data-elementor-type=\"loop-item\" data-elementor-id=\"693\" class=\"elementor elementor-693 e-loop-item e-loop-item-189 post-189 post type-post status-publish format-standard has-post-thumbnail hentry category-allgemein\" data-elementor-post-type=\"elementor_library\" data-custom-edit-handle=\"1\">\n\t\t\t<a class=\"elementor-element elementor-element-79d8d6d e-transform e-flex e-con-boxed elementor-invisible e-con e-parent\" data-id=\"79d8d6d\" data-element_type=\"container\" data-e-type=\"container\" data-settings=\"{&quot;animation&quot;:&quot;fadeIn&quot;,&quot;_transform_translateY_effect_hover&quot;:{&quot;unit&quot;:&quot;px&quot;,&quot;size&quot;:&quot;-5&quot;,&quot;sizes&quot;:[]},&quot;_transform_translateX_effect_hover&quot;:{&quot;unit&quot;:&quot;px&quot;,&quot;size&quot;:&quot;&quot;,&quot;sizes&quot;:[]},&quot;_transform_translateX_effect_hover_tablet&quot;:{&quot;unit&quot;:&quot;px&quot;,&quot;size&quot;:&quot;&quot;,&quot;sizes&quot;:[]},&quot;_transform_translateX_effect_hover_mobile&quot;:{&quot;unit&quot;:&quot;px&quot;,&quot;size&quot;:&quot;&quot;,&quot;sizes&quot;:[]},&quot;_transform_translateY_effect_hover_tablet&quot;:{&quot;unit&quot;:&quot;px&quot;,&quot;size&quot;:&quot;&quot;,&quot;sizes&quot;:[]},&quot;_transform_translateY_effect_hover_mobile&quot;:{&quot;unit&quot;:&quot;px&quot;,&quot;size&quot;:&quot;&quot;,&quot;sizes&quot;:[]}}\" href=\"https:\/\/www.osfs.eu\/salesianum-rosental\/die-feier-des-palmsonntags\/\">\n\t\t\t\t\t<div class=\"e-con-inner\">\n\t\t\t\t<div class=\"elementor-element elementor-element-c5cdfba elementor-widget elementor-widget-theme-post-featured-image elementor-widget-image\" data-id=\"c5cdfba\" data-element_type=\"widget\" data-e-type=\"widget\" data-widget_type=\"theme-post-featured-image.default\">\n\t\t\t\t<div class=\"elementor-widget-container\">\n\t\t\t\t\t\t\t\t\t\t\t\t\t\t\t<img loading=\"lazy\" decoding=\"async\" width=\"1000\" height=\"563\" src=\"https:\/\/www.osfs.eu\/salesianum-rosental\/wp-content\/uploads\/sites\/8\/2023\/04\/rosental_palmsonntag_2023-04-02_03.jpeg\" class=\"attachment-2048x2048 size-2048x2048 wp-image-195\" alt=\"\" srcset=\"https:\/\/www.osfs.eu\/salesianum-rosental\/wp-content\/uploads\/sites\/8\/2023\/04\/rosental_palmsonntag_2023-04-02_03.jpeg 1000w, https:\/\/www.osfs.eu\/salesianum-rosental\/wp-content\/uploads\/sites\/8\/2023\/04\/rosental_palmsonntag_2023-04-02_03-300x169.jpeg 300w, https:\/\/www.osfs.eu\/salesianum-rosental\/wp-content\/uploads\/sites\/8\/2023\/04\/rosental_palmsonntag_2023-04-02_03-768x432.jpeg 768w\" sizes=\"(max-width: 1000px) 100vw, 1000px\" \/>\t\t\t\t\t\t\t\t\t\t\t\t\t\t\t<\/div>\n\t\t\t\t<\/div>\n\t\t\t\t<div data-dce-text-color=\"#A3A3A3\" class=\"elementor-element elementor-element-906bdc5 elementor-widget elementor-widget-post-info\" data-id=\"906bdc5\" data-element_type=\"widget\" data-e-type=\"widget\" data-widget_type=\"post-info.default\">\n\t\t\t\t<div class=\"elementor-widget-container\">\n\t\t\t\t\t\t\t<ul class=\"elementor-inline-items elementor-icon-list-items elementor-post-info\">\n\t\t\t\t\t\t\t\t<li class=\"elementor-icon-list-item elementor-repeater-item-3f53913 elementor-inline-item\" itemprop=\"datePublished\">\n\t\t\t\t\t\t\t\t\t\t\t\t\t<span class=\"elementor-icon-list-text elementor-post-info__item elementor-post-info__item--type-date\">\n\t\t\t\t\t\t\t\t\t\t<time>April 8, 2023<\/time>\t\t\t\t\t<\/span>\n\t\t\t\t\t\t\t\t<\/li>\n\t\t\t\t<\/ul>\n\t\t\t\t\t\t<\/div>\n\t\t\t\t<\/div>\n\t\t\t\t<div data-dce-title-color=\"#555555\" class=\"elementor-element elementor-element-be7483d elementor-widget elementor-widget-theme-post-title elementor-page-title elementor-widget-heading\" data-id=\"be7483d\" data-element_type=\"widget\" data-e-type=\"widget\" data-widget_type=\"theme-post-title.default\">\n\t\t\t\t<div class=\"elementor-widget-container\">\n\t\t\t\t\t<h3 class=\"elementor-heading-title elementor-size-default\">Die Feier des Palmsonntags<\/h3>\t\t\t\t<\/div>\n\t\t\t\t<\/div>\n\t\t\t\t<div data-dce-title-color=\"#555555\" class=\"elementor-element elementor-element-4e6252c elementor-widget elementor-widget-theme-post-excerpt\" data-id=\"4e6252c\" data-element_type=\"widget\" data-e-type=\"widget\" data-widget_type=\"theme-post-excerpt.default\">\n\t\t\t\t<div class=\"elementor-widget-container\">\n\t\t\t\t\t<p>Am Sonntag, 2. April 2023 wurde im Salesianum der Palmsonntag gefeiert. Die Segnung der Palmzweige fand im Innenhof statt. Hauptzelebrant war Pater Josef Prinz OSFS.Fotos von der Feier findet man hier<\/p>\t\t\t\t<\/div>\n\t\t\t\t<\/div>\n\t\t\t\t\t<\/div>\n\t\t\t\t<\/a>\n\t\t\t\t<\/div>\n\t\t\t\t<div data-elementor-type=\"loop-item\" data-elementor-id=\"693\" class=\"elementor elementor-693 e-loop-item e-loop-item-196 post-196 post type-post status-publish format-standard has-post-thumbnail hentry category-allgemein\" data-elementor-post-type=\"elementor_library\" data-custom-edit-handle=\"1\">\n\t\t\t<a class=\"elementor-element elementor-element-79d8d6d e-transform e-flex e-con-boxed elementor-invisible e-con e-parent\" data-id=\"79d8d6d\" data-element_type=\"container\" data-e-type=\"container\" data-settings=\"{&quot;animation&quot;:&quot;fadeIn&quot;,&quot;_transform_translateY_effect_hover&quot;:{&quot;unit&quot;:&quot;px&quot;,&quot;size&quot;:&quot;-5&quot;,&quot;sizes&quot;:[]},&quot;_transform_translateX_effect_hover&quot;:{&quot;unit&quot;:&quot;px&quot;,&quot;size&quot;:&quot;&quot;,&quot;sizes&quot;:[]},&quot;_transform_translateX_effect_hover_tablet&quot;:{&quot;unit&quot;:&quot;px&quot;,&quot;size&quot;:&quot;&quot;,&quot;sizes&quot;:[]},&quot;_transform_translateX_effect_hover_mobile&quot;:{&quot;unit&quot;:&quot;px&quot;,&quot;size&quot;:&quot;&quot;,&quot;sizes&quot;:[]},&quot;_transform_translateY_effect_hover_tablet&quot;:{&quot;unit&quot;:&quot;px&quot;,&quot;size&quot;:&quot;&quot;,&quot;sizes&quot;:[]},&quot;_transform_translateY_effect_hover_mobile&quot;:{&quot;unit&quot;:&quot;px&quot;,&quot;size&quot;:&quot;&quot;,&quot;sizes&quot;:[]}}\" href=\"https:\/\/www.osfs.eu\/salesianum-rosental\/professjubilaeum-von-p-hans-junker-osfs\/\">\n\t\t\t\t\t<div class=\"e-con-inner\">\n\t\t\t\t<div class=\"elementor-element elementor-element-c5cdfba elementor-widget elementor-widget-theme-post-featured-image elementor-widget-image\" data-id=\"c5cdfba\" data-element_type=\"widget\" data-e-type=\"widget\" data-widget_type=\"theme-post-featured-image.default\">\n\t\t\t\t<div class=\"elementor-widget-container\">\n\t\t\t\t\t\t\t\t\t\t\t\t\t\t\t<img loading=\"lazy\" decoding=\"async\" width=\"1000\" height=\"563\" src=\"https:\/\/www.osfs.eu\/salesianum-rosental\/wp-content\/uploads\/sites\/8\/2023\/05\/60-profess-p-hans-junker_salesianum_18-03-2023_03.jpeg\" class=\"attachment-2048x2048 size-2048x2048 wp-image-190\" alt=\"\" srcset=\"https:\/\/www.osfs.eu\/salesianum-rosental\/wp-content\/uploads\/sites\/8\/2023\/05\/60-profess-p-hans-junker_salesianum_18-03-2023_03.jpeg 1000w, https:\/\/www.osfs.eu\/salesianum-rosental\/wp-content\/uploads\/sites\/8\/2023\/05\/60-profess-p-hans-junker_salesianum_18-03-2023_03-300x169.jpeg 300w, https:\/\/www.osfs.eu\/salesianum-rosental\/wp-content\/uploads\/sites\/8\/2023\/05\/60-profess-p-hans-junker_salesianum_18-03-2023_03-768x432.jpeg 768w\" sizes=\"(max-width: 1000px) 100vw, 1000px\" \/>\t\t\t\t\t\t\t\t\t\t\t\t\t\t\t<\/div>\n\t\t\t\t<\/div>\n\t\t\t\t<div data-dce-text-color=\"#A3A3A3\" class=\"elementor-element elementor-element-906bdc5 elementor-widget elementor-widget-post-info\" data-id=\"906bdc5\" data-element_type=\"widget\" data-e-type=\"widget\" data-widget_type=\"post-info.default\">\n\t\t\t\t<div class=\"elementor-widget-container\">\n\t\t\t\t\t\t\t<ul class=\"elementor-inline-items elementor-icon-list-items elementor-post-info\">\n\t\t\t\t\t\t\t\t<li class=\"elementor-icon-list-item elementor-repeater-item-3f53913 elementor-inline-item\" itemprop=\"datePublished\">\n\t\t\t\t\t\t\t\t\t\t\t\t\t<span class=\"elementor-icon-list-text elementor-post-info__item elementor-post-info__item--type-date\">\n\t\t\t\t\t\t\t\t\t\t<time>M\u00e4rz 18, 2023<\/time>\t\t\t\t\t<\/span>\n\t\t\t\t\t\t\t\t<\/li>\n\t\t\t\t<\/ul>\n\t\t\t\t\t\t<\/div>\n\t\t\t\t<\/div>\n\t\t\t\t<div data-dce-title-color=\"#555555\" class=\"elementor-element elementor-element-be7483d elementor-widget elementor-widget-theme-post-title elementor-page-title elementor-widget-heading\" data-id=\"be7483d\" data-element_type=\"widget\" data-e-type=\"widget\" data-widget_type=\"theme-post-title.default\">\n\t\t\t\t<div class=\"elementor-widget-container\">\n\t\t\t\t\t<h3 class=\"elementor-heading-title elementor-size-default\">Professjubil\u00e4um von P. Hans Junker, OSFS<\/h3>\t\t\t\t<\/div>\n\t\t\t\t<\/div>\n\t\t\t\t<div data-dce-title-color=\"#555555\" class=\"elementor-element elementor-element-4e6252c elementor-widget elementor-widget-theme-post-excerpt\" data-id=\"4e6252c\" data-element_type=\"widget\" data-e-type=\"widget\" data-widget_type=\"theme-post-excerpt.default\">\n\t\t\t\t<div class=\"elementor-widget-container\">\n\t\t\t\t\t<p>Am Samstag, 18. M\u00e4rz 2023 feierte P. Hans Junker OSFS im Salesianum sein 60-j\u00e4hriges Professjubil\u00e4um zusammen mit seinen Mitbr\u00fcdern, Verwandten und Bekannten. Die musikalische Gestaltung der Heiligen Messe, die in der Chorkapelle stattfand, \u00fcbernahm Helmut Enzenberger.Fotos von der Feier findet man hier<\/p>\t\t\t\t<\/div>\n\t\t\t\t<\/div>\n\t\t\t\t\t<\/div>\n\t\t\t\t<\/a>\n\t\t\t\t<\/div>\n\t\t\t\t<div data-elementor-type=\"loop-item\" data-elementor-id=\"693\" class=\"elementor elementor-693 e-loop-item e-loop-item-206 post-206 post type-post status-publish format-standard has-post-thumbnail hentry category-allgemein\" data-elementor-post-type=\"elementor_library\" data-custom-edit-handle=\"1\">\n\t\t\t<a class=\"elementor-element elementor-element-79d8d6d e-transform e-flex e-con-boxed elementor-invisible e-con e-parent\" data-id=\"79d8d6d\" data-element_type=\"container\" data-e-type=\"container\" data-settings=\"{&quot;animation&quot;:&quot;fadeIn&quot;,&quot;_transform_translateY_effect_hover&quot;:{&quot;unit&quot;:&quot;px&quot;,&quot;size&quot;:&quot;-5&quot;,&quot;sizes&quot;:[]},&quot;_transform_translateX_effect_hover&quot;:{&quot;unit&quot;:&quot;px&quot;,&quot;size&quot;:&quot;&quot;,&quot;sizes&quot;:[]},&quot;_transform_translateX_effect_hover_tablet&quot;:{&quot;unit&quot;:&quot;px&quot;,&quot;size&quot;:&quot;&quot;,&quot;sizes&quot;:[]},&quot;_transform_translateX_effect_hover_mobile&quot;:{&quot;unit&quot;:&quot;px&quot;,&quot;size&quot;:&quot;&quot;,&quot;sizes&quot;:[]},&quot;_transform_translateY_effect_hover_tablet&quot;:{&quot;unit&quot;:&quot;px&quot;,&quot;size&quot;:&quot;&quot;,&quot;sizes&quot;:[]},&quot;_transform_translateY_effect_hover_mobile&quot;:{&quot;unit&quot;:&quot;px&quot;,&quot;size&quot;:&quot;&quot;,&quot;sizes&quot;:[]}}\" href=\"https:\/\/www.osfs.eu\/salesianum-rosental\/fastenbesinnung-im-rosental\/\">\n\t\t\t\t\t<div class=\"e-con-inner\">\n\t\t\t\t<div class=\"elementor-element elementor-element-c5cdfba elementor-widget elementor-widget-theme-post-featured-image elementor-widget-image\" data-id=\"c5cdfba\" data-element_type=\"widget\" data-e-type=\"widget\" data-widget_type=\"theme-post-featured-image.default\">\n\t\t\t\t<div class=\"elementor-widget-container\">\n\t\t\t\t\t\t\t\t\t\t\t\t\t\t\t<img loading=\"lazy\" decoding=\"async\" width=\"300\" height=\"188\" src=\"https:\/\/www.osfs.eu\/salesianum-rosental\/wp-content\/uploads\/sites\/8\/2023\/05\/josh-applegate-tq5oNzNU77Y-unsplash.jpg\" class=\"attachment-2048x2048 size-2048x2048 wp-image-207\" alt=\"\" \/>\t\t\t\t\t\t\t\t\t\t\t\t\t\t\t<\/div>\n\t\t\t\t<\/div>\n\t\t\t\t<div data-dce-text-color=\"#A3A3A3\" class=\"elementor-element elementor-element-906bdc5 elementor-widget elementor-widget-post-info\" data-id=\"906bdc5\" data-element_type=\"widget\" data-e-type=\"widget\" data-widget_type=\"post-info.default\">\n\t\t\t\t<div class=\"elementor-widget-container\">\n\t\t\t\t\t\t\t<ul class=\"elementor-inline-items elementor-icon-list-items elementor-post-info\">\n\t\t\t\t\t\t\t\t<li class=\"elementor-icon-list-item elementor-repeater-item-3f53913 elementor-inline-item\" itemprop=\"datePublished\">\n\t\t\t\t\t\t\t\t\t\t\t\t\t<span class=\"elementor-icon-list-text elementor-post-info__item elementor-post-info__item--type-date\">\n\t\t\t\t\t\t\t\t\t\t<time>Februar 28, 2023<\/time>\t\t\t\t\t<\/span>\n\t\t\t\t\t\t\t\t<\/li>\n\t\t\t\t<\/ul>\n\t\t\t\t\t\t<\/div>\n\t\t\t\t<\/div>\n\t\t\t\t<div data-dce-title-color=\"#555555\" class=\"elementor-element elementor-element-be7483d elementor-widget elementor-widget-theme-post-title elementor-page-title elementor-widget-heading\" data-id=\"be7483d\" data-element_type=\"widget\" data-e-type=\"widget\" data-widget_type=\"theme-post-title.default\">\n\t\t\t\t<div class=\"elementor-widget-container\">\n\t\t\t\t\t<h3 class=\"elementor-heading-title elementor-size-default\">Fastenbesinnung im Rosental<\/h3>\t\t\t\t<\/div>\n\t\t\t\t<\/div>\n\t\t\t\t<div data-dce-title-color=\"#555555\" class=\"elementor-element elementor-element-4e6252c elementor-widget elementor-widget-theme-post-excerpt\" data-id=\"4e6252c\" data-element_type=\"widget\" data-e-type=\"widget\" data-widget_type=\"theme-post-excerpt.default\">\n\t\t\t\t<div class=\"elementor-widget-container\">\n\t\t\t\t\t<p>jeweils Mittwoch 19.30 Uhr (30 Minuten) in der Kleinen Kapelle:Gesamtthema: Sorgen, Leiden, N\u00f6te in unserer Zeit01. M\u00e4rz: Naturkatastrophen: Erdbeben: T\u00fcrkei\/Syrien08. M\u00e4rz: Was mich durch Krisenzeiten tr\u00e4gt15. M\u00e4rz: Krieg \/ Ukraine und?&#8230;22. M\u00e4rz: Loslassen auch in Krisenzeiten (Fastentuch?)29. M\u00e4rz: Mit \u00c4ngsten leben m\u00fcssenHerzliche Einladung zu diesen besinnlichen Abendstunden mit der Haltung: \u201esich dem Leid stellen und positive Impulse [&hellip;]<\/p>\t\t\t\t<\/div>\n\t\t\t\t<\/div>\n\t\t\t\t\t<\/div>\n\t\t\t\t<\/a>\n\t\t\t\t<\/div>\n\t\t\t\t<div data-elementor-type=\"loop-item\" data-elementor-id=\"693\" class=\"elementor elementor-693 e-loop-item e-loop-item-213 post-213 post type-post status-publish format-standard has-post-thumbnail hentry category-allgemein\" data-elementor-post-type=\"elementor_library\" data-custom-edit-handle=\"1\">\n\t\t\t<a class=\"elementor-element elementor-element-79d8d6d e-transform e-flex e-con-boxed elementor-invisible e-con e-parent\" data-id=\"79d8d6d\" data-element_type=\"container\" data-e-type=\"container\" data-settings=\"{&quot;animation&quot;:&quot;fadeIn&quot;,&quot;_transform_translateY_effect_hover&quot;:{&quot;unit&quot;:&quot;px&quot;,&quot;size&quot;:&quot;-5&quot;,&quot;sizes&quot;:[]},&quot;_transform_translateX_effect_hover&quot;:{&quot;unit&quot;:&quot;px&quot;,&quot;size&quot;:&quot;&quot;,&quot;sizes&quot;:[]},&quot;_transform_translateX_effect_hover_tablet&quot;:{&quot;unit&quot;:&quot;px&quot;,&quot;size&quot;:&quot;&quot;,&quot;sizes&quot;:[]},&quot;_transform_translateX_effect_hover_mobile&quot;:{&quot;unit&quot;:&quot;px&quot;,&quot;size&quot;:&quot;&quot;,&quot;sizes&quot;:[]},&quot;_transform_translateY_effect_hover_tablet&quot;:{&quot;unit&quot;:&quot;px&quot;,&quot;size&quot;:&quot;&quot;,&quot;sizes&quot;:[]},&quot;_transform_translateY_effect_hover_mobile&quot;:{&quot;unit&quot;:&quot;px&quot;,&quot;size&quot;:&quot;&quot;,&quot;sizes&quot;:[]}}\" href=\"https:\/\/www.osfs.eu\/salesianum-rosental\/schaefflertanz-im-rosental\/\">\n\t\t\t\t\t<div class=\"e-con-inner\">\n\t\t\t\t<div class=\"elementor-element elementor-element-c5cdfba elementor-widget elementor-widget-theme-post-featured-image elementor-widget-image\" data-id=\"c5cdfba\" data-element_type=\"widget\" data-e-type=\"widget\" data-widget_type=\"theme-post-featured-image.default\">\n\t\t\t\t<div class=\"elementor-widget-container\">\n\t\t\t\t\t\t\t\t\t\t\t\t\t\t\t<img loading=\"lazy\" decoding=\"async\" width=\"1000\" height=\"563\" src=\"https:\/\/www.osfs.eu\/salesianum-rosental\/wp-content\/uploads\/sites\/8\/2023\/05\/rosental_schaefflertanz_2023-01-29_08.jpeg\" class=\"attachment-2048x2048 size-2048x2048 wp-image-214\" alt=\"\" srcset=\"https:\/\/www.osfs.eu\/salesianum-rosental\/wp-content\/uploads\/sites\/8\/2023\/05\/rosental_schaefflertanz_2023-01-29_08.jpeg 1000w, https:\/\/www.osfs.eu\/salesianum-rosental\/wp-content\/uploads\/sites\/8\/2023\/05\/rosental_schaefflertanz_2023-01-29_08-300x169.jpeg 300w, https:\/\/www.osfs.eu\/salesianum-rosental\/wp-content\/uploads\/sites\/8\/2023\/05\/rosental_schaefflertanz_2023-01-29_08-768x432.jpeg 768w\" sizes=\"(max-width: 1000px) 100vw, 1000px\" \/>\t\t\t\t\t\t\t\t\t\t\t\t\t\t\t<\/div>\n\t\t\t\t<\/div>\n\t\t\t\t<div data-dce-text-color=\"#A3A3A3\" class=\"elementor-element elementor-element-906bdc5 elementor-widget elementor-widget-post-info\" data-id=\"906bdc5\" data-element_type=\"widget\" data-e-type=\"widget\" data-widget_type=\"post-info.default\">\n\t\t\t\t<div class=\"elementor-widget-container\">\n\t\t\t\t\t\t\t<ul class=\"elementor-inline-items elementor-icon-list-items elementor-post-info\">\n\t\t\t\t\t\t\t\t<li class=\"elementor-icon-list-item elementor-repeater-item-3f53913 elementor-inline-item\" itemprop=\"datePublished\">\n\t\t\t\t\t\t\t\t\t\t\t\t\t<span class=\"elementor-icon-list-text elementor-post-info__item elementor-post-info__item--type-date\">\n\t\t\t\t\t\t\t\t\t\t<time>Januar 29, 2023<\/time>\t\t\t\t\t<\/span>\n\t\t\t\t\t\t\t\t<\/li>\n\t\t\t\t<\/ul>\n\t\t\t\t\t\t<\/div>\n\t\t\t\t<\/div>\n\t\t\t\t<div data-dce-title-color=\"#555555\" class=\"elementor-element elementor-element-be7483d elementor-widget elementor-widget-theme-post-title elementor-page-title elementor-widget-heading\" data-id=\"be7483d\" data-element_type=\"widget\" data-e-type=\"widget\" data-widget_type=\"theme-post-title.default\">\n\t\t\t\t<div class=\"elementor-widget-container\">\n\t\t\t\t\t<h3 class=\"elementor-heading-title elementor-size-default\">Sch\u00e4fflertanz im Rosental<\/h3>\t\t\t\t<\/div>\n\t\t\t\t<\/div>\n\t\t\t\t<div data-dce-title-color=\"#555555\" class=\"elementor-element elementor-element-4e6252c elementor-widget elementor-widget-theme-post-excerpt\" data-id=\"4e6252c\" data-element_type=\"widget\" data-e-type=\"widget\" data-widget_type=\"theme-post-excerpt.default\">\n\t\t\t\t<div class=\"elementor-widget-container\">\n\t\t\t\t\t<p>Am Sonntag, 29. Januar 2023 kamen die Eichst\u00e4tter Sch\u00e4fflert\u00e4nzer ins Rosental und verbreiteten ausgelassene Stimmung. Eigentlich w\u00e4re der alle sieben Jahre stattfindende Tanz bereits 2022 dran gewesen, aber da machte ihnen Corona einen Strich durch die Rechnung. Umso ausgelassener wurde nun gefeiert.Fotos vom Sch\u00e4fflertanz im Rosental findet man hier<\/p>\t\t\t\t<\/div>\n\t\t\t\t<\/div>\n\t\t\t\t\t<\/div>\n\t\t\t\t<\/a>\n\t\t\t\t<\/div>\n\t\t\t\t<div data-elementor-type=\"loop-item\" data-elementor-id=\"693\" class=\"elementor elementor-693 e-loop-item e-loop-item-218 post-218 post type-post status-publish format-standard has-post-thumbnail hentry category-allgemein\" data-elementor-post-type=\"elementor_library\" data-custom-edit-handle=\"1\">\n\t\t\t<a class=\"elementor-element elementor-element-79d8d6d e-transform e-flex e-con-boxed elementor-invisible e-con e-parent\" data-id=\"79d8d6d\" data-element_type=\"container\" data-e-type=\"container\" data-settings=\"{&quot;animation&quot;:&quot;fadeIn&quot;,&quot;_transform_translateY_effect_hover&quot;:{&quot;unit&quot;:&quot;px&quot;,&quot;size&quot;:&quot;-5&quot;,&quot;sizes&quot;:[]},&quot;_transform_translateX_effect_hover&quot;:{&quot;unit&quot;:&quot;px&quot;,&quot;size&quot;:&quot;&quot;,&quot;sizes&quot;:[]},&quot;_transform_translateX_effect_hover_tablet&quot;:{&quot;unit&quot;:&quot;px&quot;,&quot;size&quot;:&quot;&quot;,&quot;sizes&quot;:[]},&quot;_transform_translateX_effect_hover_mobile&quot;:{&quot;unit&quot;:&quot;px&quot;,&quot;size&quot;:&quot;&quot;,&quot;sizes&quot;:[]},&quot;_transform_translateY_effect_hover_tablet&quot;:{&quot;unit&quot;:&quot;px&quot;,&quot;size&quot;:&quot;&quot;,&quot;sizes&quot;:[]},&quot;_transform_translateY_effect_hover_mobile&quot;:{&quot;unit&quot;:&quot;px&quot;,&quot;size&quot;:&quot;&quot;,&quot;sizes&quot;:[]}}\" href=\"https:\/\/www.osfs.eu\/salesianum-rosental\/franz-von-sales-fest-2023\/\">\n\t\t\t\t\t<div class=\"e-con-inner\">\n\t\t\t\t<div class=\"elementor-element elementor-element-c5cdfba elementor-widget elementor-widget-theme-post-featured-image elementor-widget-image\" data-id=\"c5cdfba\" data-element_type=\"widget\" data-e-type=\"widget\" data-widget_type=\"theme-post-featured-image.default\">\n\t\t\t\t<div class=\"elementor-widget-container\">\n\t\t\t\t\t\t\t\t\t\t\t\t\t\t\t<img loading=\"lazy\" decoding=\"async\" width=\"1000\" height=\"564\" src=\"https:\/\/www.osfs.eu\/salesianum-rosental\/wp-content\/uploads\/sites\/8\/2023\/05\/rosental_franzvonsalesfest_2023-01-29_19.jpeg\" class=\"attachment-2048x2048 size-2048x2048 wp-image-215\" alt=\"\" srcset=\"https:\/\/www.osfs.eu\/salesianum-rosental\/wp-content\/uploads\/sites\/8\/2023\/05\/rosental_franzvonsalesfest_2023-01-29_19.jpeg 1000w, https:\/\/www.osfs.eu\/salesianum-rosental\/wp-content\/uploads\/sites\/8\/2023\/05\/rosental_franzvonsalesfest_2023-01-29_19-300x169.jpeg 300w, https:\/\/www.osfs.eu\/salesianum-rosental\/wp-content\/uploads\/sites\/8\/2023\/05\/rosental_franzvonsalesfest_2023-01-29_19-768x433.jpeg 768w\" sizes=\"(max-width: 1000px) 100vw, 1000px\" \/>\t\t\t\t\t\t\t\t\t\t\t\t\t\t\t<\/div>\n\t\t\t\t<\/div>\n\t\t\t\t<div data-dce-text-color=\"#A3A3A3\" class=\"elementor-element elementor-element-906bdc5 elementor-widget elementor-widget-post-info\" data-id=\"906bdc5\" data-element_type=\"widget\" data-e-type=\"widget\" data-widget_type=\"post-info.default\">\n\t\t\t\t<div class=\"elementor-widget-container\">\n\t\t\t\t\t\t\t<ul class=\"elementor-inline-items elementor-icon-list-items elementor-post-info\">\n\t\t\t\t\t\t\t\t<li class=\"elementor-icon-list-item elementor-repeater-item-3f53913 elementor-inline-item\" itemprop=\"datePublished\">\n\t\t\t\t\t\t\t\t\t\t\t\t\t<span class=\"elementor-icon-list-text elementor-post-info__item elementor-post-info__item--type-date\">\n\t\t\t\t\t\t\t\t\t\t<time>Januar 29, 2023<\/time>\t\t\t\t\t<\/span>\n\t\t\t\t\t\t\t\t<\/li>\n\t\t\t\t<\/ul>\n\t\t\t\t\t\t<\/div>\n\t\t\t\t<\/div>\n\t\t\t\t<div data-dce-title-color=\"#555555\" class=\"elementor-element elementor-element-be7483d elementor-widget elementor-widget-theme-post-title elementor-page-title elementor-widget-heading\" data-id=\"be7483d\" data-element_type=\"widget\" data-e-type=\"widget\" data-widget_type=\"theme-post-title.default\">\n\t\t\t\t<div class=\"elementor-widget-container\">\n\t\t\t\t\t<h3 class=\"elementor-heading-title elementor-size-default\">Franz von Sales Fest 2023<\/h3>\t\t\t\t<\/div>\n\t\t\t\t<\/div>\n\t\t\t\t<div data-dce-title-color=\"#555555\" class=\"elementor-element elementor-element-4e6252c elementor-widget elementor-widget-theme-post-excerpt\" data-id=\"4e6252c\" data-element_type=\"widget\" data-e-type=\"widget\" data-widget_type=\"theme-post-excerpt.default\">\n\t\t\t\t<div class=\"elementor-widget-container\">\n\t\t\t\t\t<p>Am Sonntag, 29. Januar 2023 wurde im Salesianum Rosental unter dem Motto: &#8222;\u00dcberwinde die Selbstsucht und tausend Blumen bl\u00fchen auf&#8220; das Franz von Sales Fest gefeiert. Festprediger war Pater Josef Prinz OSFS. Die musikalische Gestaltung \u00fcbernahm der Chor Mittendrin unter der Leitung von Regina Michl. mehrFotos von der Feier findet man hier<\/p>\t\t\t\t<\/div>\n\t\t\t\t<\/div>\n\t\t\t\t\t<\/div>\n\t\t\t\t<\/a>\n\t\t\t\t<\/div>\n\t\t\t\t<div data-elementor-type=\"loop-item\" data-elementor-id=\"693\" class=\"elementor elementor-693 e-loop-item e-loop-item-220 post-220 post type-post status-publish format-standard has-post-thumbnail hentry category-allgemein\" data-elementor-post-type=\"elementor_library\" data-custom-edit-handle=\"1\">\n\t\t\t<a class=\"elementor-element elementor-element-79d8d6d e-transform e-flex e-con-boxed elementor-invisible e-con e-parent\" data-id=\"79d8d6d\" data-element_type=\"container\" data-e-type=\"container\" data-settings=\"{&quot;animation&quot;:&quot;fadeIn&quot;,&quot;_transform_translateY_effect_hover&quot;:{&quot;unit&quot;:&quot;px&quot;,&quot;size&quot;:&quot;-5&quot;,&quot;sizes&quot;:[]},&quot;_transform_translateX_effect_hover&quot;:{&quot;unit&quot;:&quot;px&quot;,&quot;size&quot;:&quot;&quot;,&quot;sizes&quot;:[]},&quot;_transform_translateX_effect_hover_tablet&quot;:{&quot;unit&quot;:&quot;px&quot;,&quot;size&quot;:&quot;&quot;,&quot;sizes&quot;:[]},&quot;_transform_translateX_effect_hover_mobile&quot;:{&quot;unit&quot;:&quot;px&quot;,&quot;size&quot;:&quot;&quot;,&quot;sizes&quot;:[]},&quot;_transform_translateY_effect_hover_tablet&quot;:{&quot;unit&quot;:&quot;px&quot;,&quot;size&quot;:&quot;&quot;,&quot;sizes&quot;:[]},&quot;_transform_translateY_effect_hover_mobile&quot;:{&quot;unit&quot;:&quot;px&quot;,&quot;size&quot;:&quot;&quot;,&quot;sizes&quot;:[]}}\" href=\"https:\/\/www.osfs.eu\/salesianum-rosental\/geburtstag-von-angela-baumgartner\/\">\n\t\t\t\t\t<div class=\"e-con-inner\">\n\t\t\t\t<div class=\"elementor-element elementor-element-c5cdfba elementor-widget elementor-widget-theme-post-featured-image elementor-widget-image\" data-id=\"c5cdfba\" data-element_type=\"widget\" data-e-type=\"widget\" data-widget_type=\"theme-post-featured-image.default\">\n\t\t\t\t<div class=\"elementor-widget-container\">\n\t\t\t\t\t\t\t\t\t\t\t\t\t\t\t<img loading=\"lazy\" decoding=\"async\" width=\"1000\" height=\"563\" src=\"https:\/\/www.osfs.eu\/salesianum-rosental\/wp-content\/uploads\/sites\/8\/2023\/05\/rosental_60geburtstag-angela-baumgartner_2023-01-24_06.jpeg\" class=\"attachment-2048x2048 size-2048x2048 wp-image-216\" alt=\"\" srcset=\"https:\/\/www.osfs.eu\/salesianum-rosental\/wp-content\/uploads\/sites\/8\/2023\/05\/rosental_60geburtstag-angela-baumgartner_2023-01-24_06.jpeg 1000w, https:\/\/www.osfs.eu\/salesianum-rosental\/wp-content\/uploads\/sites\/8\/2023\/05\/rosental_60geburtstag-angela-baumgartner_2023-01-24_06-300x169.jpeg 300w, https:\/\/www.osfs.eu\/salesianum-rosental\/wp-content\/uploads\/sites\/8\/2023\/05\/rosental_60geburtstag-angela-baumgartner_2023-01-24_06-768x432.jpeg 768w\" sizes=\"(max-width: 1000px) 100vw, 1000px\" \/>\t\t\t\t\t\t\t\t\t\t\t\t\t\t\t<\/div>\n\t\t\t\t<\/div>\n\t\t\t\t<div data-dce-text-color=\"#A3A3A3\" class=\"elementor-element elementor-element-906bdc5 elementor-widget elementor-widget-post-info\" data-id=\"906bdc5\" data-element_type=\"widget\" data-e-type=\"widget\" data-widget_type=\"post-info.default\">\n\t\t\t\t<div class=\"elementor-widget-container\">\n\t\t\t\t\t\t\t<ul class=\"elementor-inline-items elementor-icon-list-items elementor-post-info\">\n\t\t\t\t\t\t\t\t<li class=\"elementor-icon-list-item elementor-repeater-item-3f53913 elementor-inline-item\" itemprop=\"datePublished\">\n\t\t\t\t\t\t\t\t\t\t\t\t\t<span class=\"elementor-icon-list-text elementor-post-info__item elementor-post-info__item--type-date\">\n\t\t\t\t\t\t\t\t\t\t<time>Januar 24, 2023<\/time>\t\t\t\t\t<\/span>\n\t\t\t\t\t\t\t\t<\/li>\n\t\t\t\t<\/ul>\n\t\t\t\t\t\t<\/div>\n\t\t\t\t<\/div>\n\t\t\t\t<div data-dce-title-color=\"#555555\" class=\"elementor-element elementor-element-be7483d elementor-widget elementor-widget-theme-post-title elementor-page-title elementor-widget-heading\" data-id=\"be7483d\" data-element_type=\"widget\" data-e-type=\"widget\" data-widget_type=\"theme-post-title.default\">\n\t\t\t\t<div class=\"elementor-widget-container\">\n\t\t\t\t\t<h3 class=\"elementor-heading-title elementor-size-default\">Geburtstag von Angela Baumgartner<\/h3>\t\t\t\t<\/div>\n\t\t\t\t<\/div>\n\t\t\t\t<div data-dce-title-color=\"#555555\" class=\"elementor-element elementor-element-4e6252c elementor-widget elementor-widget-theme-post-excerpt\" data-id=\"4e6252c\" data-element_type=\"widget\" data-e-type=\"widget\" data-widget_type=\"theme-post-excerpt.default\">\n\t\t\t\t<div class=\"elementor-widget-container\">\n\t\t\t\t\t<p>Am Dienstag, 24. Januar 2023 wurde der 60. Geburtstag der langj\u00e4hrigen Angestellten Angela Baumgartner gefeiert. Herzlichen Gl\u00fcckwunsch und Gottes Segen.Fotos von der Feier findet man &gt;&gt;&gt;hier&#8230;<\/p>\t\t\t\t<\/div>\n\t\t\t\t<\/div>\n\t\t\t\t\t<\/div>\n\t\t\t\t<\/a>\n\t\t\t\t<\/div>\n\t\t\t\t<\/div>\n\t\t\t\t\t<span class=\"e-load-more-spinner\">\n\t\t\t\t<i aria-hidden=\"true\" class=\"fas fa-spinner\"><\/i>\t\t\t<\/span>\n\t\t\n\t\t\t\t\t\t<\/div>\n\t\t\t\t<\/div>\n\t\t\t\t\t<\/div>\n\t\t\t\t<\/div>\n\t\t\t\t<\/div>\n\t\t","protected":false},"excerpt":{"rendered":"","protected":false},"author":4,"featured_media":0,"parent":0,"menu_order":0,"comment_status":"closed","ping_status":"closed","template":"","meta":{"_acf_changed":false,"footnotes":""},"class_list":["post-54","page","type-page","status-publish","hentry"],"acf":[],"publishpress_future_workflow_manual_trigger":{"enabledWorkflows":[]},"_links":{"self":[{"href":"https:\/\/www.osfs.eu\/salesianum-rosental\/wp-json\/wp\/v2\/pages\/54","targetHints":{"allow":["GET"]}}],"collection":[{"href":"https:\/\/www.osfs.eu\/salesianum-rosental\/wp-json\/wp\/v2\/pages"}],"about":[{"href":"https:\/\/www.osfs.eu\/salesianum-rosental\/wp-json\/wp\/v2\/types\/page"}],"author":[{"embeddable":true,"href":"https:\/\/www.osfs.eu\/salesianum-rosental\/wp-json\/wp\/v2\/users\/4"}],"replies":[{"embeddable":true,"href":"https:\/\/www.osfs.eu\/salesianum-rosental\/wp-json\/wp\/v2\/comments?post=54"}],"version-history":[{"count":46,"href":"https:\/\/www.osfs.eu\/salesianum-rosental\/wp-json\/wp\/v2\/pages\/54\/revisions"}],"predecessor-version":[{"id":922,"href":"https:\/\/www.osfs.eu\/salesianum-rosental\/wp-json\/wp\/v2\/pages\/54\/revisions\/922"}],"wp:attachment":[{"href":"https:\/\/www.osfs.eu\/salesianum-rosental\/wp-json\/wp\/v2\/media?parent=54"}],"curies":[{"name":"wp","href":"https:\/\/api.w.org\/{rel}","templated":true}]}}